{"id":49376,"date":"2026-04-01T08:54:18","date_gmt":"2026-04-01T08:54:18","guid":{"rendered":"https:\/\/wydawnictwo.ug.edu.pl\/ksiegarnia-online\/uncategorized\/przezycia-i-podroze-na-drodze-poznawania-wlasnego-ja-2\/"},"modified":"2026-04-01T08:55:21","modified_gmt":"2026-04-01T08:55:21","slug":"przezycia-i-podroze-na-drodze-poznawania-wlasnego-ja-2","status":"publish","type":"product","link":"https:\/\/wydawnictwo.ug.edu.pl\/en\/ksiegarnia-online\/literatura-piekna\/przezycia-i-podroze-na-drodze-poznawania-wlasnego-ja-2\/","title":{"rendered":"Prze\u017cycia i podr\u00f3\u017ce. Na drodze poznawania w\u0142asnego ja"},"content":{"rendered":"","protected":false},"excerpt":{"rendered":"<p>To wszystko, co mamy na co dzie\u0144, te ma\u0142e rzeczy, s\u0105 \u017ar\u00f3d\u0142em pi\u0119kna naszego \u017cycia. Niegdy\u015b my\u015bla\u0142am, \u017ce aby czu\u0107 si\u0119 wyj\u0105tkowo, powinnam by\u0107 gdzie\u015b daleko w podr\u00f3\u017cy, w pi\u0119knej scenerii. Z czasem dostrzeg\u0142am, \u017ce poza sam\u0105 podr\u00f3\u017c\u0105 wspania\u0142e lekcje nios\u0105 z sob\u0105 powroty. Z ka\u017cdej podr\u00f3\u017cy co\u015b ze sob\u0105 przywozi\u0142am do domu i uczy\u0142am si\u0119 to wykorzystywa\u0107 ju\u017c tu, na miejscu. To co\u015b, to by\u0142o nowe do\u015bwiadczenie. Nigdy wcze\u015bniej nie doceni\u0142am tak rze\u015bkiego powietrza, jak po powrocie z tropik\u00f3w. Nigdy wcze\u015bniej nie cieszy\u0142am si\u0119 tak lekko\u015bci\u0105 i nie mia\u0142am tak umi\u0119\u015bnionych \u0142ydek, jak po powrocie z Camino, gdzie dzie\u0144 po dniu w\u0119drowa\u0142am z ci\u0119\u017ckim plecakiem. Nigdy wcze\u015bniej nie by\u0142am tak wdzi\u0119czna za zwyczajny, rutynowy dzie\u0144, jak po powrocie z podr\u00f3\u017cy, w kt\u00f3rej ka\u017cdy dzie\u0144 by\u0142 inny, w innym miejscu, w\u015br\u00f3d innych ludzi, co noc w innym \u0142\u00f3\u017cku. Podr\u00f3\u017ce uczy\u0142y mnie cieszenia si\u0119 codzienno\u015bci\u0105, w kt\u00f3rej \u017cy\u0142am wi\u0119kszo\u015b\u0107 czasu. W pewnym momencie zrozumia\u0142am, \u017ce te du\u017ce rzeczy daj\u0105 nam uczucie ekscytacji, dostarczaj\u0105 wielu wra\u017ce\u0144, chwilowy zastrzyk endorfin, ale te\u017c szybko si\u0119 ko\u0144cz\u0105, ulatuj\u0105, pozostawiaj\u0105c po sobie cie\u0144 wspomnie\u0144. Z kolei te ma\u0142e rzeczy, dane nam na co dzie\u0144, tworz\u0105 nasz\u0105 przestrze\u0144. Mo\u017cemy by\u0107 nimi znudzeni, nie dostrzega\u0107 r\u00f3\u017cnic. Mo\u017cemy te\u017c odkrywa\u0107 je na nowo, odczuwa\u0107 wdzi\u0119czno\u015b\u0107 za nie, przygl\u0105da\u0107 si\u0119 im, przede wszystkim do\u015bwiadcza\u0107 tego wszystkiego, co daje nam ziemia.<\/p>\n<p>Gdy zacz\u0119\u0142am uwalnia\u0107 swoje blokady, zrozumia\u0142am wreszcie, \u017ce sama jestem odpowiedzialna za swoje szcz\u0119\u015bcie, a w tym wypadku, za nieszcz\u0119\u015bcie. Zrozumia\u0142am te\u017c, \u017ce nikt wi\u0119cej nie ma prawa mnie zrani\u0107, gdy\u017c ostatnie s\u0142owo zawsze b\u0119dzie nale\u017ca\u0142o do mnie. (\u2026) By\u0142o to dla mnie tak w\u00f3wczas silne do\u015bwiadczenie, \u017ce zrobi\u0142am sobie z tej okazji tatua\u017c \u2013 kwiat Wenus, by zawsze ju\u017c przypomina\u0142 mi, \u017ce je\u015bli poczuj\u0119 si\u0119 nieszcz\u0119\u015bliwa czy skrzywdzona, to dlatego, \u017ce sama tego potrzebuj\u0119 do swojego rozwoju, a nie dlatego, \u017ce kto\u015b mi to zrobi\u0142! I na odwr\u00f3t. Je\u015bli b\u0119d\u0119 emanowa\u0107 szcz\u0119\u015bciem, to znaczy, \u017ce uczyni\u0142am swoje \u017cycie szcz\u0119\u015bliwym, a nie dla \u2013 tego, \u017ce kto\u015b mnie uszcz\u0119\u015bliwi\u0142. (\u2026) M\u00f3j kwiat Wenus wyra\u017ca w\u0142asne wyzwolenie z cierpienia, na kt\u00f3re si\u0119 skazywa\u0142am i wskazuje, \u017ce sama decyduj\u0119 o w\u0142asnym losie. Ten tatua\u017c jest w\u0142a\u015bnie pewnego rodzaju zmian\u0105 w wygl\u0105dzie, kt\u00f3rej dokona\u0142am z pe\u0142nym uczuciem samoakceptacji i wewn\u0119trznej troski o siebie. Co wi\u0119cej, by\u0142 to dla mnie r\u00f3wnie\u017c punkt zwrotny w moim \u017cyciu.<\/p>\n<p><em>Adrianna Baran<\/em><\/p>\n","protected":false},"featured_media":22360,"template":"","meta":{"_acf_changed":false},"journal":[],"rodzaj":[7074],"seria":[],"product_brand":[],"product_cat":[6979],"product_tag":[7659],"class_list":{"0":"post-49376","1":"product","2":"type-product","3":"status-publish","4":"has-post-thumbnail","6":"rodzaj-ksiazki","7":"product_cat-literatura-piekna","8":"product_tag-adrianna-baranadrianna-baran","10":"first","11":"instock","12":"taxable","13":"shipping-taxable","14":"purchasable","15":"product-type-simple"},"acf":[],"_links":{"self":[{"href":"https:\/\/wydawnictwo.ug.edu.pl\/en\/wp-json\/wp\/v2\/product\/49376","targetHints":{"allow":["GET"]}}],"collection":[{"href":"https:\/\/wydawnictwo.ug.edu.pl\/en\/wp-json\/wp\/v2\/product"}],"about":[{"href":"https:\/\/wydawnictwo.ug.edu.pl\/en\/wp-json\/wp\/v2\/types\/product"}],"wp:featuredmedia":[{"embeddable":true,"href":"https:\/\/wydawnictwo.ug.edu.pl\/en\/wp-json\/wp\/v2\/media\/22360"}],"wp:attachment":[{"href":"https:\/\/wydawnictwo.ug.edu.pl\/en\/wp-json\/wp\/v2\/media?parent=49376"}],"wp:term":[{"taxonomy":"journal","embeddable":true,"href":"https:\/\/wydawnictwo.ug.edu.pl\/en\/wp-json\/wp\/v2\/journal?post=49376"},{"taxonomy":"rodzaj","embeddable":true,"href":"https:\/\/wydawnictwo.ug.edu.pl\/en\/wp-json\/wp\/v2\/rodzaj?post=49376"},{"taxonomy":"seria","embeddable":true,"href":"https:\/\/wydawnictwo.ug.edu.pl\/en\/wp-json\/wp\/v2\/seria?post=49376"},{"taxonomy":"product_brand","embeddable":true,"href":"https:\/\/wydawnictwo.ug.edu.pl\/en\/wp-json\/wp\/v2\/product_brand?post=49376"},{"taxonomy":"product_cat","embeddable":true,"href":"https:\/\/wydawnictwo.ug.edu.pl\/en\/wp-json\/wp\/v2\/product_cat?post=49376"},{"taxonomy":"product_tag","embeddable":true,"href":"https:\/\/wydawnictwo.ug.edu.pl\/en\/wp-json\/wp\/v2\/product_tag?post=49376"}],"curies":[{"name":"wp","href":"https:\/\/api.w.org\/{rel}","templated":true}]}}