{"id":46990,"date":"2014-11-30T00:00:00","date_gmt":"2014-11-30T00:00:00","guid":{"rendered":"https:\/\/wydawnictwo.ug.edu.pl\/ksiegarnia-online\/uncategorized\/wyklad-prawa-ochrony-zabytkow\/"},"modified":"2026-02-11T16:28:50","modified_gmt":"2026-02-11T16:28:50","slug":"wyklad-prawa-ochrony-zabytkow","status":"publish","type":"product","link":"https:\/\/wydawnictwo.ug.edu.pl\/en\/ksiegarnia-online\/prawo-i-administracja\/wyklad-prawa-ochrony-zabytkow\/","title":{"rendered":"Wyk\u0142ad prawa ochrony zabytk\u00f3w"},"content":{"rendered":"","protected":false},"excerpt":{"rendered":"<p>W ostatniej dekadzie dostrzegalny jest zintensyfikowany rozw\u00f3j kompleksowej ga\u0142\u0119zi prawa ochrony dziedzictwa kultury. Rozwijaj\u0105 si\u0119 studia i badania, coraz wi\u0119cej os\u00f3b przygotowuje prace magisterskie i dysertacje doktorskie na ten temat, ukszta\u0142towa\u0142o si\u0119 ca\u0142e \u015brodowisko prawnik\u00f3w zajmuj\u0105cych si\u0119 prawem ochrony dziedzictwa kultury. Co\u015b, co jeszcze kilkadziesi\u0105t lat temu by\u0142o domen\u0105 kilku wybitnych specjalist\u00f3w, takich jak \u015bp. profesor Jan Pruszy\u0144ski, dzi\u015b jest znakomicie rozwijaj\u0105c\u0105 si\u0119 dziedzin\u0105, kt\u00f3rej przy\u015bwieca jeden praktyczny cel \u2013 we wsp\u00f3\u0142czesnym i zr\u00f3\u017cnicowanym \u015bwiecie, gdzie w nowoczesnych pa\u0144stwach demokratycznych toczony jest nieprzerwany dyskurs warto\u015bci, konieczne jest takie wa\u017cenie interes\u00f3w, aby zachowa\u0107 dziedzictwo kultury w jak najlepszym stanie dla kolejnych pokole\u0144.<\/p>\n<p>Lata pracy i refleksji nad tytu\u0142ow\u0105 problematyk\u0105 da\u0142y Autorom poczucie wagi opisywanego zagadnienia dla ochrony dziedzictwa kultury w og\u00f3lno\u015bci; uzmys\u0142owi\u0142y te\u017c, \u017ce podstawowe cho\u0107by przygotowanie prawne jest niezb\u0119dne, aby radzi\u0107 sobie z wyzwaniami i problemami, przed kt\u00f3rymi staje osoba zajmuj\u0105ca si\u0119 ochron\u0105 zabytk\u00f3w lub opiek\u0105 nad nimi. Dotyczy to zar\u00f3wno konserwator\u00f3w maj\u0105cych wyda\u0107 decyzj\u0119 administracyjn\u0105,\u00a0 jak i w\u0142a\u015bcicieli pragn\u0105cych podj\u0105\u0107 dzia\u0142ania przy zabytku stanowi\u0105cym przedmiot ich w\u0142asno\u015bci. Niniejsza ksi\u0105\u017cka stanowi swoiste kompendium wiedzy\u00a0 na temat ochrony zabytk\u00f3w w Polsce, a zarazem jest podr\u0119cznikiem adresowanym zar\u00f3wno do student\u00f3w prawa i administracji, jak i historii sztuki, konserwatorstwa, archeologii, architektury i urbanistyki oraz innych,\u00a0 kt\u00f3rych przygotowanie zawodowe wymaga znajomo\u015bci prawa ochrony\u00a0 zabytk\u00f3w.<\/p>\n","protected":false},"featured_media":15771,"template":"","meta":{"_acf_changed":false},"journal":[],"rodzaj":[7074,7075,7076],"seria":[7078],"product_brand":[],"product_cat":[6932],"product_tag":[7413,8302],"class_list":{"0":"post-46990","1":"product","2":"type-product","3":"status-publish","4":"has-post-thumbnail","6":"rodzaj-ksiazki","7":"rodzaj-e-book","8":"rodzaj-serie-wydawnicze","9":"seria-biblioteka-prawa-ochrony-zabytkow","10":"product_cat-prawo-i-administracja","11":"product_tag-kamil-zeidlerkamil-zeidler","12":"product_tag-katarzyna-zalasinska","13":"pa_rok-wydania-2015-en","15":"first","16":"instock","17":"taxable","18":"shipping-taxable","19":"purchasable","20":"product-type-external"},"acf":[],"_links":{"self":[{"href":"https:\/\/wydawnictwo.ug.edu.pl\/en\/wp-json\/wp\/v2\/product\/46990","targetHints":{"allow":["GET"]}}],"collection":[{"href":"https:\/\/wydawnictwo.ug.edu.pl\/en\/wp-json\/wp\/v2\/product"}],"about":[{"href":"https:\/\/wydawnictwo.ug.edu.pl\/en\/wp-json\/wp\/v2\/types\/product"}],"wp:featuredmedia":[{"embeddable":true,"href":"https:\/\/wydawnictwo.ug.edu.pl\/en\/wp-json\/wp\/v2\/media\/15771"}],"wp:attachment":[{"href":"https:\/\/wydawnictwo.ug.edu.pl\/en\/wp-json\/wp\/v2\/media?parent=46990"}],"wp:term":[{"taxonomy":"journal","embeddable":true,"href":"https:\/\/wydawnictwo.ug.edu.pl\/en\/wp-json\/wp\/v2\/journal?post=46990"},{"taxonomy":"rodzaj","embeddable":true,"href":"https:\/\/wydawnictwo.ug.edu.pl\/en\/wp-json\/wp\/v2\/rodzaj?post=46990"},{"taxonomy":"seria","embeddable":true,"href":"https:\/\/wydawnictwo.ug.edu.pl\/en\/wp-json\/wp\/v2\/seria?post=46990"},{"taxonomy":"product_brand","embeddable":true,"href":"https:\/\/wydawnictwo.ug.edu.pl\/en\/wp-json\/wp\/v2\/product_brand?post=46990"},{"taxonomy":"product_cat","embeddable":true,"href":"https:\/\/wydawnictwo.ug.edu.pl\/en\/wp-json\/wp\/v2\/product_cat?post=46990"},{"taxonomy":"product_tag","embeddable":true,"href":"https:\/\/wydawnictwo.ug.edu.pl\/en\/wp-json\/wp\/v2\/product_tag?post=46990"}],"curies":[{"name":"wp","href":"https:\/\/api.w.org\/{rel}","templated":true}]}}