{"id":46935,"date":"2016-11-30T00:00:00","date_gmt":"2016-11-30T00:00:00","guid":{"rendered":"https:\/\/wydawnictwo.ug.edu.pl\/ksiegarnia-online\/uncategorized\/dekret-rady-regencyjnej-z-1918-r-o-opiece-nad-zabytkami-sztuki-i-kultury-z-komentarzem-czyli-eseje-o-prawie-ochrony-dziedzictwa-kultury\/"},"modified":"2026-02-11T16:16:01","modified_gmt":"2026-02-11T16:16:01","slug":"dekret-rady-regencyjnej-z-1918-r-o-opiece-nad-zabytkami-sztuki-i-kultury-z-komentarzem-czyli-eseje-o-prawie-ochrony-dziedzictwa-kultury","status":"publish","type":"product","link":"https:\/\/wydawnictwo.ug.edu.pl\/en\/ksiegarnia-online\/prawo-i-administracja\/dekret-rady-regencyjnej-z-1918-r-o-opiece-nad-zabytkami-sztuki-i-kultury-z-komentarzem-czyli-eseje-o-prawie-ochrony-dziedzictwa-kultury\/","title":{"rendered":"Dekret Rady Regencyjnej z 1918 r. o opiece nad zabytkami sztuki i kultury z komentarzem, czyli eseje o prawie ochrony dziedzictwa kultury"},"content":{"rendered":"","protected":false},"excerpt":{"rendered":"<p>Powsta\u0142e z okazji setnej rocznicy wydania\u00a0<em>Dekretu Rady Regencyjnej z 1918 r. o opiece nad zabytkami sztuki i \u00a0kultury<\/em>\u00a0opracowanie stanowi zbi\u00f3r esej\u00f3w uznanych badaczy w \u00a0zakresie prawa ochrony zabytk\u00f3w i jest qasi-komentarzem. Ksi\u0105\u017cka ta nie jest bowiem klasycznym prawniczym komentarzem do aktu normatywnego, bowiem \u2013 jak zauwa\u017cyli redaktorzy naukowi ksi\u0105\u017cki \u2013 w\u0105tpliwy jest sens przygotowywania takowego do aktu ju\u017c nieobowi\u0105zuj\u0105cego. Do ka\u017cdego kolejnego artyku\u0142u zosta\u0142 napisany autorski esej, do kt\u00f3rego zaledwie przyczynkiem jest dany przepis dekretu \u2013 esej wychodzi od tej w\u0142a\u015bnie tematyki, kt\u00f3ra w danym przepisie jest uregulowana. Autorzy dziel\u0105 si\u0119 z czytelnikami swoj\u0105 wiedz\u0105 i przemy\u015bleniami, do\u015bwiadczeniem i opiniami.<\/p>\n","protected":false},"featured_media":14666,"template":"","meta":{"_acf_changed":false},"journal":[],"rodzaj":[7076],"seria":[7078],"product_brand":[],"product_cat":[6932],"product_tag":[7413,8228],"class_list":{"0":"post-46935","1":"product","2":"type-product","3":"status-publish","4":"has-post-thumbnail","6":"rodzaj-serie-wydawnicze","7":"seria-biblioteka-prawa-ochrony-zabytkow","8":"product_cat-prawo-i-administracja","9":"product_tag-kamil-zeidlerkamil-zeidler","10":"product_tag-magdalena-marcinkowskamagdalena-marcinkowskamagdalena-marcinkowskamagdalena-marcinkowska","11":"pa_rok-wydania-2017-en","13":"first","14":"outofstock","15":"taxable","16":"shipping-taxable","17":"product-type-simple"},"acf":[],"_links":{"self":[{"href":"https:\/\/wydawnictwo.ug.edu.pl\/en\/wp-json\/wp\/v2\/product\/46935","targetHints":{"allow":["GET"]}}],"collection":[{"href":"https:\/\/wydawnictwo.ug.edu.pl\/en\/wp-json\/wp\/v2\/product"}],"about":[{"href":"https:\/\/wydawnictwo.ug.edu.pl\/en\/wp-json\/wp\/v2\/types\/product"}],"wp:featuredmedia":[{"embeddable":true,"href":"https:\/\/wydawnictwo.ug.edu.pl\/en\/wp-json\/wp\/v2\/media\/14666"}],"wp:attachment":[{"href":"https:\/\/wydawnictwo.ug.edu.pl\/en\/wp-json\/wp\/v2\/media?parent=46935"}],"wp:term":[{"taxonomy":"journal","embeddable":true,"href":"https:\/\/wydawnictwo.ug.edu.pl\/en\/wp-json\/wp\/v2\/journal?post=46935"},{"taxonomy":"rodzaj","embeddable":true,"href":"https:\/\/wydawnictwo.ug.edu.pl\/en\/wp-json\/wp\/v2\/rodzaj?post=46935"},{"taxonomy":"seria","embeddable":true,"href":"https:\/\/wydawnictwo.ug.edu.pl\/en\/wp-json\/wp\/v2\/seria?post=46935"},{"taxonomy":"product_brand","embeddable":true,"href":"https:\/\/wydawnictwo.ug.edu.pl\/en\/wp-json\/wp\/v2\/product_brand?post=46935"},{"taxonomy":"product_cat","embeddable":true,"href":"https:\/\/wydawnictwo.ug.edu.pl\/en\/wp-json\/wp\/v2\/product_cat?post=46935"},{"taxonomy":"product_tag","embeddable":true,"href":"https:\/\/wydawnictwo.ug.edu.pl\/en\/wp-json\/wp\/v2\/product_tag?post=46935"}],"curies":[{"name":"wp","href":"https:\/\/api.w.org\/{rel}","templated":true}]}}