{"id":46876,"date":"2018-11-30T00:00:00","date_gmt":"2018-11-30T00:00:00","guid":{"rendered":"https:\/\/wydawnictwo.ug.edu.pl\/ksiegarnia-online\/uncategorized\/lekcja-anatomii-u-hansa-memlinga\/"},"modified":"2026-02-11T15:40:19","modified_gmt":"2026-02-11T15:40:19","slug":"lekcja-anatomii-u-hansa-memlinga","status":"publish","type":"product","link":"https:\/\/wydawnictwo.ug.edu.pl\/en\/ksiegarnia-online\/historia-sztuki-i-kulturoznawstwo\/lekcja-anatomii-u-hansa-memlinga\/","title":{"rendered":"Lekcja anatomii u Hansa Memlinga"},"content":{"rendered":"","protected":false},"excerpt":{"rendered":"<p><em>S\u0105d Ostateczny<\/em>\u00a0Hansa Memlinga jest dzie\u0142em fascynuj\u0105cym i intryguj\u0105cym, a jednocze\u015bnie mimo wielu prac mu po\u015bwi\u0119conych wci\u0105\u017c nie do ko\u0144ca odkrytym, tajemniczym. Otwiera tak wiele w\u0105tk\u00f3w badawczych, \u017ce nie mo\u017cna ich obj\u0105\u0107, odwo\u0142uj\u0105c si\u0119 do jednej tylko dziedziny wiedzy. Jako jeden z najwi\u0119kszych skarb\u00f3w polskiego dziedzictwa zas\u0142uguje na nasz\u0105 szczeg\u00f3ln\u0105 uwag\u0119, natomiast jako dzie\u0142o, kt\u00f3rego historia \u015bci\u015ble wi\u0105\u017ce si\u0119 z Gda\u0144skiem, zajmuje wa\u017cne miejsce przede wszystkim w pami\u0119ci i sercach gda\u0144szczan. W\u015br\u00f3d nich jest gda\u0144szczanin Jerzy Jankau, chirurg plastyk, kt\u00f3ry zafascynowa\u0142 si\u0119 tryptykiem Memlinga ponad 20 lat temu i spojrza\u0142 na niego okiem lekarza i anatoma, i cho\u0107 podczas swoich analiz wykry\u0142 wiele b\u0142\u0119d\u00f3w anatomicznych w budowie postaci, to zachowa\u0142 niezmienny szacunek wobec dzie\u0142a malarza, pozostaj\u0105c pod ogromnym jego wra\u017ceniem.<\/p>\n<p>***<\/p>\n<p>Ksi\u0105\u017cka Profesora Jerzego Jankaua jest z kilku wzgl\u0119d\u00f3w wyj\u0105tkowa. Warto tu wspomnie\u0107 o jednym jej szczeg\u00f3lnym atucie. Ot\u00f3\u017c rozw\u00f3j nauki dokonuje si\u0119 dzi\u015b cz\u0119sto w\u0142a\u015bnie na granicach, w interdyscyplinarno\u015bci, w multidyscyplinarno\u015bci. Cho\u0107 nauki medyczne i nauki o sztuce, nauki o pi\u0119knie wydaj\u0105 si\u0119 jak\u017ce odleg\u0142e, to autor pokazuje, \u017ce maj\u0105 one ze sob\u0105 wiele wsp\u00f3lnego; wi\u0119cej ni\u017c w pierwszej chwili mog\u0142oby si\u0119 nam wydawa\u0107. To nowoczesne uj\u0119cie, ale jednocze\u015bnie nawi\u0105zuj\u0105ce do najwspanialszych nazwisk w dziejach sztuki, tych mistrz\u00f3w, kt\u00f3rzy w poszukiwaniu doskona\u0142o\u015bci dzie\u0142a si\u0119gali do studi\u00f3w anatomicznych. Kierunek narracji jest jednak w ksi\u0105\u017cce odwrotny \u2013 to medyk spogl\u0105da analitycznie na dzie\u0142o wielkiego mistrza. Autor w ksi\u0105\u017cce\u00a0<em>Lekcja anatomii u Hansa Memlinga<\/em>\u00a0pokazuje, \u017ce jest to uj\u0119cie niezwykle ciekawe i inspiruj\u0105ce.<\/p>\n<p><em>Z recenzji prof. Kamila Zeidlera<\/em><\/p>\n<p><a href=\"https:\/\/audycje.tokfm.pl\/podcast\/79634,Chirurg-plastyk-patrzy-na-obraz-Hansa-Memlinga\"><strong>Audycja o ksi\u0105\u017cce w TOK FM<\/strong><\/a><\/p>\n","protected":false},"featured_media":15391,"template":"","meta":{"_acf_changed":false},"journal":[],"rodzaj":[2602],"seria":[],"product_brand":[],"product_cat":[263],"product_tag":[656],"class_list":{"0":"post-46876","1":"product","2":"type-product","3":"status-publish","4":"has-post-thumbnail","6":"rodzaj-ksiazki","7":"product_cat-historia-sztuki-i-kulturoznawstwo","8":"product_tag-jerzy-jankau","10":"first","11":"instock","12":"taxable","13":"shipping-taxable","14":"purchasable","15":"product-type-simple"},"acf":[],"_links":{"self":[{"href":"https:\/\/wydawnictwo.ug.edu.pl\/en\/wp-json\/wp\/v2\/product\/46876","targetHints":{"allow":["GET"]}}],"collection":[{"href":"https:\/\/wydawnictwo.ug.edu.pl\/en\/wp-json\/wp\/v2\/product"}],"about":[{"href":"https:\/\/wydawnictwo.ug.edu.pl\/en\/wp-json\/wp\/v2\/types\/product"}],"wp:featuredmedia":[{"embeddable":true,"href":"https:\/\/wydawnictwo.ug.edu.pl\/en\/wp-json\/wp\/v2\/media\/15391"}],"wp:attachment":[{"href":"https:\/\/wydawnictwo.ug.edu.pl\/en\/wp-json\/wp\/v2\/media?parent=46876"}],"wp:term":[{"taxonomy":"journal","embeddable":true,"href":"https:\/\/wydawnictwo.ug.edu.pl\/en\/wp-json\/wp\/v2\/journal?post=46876"},{"taxonomy":"rodzaj","embeddable":true,"href":"https:\/\/wydawnictwo.ug.edu.pl\/en\/wp-json\/wp\/v2\/rodzaj?post=46876"},{"taxonomy":"seria","embeddable":true,"href":"https:\/\/wydawnictwo.ug.edu.pl\/en\/wp-json\/wp\/v2\/seria?post=46876"},{"taxonomy":"product_brand","embeddable":true,"href":"https:\/\/wydawnictwo.ug.edu.pl\/en\/wp-json\/wp\/v2\/product_brand?post=46876"},{"taxonomy":"product_cat","embeddable":true,"href":"https:\/\/wydawnictwo.ug.edu.pl\/en\/wp-json\/wp\/v2\/product_cat?post=46876"},{"taxonomy":"product_tag","embeddable":true,"href":"https:\/\/wydawnictwo.ug.edu.pl\/en\/wp-json\/wp\/v2\/product_tag?post=46876"}],"curies":[{"name":"wp","href":"https:\/\/api.w.org\/{rel}","templated":true}]}}