{"id":46865,"date":"2018-11-30T00:00:00","date_gmt":"2018-11-30T00:00:00","guid":{"rendered":"https:\/\/wydawnictwo.ug.edu.pl\/ksiegarnia-online\/uncategorized\/polskie-tradycje-ezoteryczne-1890-1939-tom-iii-masoneria\/"},"modified":"2026-02-11T15:43:46","modified_gmt":"2026-02-11T15:43:46","slug":"polskie-tradycje-ezoteryczne-1890-1939-tom-iii-masoneria","status":"publish","type":"product","link":"https:\/\/wydawnictwo.ug.edu.pl\/en\/ksiegarnia-online\/literaturoznawstwo\/polskie-tradycje-ezoteryczne-1890-1939-tom-iii-masoneria\/","title":{"rendered":"Polskie Tradycje Ezoteryczne 1890\u20131939. Tom III. Masoneria"},"content":{"rendered":"","protected":false},"excerpt":{"rendered":"<p>Oddajemy w r\u0119ce czytelnik\u00f3w trzeci z czterech tom\u00f3w specjalnego wydania serii \u201e\u015awiat\u0142o i Ciemno\u015b\u0107&#8221;, ukazuj\u0105cego si\u0119 pod wsp\u00f3lnym tytu\u0142em\u00a0<em>Polskie tradycje ezoteryczne 1890-1939<\/em>. Cykl obejmuje studia na temat dziej\u00f3w polskiego ezoteryzmu, pocz\u0105wszy od schy\u0142ku XIX wieku a\u017c po wybuch II wojny \u015bwiatowej. Intencj\u0105 jego autor\u00f3w by\u0142o przedstawienie najwa\u017cniejszych aspekt\u00f3w dzia\u0142alno\u015bci polskich przedwojennych \u015brodowisk ezoterycznych. Te pionierskie, zespo\u0142owe badania, prowadzone w latach 2016-2019, by\u0142y mo\u017cliwe dzi\u0119ki grantowi Narodowego Programu Rozwoju Humanistyki.<\/p>\n<p>Autorzy tomu\u00a0<em>Masoneria<\/em>\u00a0zaproponowali uj\u0119cie wolnomularstwa w kontek\u015bcie bada\u0144 nad ezoteryzmem zachodnim, dope\u0142niaj\u0105c tym samym rekonstrukcj\u0119 dziej\u00f3w r\u00f3\u017cnorodnych ruch\u00f3w i koncepcji zwi\u0105zanych z alternatywn\u0105 duchowo\u015bci\u0105 II RP.<\/p>\n","protected":false},"featured_media":17257,"template":"","meta":{"_acf_changed":false},"journal":[],"rodzaj":[7074],"seria":[],"product_brand":[],"product_cat":[6925],"product_tag":[7571,8003],"class_list":{"0":"post-46865","1":"product","2":"type-product","3":"status-publish","4":"has-post-thumbnail","6":"rodzaj-ksiazki","7":"product_cat-literaturoznawstwo","8":"product_tag-monika-rzeczycka","9":"product_tag-tadeusz-cegielskitadeusz-cegielski","11":"first","12":"outofstock","13":"taxable","14":"shipping-taxable","15":"purchasable","16":"product-type-simple"},"acf":[],"_links":{"self":[{"href":"https:\/\/wydawnictwo.ug.edu.pl\/en\/wp-json\/wp\/v2\/product\/46865","targetHints":{"allow":["GET"]}}],"collection":[{"href":"https:\/\/wydawnictwo.ug.edu.pl\/en\/wp-json\/wp\/v2\/product"}],"about":[{"href":"https:\/\/wydawnictwo.ug.edu.pl\/en\/wp-json\/wp\/v2\/types\/product"}],"wp:featuredmedia":[{"embeddable":true,"href":"https:\/\/wydawnictwo.ug.edu.pl\/en\/wp-json\/wp\/v2\/media\/17257"}],"wp:attachment":[{"href":"https:\/\/wydawnictwo.ug.edu.pl\/en\/wp-json\/wp\/v2\/media?parent=46865"}],"wp:term":[{"taxonomy":"journal","embeddable":true,"href":"https:\/\/wydawnictwo.ug.edu.pl\/en\/wp-json\/wp\/v2\/journal?post=46865"},{"taxonomy":"rodzaj","embeddable":true,"href":"https:\/\/wydawnictwo.ug.edu.pl\/en\/wp-json\/wp\/v2\/rodzaj?post=46865"},{"taxonomy":"seria","embeddable":true,"href":"https:\/\/wydawnictwo.ug.edu.pl\/en\/wp-json\/wp\/v2\/seria?post=46865"},{"taxonomy":"product_brand","embeddable":true,"href":"https:\/\/wydawnictwo.ug.edu.pl\/en\/wp-json\/wp\/v2\/product_brand?post=46865"},{"taxonomy":"product_cat","embeddable":true,"href":"https:\/\/wydawnictwo.ug.edu.pl\/en\/wp-json\/wp\/v2\/product_cat?post=46865"},{"taxonomy":"product_tag","embeddable":true,"href":"https:\/\/wydawnictwo.ug.edu.pl\/en\/wp-json\/wp\/v2\/product_tag?post=46865"}],"curies":[{"name":"wp","href":"https:\/\/api.w.org\/{rel}","templated":true}]}}