{"id":46864,"date":"2018-11-30T00:00:00","date_gmt":"2018-11-30T00:00:00","guid":{"rendered":"https:\/\/wydawnictwo.ug.edu.pl\/ksiegarnia-online\/uncategorized\/polskie-tradycje-ezoteryczne-1890-1939-tom-iv-zrodla-i-dokumenty\/"},"modified":"2026-02-11T15:43:45","modified_gmt":"2026-02-11T15:43:45","slug":"polskie-tradycje-ezoteryczne-1890-1939-tom-iv-zrodla-i-dokumenty","status":"publish","type":"product","link":"https:\/\/wydawnictwo.ug.edu.pl\/en\/ksiegarnia-online\/literaturoznawstwo\/polskie-tradycje-ezoteryczne-1890-1939-tom-iv-zrodla-i-dokumenty\/","title":{"rendered":"Polskie Tradycje Ezoteryczne 1890\u20131939. Tom IV. \u0179r\u00f3d\u0142a i dokumenty"},"content":{"rendered":"","protected":false},"excerpt":{"rendered":"<p>Niniejsza publikacja to czwarty tom specjalnego wydania serii \u201e\u015awiat\u0142o i Ciemno\u015b\u0107&#8221;, ukazuj\u0105cego si\u0119 pod wsp\u00f3lnym tytu\u0142em\u00a0<em>Polskie tradycje ezoteryczne 1890\u20131939<\/em>. Cykl obejmuje studia na temat dziej\u00f3w polskiego ezoteryzmu, pocz\u0105wszy od schy\u0142ku XIX wieku a\u017c po wybuch II wojny \u015bwiatowej. Intencj\u0105 jego autor\u00f3w by\u0142o przedstawienie najwa\u017cniejszych aspekt\u00f3w dzia\u0142alno\u015bci polskich przedwojennych \u015brodowisk ezoterycznych. Te pionierskie, zespo\u0142owe badania, prowadzone w latach 2016\u20132019, by\u0142y mo\u017cliwe dzi\u0119ki grantowi Narodowego Programu Rozwoju Humanistyki.<\/p>\n<p>Czwarty tom edycji,\u00a0<em>\u0179r\u00f3d\u0142a i dokumenty<\/em>, zawiera naukowo opracowany wyb\u00f3r tekst\u00f3w, kt\u00f3re dope\u0142niaj\u0105 studia prezentowane w poprzednich trzech tomach. Najcz\u0119\u015bciej s\u0105 to materia\u0142y wcze\u015bniej niepublikowane lub trudno dost\u0119pne. W imponuj\u0105cym pod wzgl\u0119dem obj\u0119to\u015bci i zawarto\u015bci zbiorze archiwali\u00f3w pozyskanych podczas bada\u0144 nad polskim ezoteryzmem starano si\u0119 zmie\u015bci\u0107 nie tylko najwa\u017cniejsze dokumenty statutowe czy teksty programowe, lecz tak\u017ce materia\u0142y mo\u017cliwie najpe\u0142niej ilustruj\u0105ce wielowymiarowo\u015b\u0107 tego zjawiska.<\/p>\n","protected":false},"featured_media":17251,"template":"","meta":{"_acf_changed":false},"journal":[],"rodzaj":[2602],"seria":[],"product_brand":[],"product_cat":[6925],"product_tag":[468],"class_list":{"0":"post-46864","1":"product","2":"type-product","3":"status-publish","4":"has-post-thumbnail","6":"rodzaj-ksiazki","7":"product_cat-literaturoznawstwo","8":"product_tag-diana-obolenska","10":"first","11":"outofstock","12":"taxable","13":"shipping-taxable","14":"product-type-simple"},"acf":[],"_links":{"self":[{"href":"https:\/\/wydawnictwo.ug.edu.pl\/en\/wp-json\/wp\/v2\/product\/46864","targetHints":{"allow":["GET"]}}],"collection":[{"href":"https:\/\/wydawnictwo.ug.edu.pl\/en\/wp-json\/wp\/v2\/product"}],"about":[{"href":"https:\/\/wydawnictwo.ug.edu.pl\/en\/wp-json\/wp\/v2\/types\/product"}],"wp:featuredmedia":[{"embeddable":true,"href":"https:\/\/wydawnictwo.ug.edu.pl\/en\/wp-json\/wp\/v2\/media\/17251"}],"wp:attachment":[{"href":"https:\/\/wydawnictwo.ug.edu.pl\/en\/wp-json\/wp\/v2\/media?parent=46864"}],"wp:term":[{"taxonomy":"journal","embeddable":true,"href":"https:\/\/wydawnictwo.ug.edu.pl\/en\/wp-json\/wp\/v2\/journal?post=46864"},{"taxonomy":"rodzaj","embeddable":true,"href":"https:\/\/wydawnictwo.ug.edu.pl\/en\/wp-json\/wp\/v2\/rodzaj?post=46864"},{"taxonomy":"seria","embeddable":true,"href":"https:\/\/wydawnictwo.ug.edu.pl\/en\/wp-json\/wp\/v2\/seria?post=46864"},{"taxonomy":"product_brand","embeddable":true,"href":"https:\/\/wydawnictwo.ug.edu.pl\/en\/wp-json\/wp\/v2\/product_brand?post=46864"},{"taxonomy":"product_cat","embeddable":true,"href":"https:\/\/wydawnictwo.ug.edu.pl\/en\/wp-json\/wp\/v2\/product_cat?post=46864"},{"taxonomy":"product_tag","embeddable":true,"href":"https:\/\/wydawnictwo.ug.edu.pl\/en\/wp-json\/wp\/v2\/product_tag?post=46864"}],"curies":[{"name":"wp","href":"https:\/\/api.w.org\/{rel}","templated":true}]}}