{"id":46737,"date":"2017-12-02T00:00:00","date_gmt":"2017-12-02T00:00:00","guid":{"rendered":"https:\/\/wydawnictwo.ug.edu.pl\/ksiegarnia-online\/uncategorized\/koscieleccy-ze-skepego-herbu-ogon-i-ich-protoplasci\/"},"modified":"2026-02-11T15:54:55","modified_gmt":"2026-02-11T15:54:55","slug":"koscieleccy-ze-skepego-herbu-ogon-i-ich-protoplasci","status":"publish","type":"product","link":"https:\/\/wydawnictwo.ug.edu.pl\/en\/ksiegarnia-online\/historia\/koscieleccy-ze-skepego-herbu-ogon-i-ich-protoplasci\/","title":{"rendered":"Ko\u015bcieleccy ze Sk\u0119pego herbu Ogon i ich protopla\u015bci"},"content":{"rendered":"","protected":false},"excerpt":{"rendered":"<p>Sobies\u0142aw Szybkowski zaj\u0105\u0142 si\u0119 rodzin\u0105 Ko\u015bcieleckich herbu Ogon,\u00a0lini\u0105 ze Sk\u0119pego, wywodz\u0105c\u0105 si\u0119 z ziemi dobrzy\u0144skiej, ale zwi\u0105zan\u0105 p\u00f3\u017aniej\u00a0\u2014 w XV i XVI w. \u2014 poprzez posiadane dobra i sprawowane urz\u0119dy tak\u017ce\u00a0z Kujawami, Prusami Kr\u00f3lewskimi, pozna\u0144sk\u0105 cz\u0119\u015bci\u0105 Wielkopolski,\u00a0a chwilowo nawet z Rusi\u0105 Koronn\u0105 (ziemia przemyska). Wybrany temat\u00a0niew\u0105tpliwie jest kontynuacj\u0105 wcze\u015bniejszych bada\u0144 Autora dotycz\u0105cych\u00a0p\u00f3\u017ano\u015bredniowiecznego rycerstwa Kujaw i ziemi dobrzy\u0144skiej, na kt\u00f3rym\u00a0to polu ma bardzo du\u017ce osi\u0105gni\u0119cia. Najwi\u0119ksz\u0105 warto\u015bci\u0105 ksi\u0105\u017cki s\u0105\u00a0przede wszystkim liczne nowe ustalenia poczynione na podstawie ogromnego materia\u0142u \u017ar\u00f3d\u0142owego, kt\u00f3re znacznie poszerzaj\u0105 (a zarazem porz\u0105dkuj\u0105)\u00a0nasz\u0105 wiedz\u0119 nie tylko o rodzinie Ko\u015bcieleckich herbu Ogon, a tak\u017ce\u00a0og\u00f3lnie o spo\u0142ecze\u0144stwie polskim p\u00f3\u017anego \u015bredniowiecza, wprowadzaj\u0105c\u00a0nowe informacje o dziejach Polski XIV\u2014XV w., w tym zw\u0142aszcza o Kujawach i ziemi dobrzy\u0144skiej; bez tych ustale\u0144 trudno sobie wyobrazi\u0107\u00a0dalsze szczeg\u00f3\u0142owe badania w tym wzgl\u0119dzie.<\/p>\n<p><em>Z recenzji prof. dr. hab. Jerzego Sperki<\/em><\/p>\n<p>Ksi\u0105\u017cka otrzyma\u0142a <a href=\"https:\/\/wydawnictwo.ug.edu.pl\/nominacje-i-nagrody\/nagroda\/nagroda-im-prof-stefana-krzysztofa-kuczynskiego-dla-sobieslawa-szybkowskiego-za-ksiazke-koscieleccy-ze-koscieleccy-ze-skepego-herbu-ogon-i-ich-protoplasci\/\">III Nagrod\u0119 im. Profesora Stefana Krzysztofa Kuczy\u0144skiego<\/a> 2019 w kategorii prac ze \u017ar\u00f3d\u0142oznawstwa i nauk pomocniczych historii.<\/p>\n","protected":false},"featured_media":14966,"template":"","meta":{"_acf_changed":false},"journal":[],"rodzaj":[],"seria":[],"product_brand":[],"product_cat":[6958],"product_tag":[607],"class_list":{"0":"post-46737","1":"product","2":"type-product","3":"status-publish","4":"has-post-thumbnail","6":"product_cat-historia","7":"product_tag-sobieslaw-szybkowski","9":"first","10":"outofstock","11":"taxable","12":"shipping-taxable","13":"purchasable","14":"product-type-simple"},"acf":[],"_links":{"self":[{"href":"https:\/\/wydawnictwo.ug.edu.pl\/en\/wp-json\/wp\/v2\/product\/46737","targetHints":{"allow":["GET"]}}],"collection":[{"href":"https:\/\/wydawnictwo.ug.edu.pl\/en\/wp-json\/wp\/v2\/product"}],"about":[{"href":"https:\/\/wydawnictwo.ug.edu.pl\/en\/wp-json\/wp\/v2\/types\/product"}],"wp:featuredmedia":[{"embeddable":true,"href":"https:\/\/wydawnictwo.ug.edu.pl\/en\/wp-json\/wp\/v2\/media\/14966"}],"wp:attachment":[{"href":"https:\/\/wydawnictwo.ug.edu.pl\/en\/wp-json\/wp\/v2\/media?parent=46737"}],"wp:term":[{"taxonomy":"journal","embeddable":true,"href":"https:\/\/wydawnictwo.ug.edu.pl\/en\/wp-json\/wp\/v2\/journal?post=46737"},{"taxonomy":"rodzaj","embeddable":true,"href":"https:\/\/wydawnictwo.ug.edu.pl\/en\/wp-json\/wp\/v2\/rodzaj?post=46737"},{"taxonomy":"seria","embeddable":true,"href":"https:\/\/wydawnictwo.ug.edu.pl\/en\/wp-json\/wp\/v2\/seria?post=46737"},{"taxonomy":"product_brand","embeddable":true,"href":"https:\/\/wydawnictwo.ug.edu.pl\/en\/wp-json\/wp\/v2\/product_brand?post=46737"},{"taxonomy":"product_cat","embeddable":true,"href":"https:\/\/wydawnictwo.ug.edu.pl\/en\/wp-json\/wp\/v2\/product_cat?post=46737"},{"taxonomy":"product_tag","embeddable":true,"href":"https:\/\/wydawnictwo.ug.edu.pl\/en\/wp-json\/wp\/v2\/product_tag?post=46737"}],"curies":[{"name":"wp","href":"https:\/\/api.w.org\/{rel}","templated":true}]}}