{"id":46716,"date":"2017-12-20T00:00:00","date_gmt":"2017-12-20T00:00:00","guid":{"rendered":"https:\/\/wydawnictwo.ug.edu.pl\/ksiegarnia-online\/uncategorized\/debata-hart-fuller-i-jej-znaczenie-dla-filozofii-prawa\/"},"modified":"2026-02-11T15:51:23","modified_gmt":"2026-02-11T15:51:23","slug":"debata-hart-fuller-i-jej-znaczenie-dla-filozofii-prawa","status":"publish","type":"product","link":"https:\/\/wydawnictwo.ug.edu.pl\/en\/ksiegarnia-online\/prawo-i-administracja\/debata-hart-fuller-i-jej-znaczenie-dla-filozofii-prawa\/","title":{"rendered":"Debata Hart \u2013 Fuller i jej znaczenie dla filozofii prawa"},"content":{"rendered":"","protected":false},"excerpt":{"rendered":"<p>W ksi\u0105\u017cce Autor om\u00f3wi\u0142 debat\u0119 uznawan\u0105 za najwa\u017cniejsz\u0105 w \ufb01lozo\ufb01i prawa XX wieku oraz prze\u015bledzi\u0142 jej wsp\u00f3\u0142czesn\u0105 recepcj\u0119 w naukach prawnych. Pokaza\u0142 m.in., w jaki spos\u00f3b tre\u015bci poruszone podczas debaty Hart \u2013 Fuller, tradycyjnie identy\ufb01kowanej ze sporem o relacje prawa i moralno\u015bci, oddzia\u0142uj\u0105 na rozwa\u017cania istotnych aktualnie zagadnie\u0144 badawczych, takich jak np. sprawiedliwo\u015b\u0107 transformacyjna, wielokulturowo\u015b\u0107, ochrona praw cz\u0142owieka czy \ufb01lozo\ufb01czne podstawy prawa karnego. Przedstawi\u0142 te\u017c ocen\u0119 znaczenia dyskursu naukowego jako narz\u0119dzia badawczego uczonego \u2013 prawnika. Tym samym lektura pracy mo\u017ce stanowi\u0107 zach\u0119t\u0119 nie tylko do re\ufb02eksji nad rozumieniem prawa i jego aksjologicznych podstaw, lecz r\u00f3wnie\u017c nad warsztatem badawczym prawnika, w kt\u00f3rym warto znale\u017a\u0107 nale\u017cyte miejsce dla \ufb01lozo\ufb01i prawa.<\/p>\n<p>Dost\u0119pna r\u00f3wnie\u017c jako <strong><a href=\"https:\/\/www.ibuk.pl\/fiszka\/200022\/debata-hartfuller-i-jej-znaczenie-dla-filozofii-prawa.html\">e-book<\/a><\/strong><\/p>\n","protected":false},"featured_media":15564,"template":"","meta":{"_acf_changed":false},"journal":[],"rodzaj":[7074,7075],"seria":[],"product_brand":[],"product_cat":[6932],"product_tag":[7340],"class_list":{"0":"post-46716","1":"product","2":"type-product","3":"status-publish","4":"has-post-thumbnail","6":"rodzaj-ksiazki","7":"rodzaj-e-book","8":"product_cat-prawo-i-administracja","9":"product_tag-tomasz-snarskitomasz-snarski","11":"first","12":"instock","13":"taxable","14":"shipping-taxable","15":"product-type-simple"},"acf":[],"_links":{"self":[{"href":"https:\/\/wydawnictwo.ug.edu.pl\/en\/wp-json\/wp\/v2\/product\/46716","targetHints":{"allow":["GET"]}}],"collection":[{"href":"https:\/\/wydawnictwo.ug.edu.pl\/en\/wp-json\/wp\/v2\/product"}],"about":[{"href":"https:\/\/wydawnictwo.ug.edu.pl\/en\/wp-json\/wp\/v2\/types\/product"}],"wp:featuredmedia":[{"embeddable":true,"href":"https:\/\/wydawnictwo.ug.edu.pl\/en\/wp-json\/wp\/v2\/media\/15564"}],"wp:attachment":[{"href":"https:\/\/wydawnictwo.ug.edu.pl\/en\/wp-json\/wp\/v2\/media?parent=46716"}],"wp:term":[{"taxonomy":"journal","embeddable":true,"href":"https:\/\/wydawnictwo.ug.edu.pl\/en\/wp-json\/wp\/v2\/journal?post=46716"},{"taxonomy":"rodzaj","embeddable":true,"href":"https:\/\/wydawnictwo.ug.edu.pl\/en\/wp-json\/wp\/v2\/rodzaj?post=46716"},{"taxonomy":"seria","embeddable":true,"href":"https:\/\/wydawnictwo.ug.edu.pl\/en\/wp-json\/wp\/v2\/seria?post=46716"},{"taxonomy":"product_brand","embeddable":true,"href":"https:\/\/wydawnictwo.ug.edu.pl\/en\/wp-json\/wp\/v2\/product_brand?post=46716"},{"taxonomy":"product_cat","embeddable":true,"href":"https:\/\/wydawnictwo.ug.edu.pl\/en\/wp-json\/wp\/v2\/product_cat?post=46716"},{"taxonomy":"product_tag","embeddable":true,"href":"https:\/\/wydawnictwo.ug.edu.pl\/en\/wp-json\/wp\/v2\/product_tag?post=46716"}],"curies":[{"name":"wp","href":"https:\/\/api.w.org\/{rel}","templated":true}]}}