{"id":46689,"date":"2018-11-30T00:00:00","date_gmt":"2018-11-30T00:00:00","guid":{"rendered":"https:\/\/wydawnictwo.ug.edu.pl\/ksiegarnia-online\/uncategorized\/polskie-tradycje-ezoteryczne-1890-1939-tom-ii-formacje-ludzie-idee\/"},"modified":"2026-02-11T15:43:44","modified_gmt":"2026-02-11T15:43:44","slug":"polskie-tradycje-ezoteryczne-1890-1939-tom-ii-formacje-ludzie-idee","status":"publish","type":"product","link":"https:\/\/wydawnictwo.ug.edu.pl\/en\/ksiegarnia-online\/literaturoznawstwo\/polskie-tradycje-ezoteryczne-1890-1939-tom-ii-formacje-ludzie-idee\/","title":{"rendered":"Polskie Tradycje Ezoteryczne 1890\u20131939. Tom II.  Formacje, ludzie, idee"},"content":{"rendered":"","protected":false},"excerpt":{"rendered":"<p>Oto drugi z czterech tom\u00f3w specjalnego wydania serii \u201e\u015awiat\u0142o i Ciemno\u015b\u0107&#8221;, ukazuj\u0105cego si\u0119 pod wsp\u00f3lnym tytu\u0142em Polskie tradycje ezoteryczne 1890-1939. Cykl obejmuje studia na temat dziej\u00f3w polskiego ezoteryzmu, pocz\u0105wszy od schy\u0142ku XIX wieku a\u017c po wybuch II wojny \u015bwiatowej. Intencj\u0105 jego autor\u00f3w by\u0142o przedstawienie najwa\u017cniejszych aspekt\u00f3w dzia\u0142alno\u015bci polskich przedwojennych \u015brodowisk ezoterycznych. Te pionierskie, zespo\u0142owe badania, prowadzone w latach 2016\u20132019, by\u0142y mo\u017cliwe dzi\u0119ki grantowi Narodowego Programu Rozwoju Humanistyki.<\/p>\n<p>Drugi tom edycji,\u00a0<em>Formacje, ludzie, idee<\/em>, zawiera charakterystyk\u0119 intelektualnego krajobrazu polskiego spirytyzmu i mediumizmu oraz dziesi\u0119\u0107 studi\u00f3w po\u015bwi\u0119conych postaciom ezoteryk\u00f3w, kt\u00f3rzy odegrali szczeg\u00f3lnie wa\u017cne role w rozwoju polskiej alternatywnej duchowo\u015bci. Ca\u0142o\u015b\u0107 wie\u0144czy om\u00f3wienie polskiej prasy i wydawnictw ezoterycznych tego okresu.<\/p>\n","protected":false},"featured_media":17260,"template":"","meta":{"_acf_changed":false},"journal":[],"rodzaj":[7074],"seria":[],"product_brand":[],"product_cat":[6936,6925],"product_tag":[8084,7571],"class_list":{"0":"post-46689","1":"product","2":"type-product","3":"status-publish","4":"has-post-thumbnail","6":"rodzaj-ksiazki","7":"product_cat-historia-sztuki-i-kulturoznawstwo","8":"product_cat-literaturoznawstwo","9":"product_tag-izabela-trzcinska","10":"product_tag-monika-rzeczycka","12":"first","13":"outofstock","14":"taxable","15":"shipping-taxable","16":"purchasable","17":"product-type-simple"},"acf":[],"_links":{"self":[{"href":"https:\/\/wydawnictwo.ug.edu.pl\/en\/wp-json\/wp\/v2\/product\/46689","targetHints":{"allow":["GET"]}}],"collection":[{"href":"https:\/\/wydawnictwo.ug.edu.pl\/en\/wp-json\/wp\/v2\/product"}],"about":[{"href":"https:\/\/wydawnictwo.ug.edu.pl\/en\/wp-json\/wp\/v2\/types\/product"}],"wp:featuredmedia":[{"embeddable":true,"href":"https:\/\/wydawnictwo.ug.edu.pl\/en\/wp-json\/wp\/v2\/media\/17260"}],"wp:attachment":[{"href":"https:\/\/wydawnictwo.ug.edu.pl\/en\/wp-json\/wp\/v2\/media?parent=46689"}],"wp:term":[{"taxonomy":"journal","embeddable":true,"href":"https:\/\/wydawnictwo.ug.edu.pl\/en\/wp-json\/wp\/v2\/journal?post=46689"},{"taxonomy":"rodzaj","embeddable":true,"href":"https:\/\/wydawnictwo.ug.edu.pl\/en\/wp-json\/wp\/v2\/rodzaj?post=46689"},{"taxonomy":"seria","embeddable":true,"href":"https:\/\/wydawnictwo.ug.edu.pl\/en\/wp-json\/wp\/v2\/seria?post=46689"},{"taxonomy":"product_brand","embeddable":true,"href":"https:\/\/wydawnictwo.ug.edu.pl\/en\/wp-json\/wp\/v2\/product_brand?post=46689"},{"taxonomy":"product_cat","embeddable":true,"href":"https:\/\/wydawnictwo.ug.edu.pl\/en\/wp-json\/wp\/v2\/product_cat?post=46689"},{"taxonomy":"product_tag","embeddable":true,"href":"https:\/\/wydawnictwo.ug.edu.pl\/en\/wp-json\/wp\/v2\/product_tag?post=46689"}],"curies":[{"name":"wp","href":"https:\/\/api.w.org\/{rel}","templated":true}]}}