{"id":46657,"date":"2018-12-01T00:00:00","date_gmt":"2018-12-01T00:00:00","guid":{"rendered":"https:\/\/wydawnictwo.ug.edu.pl\/ksiegarnia-online\/uncategorized\/spory-sedziowskie-zdania-odrebne-w-polskich-sadach\/"},"modified":"2026-02-11T15:39:23","modified_gmt":"2026-02-11T15:39:23","slug":"spory-sedziowskie-zdania-odrebne-w-polskich-sadach","status":"publish","type":"product","link":"https:\/\/wydawnictwo.ug.edu.pl\/en\/ksiegarnia-online\/prawo-i-administracja\/spory-sedziowskie-zdania-odrebne-w-polskich-sadach\/","title":{"rendered":"Spory s\u0119dziowskie. Zdania odr\u0119bne w polskich s\u0105dach"},"content":{"rendered":"","protected":false},"excerpt":{"rendered":"<p>S\u0119dziowskie votum separatum bywa traktowane jako wyraz\u00a0nonkonformistycznego sprzeciwu. Autor proponuje nieco\u00a0inn\u0105 perspektyw\u0119, skupiaj\u0105c\u0105 uwag\u0119 na s\u0119dziowskim sporze\u00a0poprzedzaj\u0105cym z\u0142o\u017cenie zdania odr\u0119bnego. Przedmiotem\u00a0zainteresowania pracy jest zar\u00f3wno etap podejmowania\u00a0s\u0119dziowskich decyzji, jak i ich uzasadnienia. Przeg\u0142osowany\u00a0s\u0119dzia nie zawsze sk\u0142ada zdanie odr\u0119bne. Czym innym s\u0105\u00a0przyczyny r\u00f3\u017cnicy zda\u0144 mi\u0119dzy cz\u0142onkami sk\u0142adu orzekaj\u0105cego i powody z\u0142o\u017cenia zdania odr\u0119bnego. Bior\u0105c to pod\u00a0uwag\u0119, podj\u0119to w pracy pr\u00f3b\u0119 opisania roli uczestnik\u00f3w\u00a0narady, ich uczu\u0107, motywacji czy strategii, z jakimi votum\u00a0separatum bywa sk\u0142adane. Drugim kluczowym przedmiotem\u00a0badania s\u0105 pisemne uzasadnienia zar\u00f3wno orzeczenia, jak\u00a0i kwestionuj\u0105cego je zdania odr\u0119bnego. Uzasadnienia s\u0105\u00a0analizowane pod k\u0105tem wskazania tych fragment\u00f3w, kt\u00f3re\u00a0umo\u017cliwiaj\u0105 skonstruowanie zachodz\u0105cej opozycji aksjologicznej lub interpretacyjnej mi\u0119dzy stanowiskiem wi\u0119kszo\u015bci\u00a0sk\u0142adu a zdaniem odr\u0119bnym. Dokonane ustalenia stanowi\u0105\u00a0podstaw\u0119 przedstawienia strukturalnych element\u00f3w\u00a0s\u0119dziowskiego sporu. W przekroju ca\u0142ej pracy zdania\u00a0odr\u0119bne jawi\u0105 si\u0119 jako przyk\u0142ad \u201espor\u00f3w w rodzinie&#8221;,\u00a0stanowi\u0105c przejaw rzeczywistego dialogu konstytuuj\u0105cego\u00a0s\u0119dziowsk\u0105 wsp\u00f3lnot\u0119 interpretacyjn\u0105.<\/p>\n","protected":false},"featured_media":17603,"template":"","meta":{"_acf_changed":false},"journal":[],"rodzaj":[],"seria":[],"product_brand":[],"product_cat":[6932],"product_tag":[8054],"class_list":{"0":"post-46657","1":"product","2":"type-product","3":"status-publish","4":"has-post-thumbnail","6":"product_cat-prawo-i-administracja","7":"product_tag-maciej-wojciechowski","8":"pa_rok-wydania-2019-en","10":"first","11":"instock","12":"taxable","13":"shipping-taxable","14":"purchasable","15":"product-type-simple"},"acf":[],"_links":{"self":[{"href":"https:\/\/wydawnictwo.ug.edu.pl\/en\/wp-json\/wp\/v2\/product\/46657","targetHints":{"allow":["GET"]}}],"collection":[{"href":"https:\/\/wydawnictwo.ug.edu.pl\/en\/wp-json\/wp\/v2\/product"}],"about":[{"href":"https:\/\/wydawnictwo.ug.edu.pl\/en\/wp-json\/wp\/v2\/types\/product"}],"wp:featuredmedia":[{"embeddable":true,"href":"https:\/\/wydawnictwo.ug.edu.pl\/en\/wp-json\/wp\/v2\/media\/17603"}],"wp:attachment":[{"href":"https:\/\/wydawnictwo.ug.edu.pl\/en\/wp-json\/wp\/v2\/media?parent=46657"}],"wp:term":[{"taxonomy":"journal","embeddable":true,"href":"https:\/\/wydawnictwo.ug.edu.pl\/en\/wp-json\/wp\/v2\/journal?post=46657"},{"taxonomy":"rodzaj","embeddable":true,"href":"https:\/\/wydawnictwo.ug.edu.pl\/en\/wp-json\/wp\/v2\/rodzaj?post=46657"},{"taxonomy":"seria","embeddable":true,"href":"https:\/\/wydawnictwo.ug.edu.pl\/en\/wp-json\/wp\/v2\/seria?post=46657"},{"taxonomy":"product_brand","embeddable":true,"href":"https:\/\/wydawnictwo.ug.edu.pl\/en\/wp-json\/wp\/v2\/product_brand?post=46657"},{"taxonomy":"product_cat","embeddable":true,"href":"https:\/\/wydawnictwo.ug.edu.pl\/en\/wp-json\/wp\/v2\/product_cat?post=46657"},{"taxonomy":"product_tag","embeddable":true,"href":"https:\/\/wydawnictwo.ug.edu.pl\/en\/wp-json\/wp\/v2\/product_tag?post=46657"}],"curies":[{"name":"wp","href":"https:\/\/api.w.org\/{rel}","templated":true}]}}