{"id":46631,"date":"2019-12-01T00:00:00","date_gmt":"2019-12-01T00:00:00","guid":{"rendered":"https:\/\/wydawnictwo.ug.edu.pl\/ksiegarnia-online\/uncategorized\/przemiany-karnoprawnej-ochrony-wolnosci-sumienia-i-wyznania-w-polsce\/"},"modified":"2026-02-11T14:24:04","modified_gmt":"2026-02-11T14:24:04","slug":"przemiany-karnoprawnej-ochrony-wolnosci-sumienia-i-wyznania-w-polsce","status":"publish","type":"product","link":"https:\/\/wydawnictwo.ug.edu.pl\/en\/ksiegarnia-online\/prawo-i-administracja\/przemiany-karnoprawnej-ochrony-wolnosci-sumienia-i-wyznania-w-polsce\/","title":{"rendered":"Przemiany karnoprawnej ochrony wolno\u015bci sumienia i wyznania w Polsce"},"content":{"rendered":"","protected":false},"excerpt":{"rendered":"<p>Monografia stanowi kompleksowe uj\u0119cie problematyki fundamentalnej dla demokratycznego pa\u0144stwa prawa, jak\u0105 jest kwestia karnoprawnej ochrony wolno\u015bci sumienia i wyznania \u2013 jednej z podstawowych wolno\u015bci ka\u017cdego cz\u0142owieka we wsp\u00f3\u0142czesnym \u015bwiecie. Praca jest podsumowaniem wieloletnich bada\u0144 Autora, kt\u00f3re koncentruj\u0105 si\u0119 na charakterystyce spoczywaj\u0105cego na pa\u0144stwie zadania w sferze ochrony wolno\u015bci religijnej na gruncie karnym. Ksi\u0105\u017cka jest szczeg\u00f3\u0142ow\u0105 analiz\u0105 przemian norm prawa karnego na gruncie polskiego systemu prawa karnego, obejmuj\u0105c wszystkie polskie regulacje penalne odnosz\u0105ce si\u0119 do omawianego zagadnienia. Monografia, prezentuj\u0105c analiz\u0119 ewolucji przepis\u00f3w prawa karnego, obejmuje r\u00f3wnie\u017c rys historyczny i liczne odniesienia do samego poj\u0119cia religii oraz wolno\u015bci sumienia i wyznania, a tak\u017ce uwzgl\u0119dnia praktycznie wszystkie akty prawa mi\u0119dzynarodowego dotycz\u0105ce wolno\u015bci religijnej.<\/p>\n","protected":false},"featured_media":16159,"template":"","meta":{"_acf_changed":false},"journal":[],"rodzaj":[],"seria":[],"product_brand":[],"product_cat":[6932],"product_tag":[8042],"class_list":{"0":"post-46631","1":"product","2":"type-product","3":"status-publish","4":"has-post-thumbnail","6":"product_cat-prawo-i-administracja","7":"product_tag-pawel-petaszpawel-petasz","8":"pa_rok-wydania-2020-en","10":"first","11":"outofstock","12":"taxable","13":"shipping-taxable","14":"purchasable","15":"product-type-simple"},"acf":[],"_links":{"self":[{"href":"https:\/\/wydawnictwo.ug.edu.pl\/en\/wp-json\/wp\/v2\/product\/46631","targetHints":{"allow":["GET"]}}],"collection":[{"href":"https:\/\/wydawnictwo.ug.edu.pl\/en\/wp-json\/wp\/v2\/product"}],"about":[{"href":"https:\/\/wydawnictwo.ug.edu.pl\/en\/wp-json\/wp\/v2\/types\/product"}],"wp:featuredmedia":[{"embeddable":true,"href":"https:\/\/wydawnictwo.ug.edu.pl\/en\/wp-json\/wp\/v2\/media\/16159"}],"wp:attachment":[{"href":"https:\/\/wydawnictwo.ug.edu.pl\/en\/wp-json\/wp\/v2\/media?parent=46631"}],"wp:term":[{"taxonomy":"journal","embeddable":true,"href":"https:\/\/wydawnictwo.ug.edu.pl\/en\/wp-json\/wp\/v2\/journal?post=46631"},{"taxonomy":"rodzaj","embeddable":true,"href":"https:\/\/wydawnictwo.ug.edu.pl\/en\/wp-json\/wp\/v2\/rodzaj?post=46631"},{"taxonomy":"seria","embeddable":true,"href":"https:\/\/wydawnictwo.ug.edu.pl\/en\/wp-json\/wp\/v2\/seria?post=46631"},{"taxonomy":"product_brand","embeddable":true,"href":"https:\/\/wydawnictwo.ug.edu.pl\/en\/wp-json\/wp\/v2\/product_brand?post=46631"},{"taxonomy":"product_cat","embeddable":true,"href":"https:\/\/wydawnictwo.ug.edu.pl\/en\/wp-json\/wp\/v2\/product_cat?post=46631"},{"taxonomy":"product_tag","embeddable":true,"href":"https:\/\/wydawnictwo.ug.edu.pl\/en\/wp-json\/wp\/v2\/product_tag?post=46631"}],"curies":[{"name":"wp","href":"https:\/\/api.w.org\/{rel}","templated":true}]}}