{"id":46617,"date":"2019-12-30T00:00:00","date_gmt":"2019-12-30T00:00:00","guid":{"rendered":"https:\/\/wydawnictwo.ug.edu.pl\/ksiegarnia-online\/uncategorized\/zarzadzanie-zbiorowym-transportem-miejskim-w-warunkach-polityki-zrownowazonej-mobilnosci\/"},"modified":"2026-02-11T14:19:50","modified_gmt":"2026-02-11T14:19:50","slug":"zarzadzanie-zbiorowym-transportem-miejskim-w-warunkach-polityki-zrownowazonej-mobilnosci","status":"publish","type":"product","link":"https:\/\/wydawnictwo.ug.edu.pl\/en\/ksiegarnia-online\/zarzadzanie\/zarzadzanie-zbiorowym-transportem-miejskim-w-warunkach-polityki-zrownowazonej-mobilnosci\/","title":{"rendered":"Zarz\u0105dzanie zbiorowym transportem miejskim w warunkach polityki zr\u00f3wnowa\u017conej mobilno\u015bci"},"content":{"rendered":"","protected":false},"excerpt":{"rendered":"<p>W polityce zr\u00f3wnowa\u017conej mobilno\u015bci miejskiej d\u0105\u017cy si\u0119 do ograniczenia udzia\u0142u w strukturze podr\u00f3\u017cy miejskich tych sposob\u00f3w podr\u00f3\u017cy, kt\u00f3re niekorzystnie oddzia\u0142uj\u0105 na funkcjonowanie miast i obszar\u00f3w podmiejskich, powi\u0105zanych organicznie z miastami. Jednocze\u015bnie wp\u0142ywa si\u0119 na wzrost udzia\u0142u sposob\u00f3w podr\u00f3\u017cy korzystnych z punktu widzenia poprawnego funkcjonowania obszar\u00f3w zurbanizowanych. Nale\u017cy do nich zbiorowy transport miejski, zw\u0142aszcza wykorzystuj\u0105cy proekologiczne \u015brodki przewozowe. Dla w\u0142a\u015bciwej realizacji polityki zr\u00f3wnowa\u017conej mobilno\u015bci miejskiej du\u017ce znaczenie ma odpowiednie zarz\u0105dzanie zbiorowym transportem miejskim.<\/p>\n<p>Celem badawczym niniejszej monografii jest okre\u015blenie uwarunkowa\u0144, zasad i kierunk\u00f3w zarz\u0105dzania zbiorowym transportem miejskim w warunkach polityki zr\u00f3wnowa\u017conej mobilno\u015bci.<\/p>\n","protected":false},"featured_media":15418,"template":"","meta":{"_acf_changed":false},"journal":[],"rodzaj":[7074],"seria":[],"product_brand":[],"product_cat":[6942],"product_tag":[7841,8034,8035],"class_list":{"0":"post-46617","1":"product","2":"type-product","3":"status-publish","4":"has-post-thumbnail","6":"rodzaj-ksiazki","7":"product_cat-zarzadzanie","8":"product_tag-katarzyna-hebelkatarzyna-hebel","9":"product_tag-krzysztof-grzeleckrzysztof-grzelec","10":"product_tag-olgierd-wyszomirski","12":"first","13":"instock","14":"taxable","15":"shipping-taxable","16":"purchasable","17":"product-type-simple"},"acf":[],"_links":{"self":[{"href":"https:\/\/wydawnictwo.ug.edu.pl\/en\/wp-json\/wp\/v2\/product\/46617","targetHints":{"allow":["GET"]}}],"collection":[{"href":"https:\/\/wydawnictwo.ug.edu.pl\/en\/wp-json\/wp\/v2\/product"}],"about":[{"href":"https:\/\/wydawnictwo.ug.edu.pl\/en\/wp-json\/wp\/v2\/types\/product"}],"wp:featuredmedia":[{"embeddable":true,"href":"https:\/\/wydawnictwo.ug.edu.pl\/en\/wp-json\/wp\/v2\/media\/15418"}],"wp:attachment":[{"href":"https:\/\/wydawnictwo.ug.edu.pl\/en\/wp-json\/wp\/v2\/media?parent=46617"}],"wp:term":[{"taxonomy":"journal","embeddable":true,"href":"https:\/\/wydawnictwo.ug.edu.pl\/en\/wp-json\/wp\/v2\/journal?post=46617"},{"taxonomy":"rodzaj","embeddable":true,"href":"https:\/\/wydawnictwo.ug.edu.pl\/en\/wp-json\/wp\/v2\/rodzaj?post=46617"},{"taxonomy":"seria","embeddable":true,"href":"https:\/\/wydawnictwo.ug.edu.pl\/en\/wp-json\/wp\/v2\/seria?post=46617"},{"taxonomy":"product_brand","embeddable":true,"href":"https:\/\/wydawnictwo.ug.edu.pl\/en\/wp-json\/wp\/v2\/product_brand?post=46617"},{"taxonomy":"product_cat","embeddable":true,"href":"https:\/\/wydawnictwo.ug.edu.pl\/en\/wp-json\/wp\/v2\/product_cat?post=46617"},{"taxonomy":"product_tag","embeddable":true,"href":"https:\/\/wydawnictwo.ug.edu.pl\/en\/wp-json\/wp\/v2\/product_tag?post=46617"}],"curies":[{"name":"wp","href":"https:\/\/api.w.org\/{rel}","templated":true}]}}