{"id":46609,"date":"2018-12-02T00:00:00","date_gmt":"2018-12-02T00:00:00","guid":{"rendered":"https:\/\/wydawnictwo.ug.edu.pl\/ksiegarnia-online\/uncategorized\/prewencyjna-kontrola-konstytucyjnosci-prawa-w-polsce-na-tle-panstw-europejskich-studium-z-prawa-konstytucyjnego\/"},"modified":"2026-02-11T15:33:34","modified_gmt":"2026-02-11T15:33:34","slug":"prewencyjna-kontrola-konstytucyjnosci-prawa-w-polsce-na-tle-panstw-europejskich-studium-z-prawa-konstytucyjnego","status":"publish","type":"product","link":"https:\/\/wydawnictwo.ug.edu.pl\/en\/ksiegarnia-online\/prawo-i-administracja\/prewencyjna-kontrola-konstytucyjnosci-prawa-w-polsce-na-tle-panstw-europejskich-studium-z-prawa-konstytucyjnego\/","title":{"rendered":"Prewencyjna kontrola konstytucyjno\u015bci prawa w Polsce na tle pa\u0144stw europejskich. Studium z prawa konstytucyjnego"},"content":{"rendered":"","protected":false},"excerpt":{"rendered":"<p>Niezale\u017cnie od modelu kontroli konstytucyjno\u015bci prawa przyj\u0119tego w danym\u00a0pa\u0144stwie s\u0105downictwo konstytucyjne jest obecnie postrzegane jako istotny\u00a0filar demokratycznego pa\u0144stwa opartego na rz\u0105dach prawa. Kontrola\u00a0konstytucyjno\u015bci prawa w trybie prewencyjnym, pomimo i\u017c co do zasady ma\u00a0jedynie uzupe\u0142niaj\u0105cy charakter wzgl\u0119dem kontroli represyjnej, mo\u017ce stanowi\u0107\u00a0istotn\u0105 gwarancj\u0119 sp\u00f3jno\u015bci i konstytucyjno\u015bci systemu obowi\u0105zuj\u0105cych akt\u00f3w\u00a0normatywnych. Odpowiednie rozwi\u0105zania systemowe pozwalaj\u0105ce na eliminacj\u0119 wadliwych przepis\u00f3w ju\u017c na etapie ich tworzenia nie tylko stanowi\u0105\u00a0gwarancj\u0119 zasady nadrz\u0119dno\u015bci konstytucji, ale r\u00f3wnie\u017c wzmacniaj\u0105 zasad\u0119\u00a0zaufania obywatela do pa\u0144stwa i stanowionego przeze\u0144 prawa, pozwalaj\u0105c\u00a0unikn\u0105\u0107 problem\u00f3w zwi\u0105zanych ze stosowaniem niekonstytucyjnych przepis\u00f3w.<\/p>\n","protected":false},"featured_media":17611,"template":"","meta":{"_acf_changed":false},"journal":[],"rodzaj":[],"seria":[],"product_brand":[],"product_cat":[6932],"product_tag":[7597],"class_list":{"0":"post-46609","1":"product","2":"type-product","3":"status-publish","4":"has-post-thumbnail","6":"product_cat-prawo-i-administracja","7":"product_tag-anna-rytel-warzocha","8":"pa_rok-wydania-2019-en","10":"first","11":"outofstock","12":"taxable","13":"shipping-taxable","14":"product-type-simple"},"acf":[],"_links":{"self":[{"href":"https:\/\/wydawnictwo.ug.edu.pl\/en\/wp-json\/wp\/v2\/product\/46609","targetHints":{"allow":["GET"]}}],"collection":[{"href":"https:\/\/wydawnictwo.ug.edu.pl\/en\/wp-json\/wp\/v2\/product"}],"about":[{"href":"https:\/\/wydawnictwo.ug.edu.pl\/en\/wp-json\/wp\/v2\/types\/product"}],"wp:featuredmedia":[{"embeddable":true,"href":"https:\/\/wydawnictwo.ug.edu.pl\/en\/wp-json\/wp\/v2\/media\/17611"}],"wp:attachment":[{"href":"https:\/\/wydawnictwo.ug.edu.pl\/en\/wp-json\/wp\/v2\/media?parent=46609"}],"wp:term":[{"taxonomy":"journal","embeddable":true,"href":"https:\/\/wydawnictwo.ug.edu.pl\/en\/wp-json\/wp\/v2\/journal?post=46609"},{"taxonomy":"rodzaj","embeddable":true,"href":"https:\/\/wydawnictwo.ug.edu.pl\/en\/wp-json\/wp\/v2\/rodzaj?post=46609"},{"taxonomy":"seria","embeddable":true,"href":"https:\/\/wydawnictwo.ug.edu.pl\/en\/wp-json\/wp\/v2\/seria?post=46609"},{"taxonomy":"product_brand","embeddable":true,"href":"https:\/\/wydawnictwo.ug.edu.pl\/en\/wp-json\/wp\/v2\/product_brand?post=46609"},{"taxonomy":"product_cat","embeddable":true,"href":"https:\/\/wydawnictwo.ug.edu.pl\/en\/wp-json\/wp\/v2\/product_cat?post=46609"},{"taxonomy":"product_tag","embeddable":true,"href":"https:\/\/wydawnictwo.ug.edu.pl\/en\/wp-json\/wp\/v2\/product_tag?post=46609"}],"curies":[{"name":"wp","href":"https:\/\/api.w.org\/{rel}","templated":true}]}}