{"id":46599,"date":"2018-12-10T00:00:00","date_gmt":"2018-12-10T00:00:00","guid":{"rendered":"https:\/\/wydawnictwo.ug.edu.pl\/ksiegarnia-online\/uncategorized\/slowotworstwo-apelatywne-i-onomastyczne\/"},"modified":"2026-02-11T14:48:25","modified_gmt":"2026-02-11T14:48:25","slug":"slowotworstwo-apelatywne-i-onomastyczne","status":"publish","type":"product","link":"https:\/\/wydawnictwo.ug.edu.pl\/en\/ksiegarnia-online\/jezykoznawstwo\/slowotworstwo-apelatywne-i-onomastyczne\/","title":{"rendered":"S\u0142owotw\u00f3rstwo apelatywne i onomastyczne"},"content":{"rendered":"","protected":false},"excerpt":{"rendered":"<p>Ksi\u0105\u017cka\u00a0<em>S\u0142owotw\u00f3rstwo apelatywne i onomastyczne<\/em>\u00a0stanowi pok\u0142osie \u00f3smej konferencji j\u0119zykoznawczej z cyklu \u201eWok\u00f3\u0142 s\u0142\u00f3w i znacze\u0144\u201d. W ten spos\u00f3b pracownicy Katedry J\u0119zyka Polskiego Uniwersytetu Gda\u0144skiego oraz cz\u0142onkowie Oddzia\u0142u Gda\u0144skiego Towarzystwa Mi\u0142o\u015bnik\u00f3w J\u0119zyka Polskiego co dwa lata, pocz\u0105wszy od 2003 r., oddaj\u0105 ho\u0142d pami\u0119ci Profesora Bogus\u0142awa Krei (1931\u20132002), jednego z najwybitniejszych badaczy s\u0142owotw\u00f3rstwa s\u0142owia\u0144skie-go, w tym przede wszystkim polskiego. Ka\u017cda z \u201eKonferencji Krejowskich\u201d \u2013 jak brzmi nieoficjalna nazwa tego cyklu \u2013 po\u015bwi\u0119cona by\u0142a nieco innym problemom s\u0142owotw\u00f3rstwa polskiego i innoj\u0119zycznego. \u00d3sme spotkanie, kt\u00f3re odby\u0142o si\u0119 7 czerwca 2017 r. z udzia\u0142em j\u0119zykoznawc\u00f3w z Uniwersytetu \u0141\u00f3dzkiego, Uniwersytetu \u015al\u0105skiego, Uniwersytetu Warszawskiego oraz Uniwersytetu Gda\u0144skiego, dotyczy\u0142o s\u0142owotw\u00f3rczych zagadnie\u0144 apelatywnych i onomastycznych. Z takich w\u0142a\u015bnie dwu dzia\u0142\u00f3w: S\u0142owotw\u00f3rstwo apelatywne oraz S\u0142owotw\u00f3rstwo onomastyczne i odonomastyczne, sk\u0142ada si\u0119 niniejsza ksi\u0105\u017cka. Oba dzia\u0142y zawieraj\u0105 po sze\u015b\u0107 artyku\u0142\u00f3w.<\/p>\n<p>Ksi\u0105\u017cka ukaza\u0142a si\u0119 w serii wydawniczej Wok\u00f3\u0142 s\u0142\u00f3w i znacze\u0144.<\/p>\n","protected":false},"featured_media":14981,"template":"","meta":{"_acf_changed":false},"journal":[],"rodzaj":[2602,2604],"seria":[6767],"product_brand":[],"product_cat":[6924],"product_tag":[426,614],"class_list":{"0":"post-46599","1":"product","2":"type-product","3":"status-publish","4":"has-post-thumbnail","6":"rodzaj-ksiazki","7":"rodzaj-serie-wydawnicze","8":"seria-wokol-slow-i-znaczen","9":"product_cat-jezykoznawstwo","10":"product_tag-aneta-lica","11":"product_tag-ewa-rogowska-cybulska","13":"first","14":"outofstock","15":"taxable","16":"shipping-taxable","17":"purchasable","18":"product-type-simple"},"acf":[],"_links":{"self":[{"href":"https:\/\/wydawnictwo.ug.edu.pl\/en\/wp-json\/wp\/v2\/product\/46599","targetHints":{"allow":["GET"]}}],"collection":[{"href":"https:\/\/wydawnictwo.ug.edu.pl\/en\/wp-json\/wp\/v2\/product"}],"about":[{"href":"https:\/\/wydawnictwo.ug.edu.pl\/en\/wp-json\/wp\/v2\/types\/product"}],"wp:featuredmedia":[{"embeddable":true,"href":"https:\/\/wydawnictwo.ug.edu.pl\/en\/wp-json\/wp\/v2\/media\/14981"}],"wp:attachment":[{"href":"https:\/\/wydawnictwo.ug.edu.pl\/en\/wp-json\/wp\/v2\/media?parent=46599"}],"wp:term":[{"taxonomy":"journal","embeddable":true,"href":"https:\/\/wydawnictwo.ug.edu.pl\/en\/wp-json\/wp\/v2\/journal?post=46599"},{"taxonomy":"rodzaj","embeddable":true,"href":"https:\/\/wydawnictwo.ug.edu.pl\/en\/wp-json\/wp\/v2\/rodzaj?post=46599"},{"taxonomy":"seria","embeddable":true,"href":"https:\/\/wydawnictwo.ug.edu.pl\/en\/wp-json\/wp\/v2\/seria?post=46599"},{"taxonomy":"product_brand","embeddable":true,"href":"https:\/\/wydawnictwo.ug.edu.pl\/en\/wp-json\/wp\/v2\/product_brand?post=46599"},{"taxonomy":"product_cat","embeddable":true,"href":"https:\/\/wydawnictwo.ug.edu.pl\/en\/wp-json\/wp\/v2\/product_cat?post=46599"},{"taxonomy":"product_tag","embeddable":true,"href":"https:\/\/wydawnictwo.ug.edu.pl\/en\/wp-json\/wp\/v2\/product_tag?post=46599"}],"curies":[{"name":"wp","href":"https:\/\/api.w.org\/{rel}","templated":true}]}}