{"id":46560,"date":"2019-11-30T00:00:00","date_gmt":"2019-11-30T00:00:00","guid":{"rendered":"https:\/\/wydawnictwo.ug.edu.pl\/ksiegarnia-online\/uncategorized\/polskie-tradycje-ezoteryczne-1890-1939-tom-v-idee-przewodnie\/"},"modified":"2026-02-11T14:35:21","modified_gmt":"2026-02-11T14:35:21","slug":"polskie-tradycje-ezoteryczne-1890-1939-tom-v-idee-przewodnie","status":"publish","type":"product","link":"https:\/\/wydawnictwo.ug.edu.pl\/en\/ksiegarnia-online\/literaturoznawstwo\/polskie-tradycje-ezoteryczne-1890-1939-tom-v-idee-przewodnie\/","title":{"rendered":"Polskie Tradycje Ezoteryczne 1890\u20131939. Tom V. Idee przewodnie"},"content":{"rendered":"","protected":false},"excerpt":{"rendered":"<p>Prezentowana publikacja to pi\u0105ty, podsumowuj\u0105cy, tom specjalnego\u00a0wydania serii \u201e\u015awiat\u0142o i Ciemno\u015b\u0107&#8221;, ukazuj\u0105cego si\u0119 pod wsp\u00f3lnym\u00a0tytu\u0142em\u00a0<em>Polskie tradycje ezoteryczne 1890-1939<\/em>. Cykl obejmuje\u00a0studia na temat dziej\u00f3w polskiego czoteryzmu, pocz\u0105wszy od\u00a0schy\u0142ku XIX wieku a\u017c po wybuch II wojny \u015bwiatowej. Intencj\u0105\u00a0jego autor\u00f3w by\u0142o przedstawienie najwa\u017cniejszych aspekt\u00f3w\u00a0dzia\u0142alno\u015bci polskich przedwojennych \u015brodowisk ezoterycznych.\u00a0Te pionierskie, zespo\u0142owe badania, prowadzone w latach 2016-2019,\u00a0by\u0142y mo\u017cliwe dzi\u0119ki grant\u00f3w i Narodowego Programu Rozwoju\u00a0Humanistyki.<\/p>\n<p>Ostatni tom edycji,\u00a0<em>Idee przewodnie<\/em>, stanowi\u0105 pr\u00f3b\u0119 wyznaczenia\u00a0g\u0142\u00f3wnych my\u015bli, kt\u00f3re inspirowa\u0142y polskie \u015brodowiska ezoteryczne\u00a0ko\u0144ca XIX i pierwszej po\u0142owy XX wieku. Tytu\u0142owe idee przewodnie,\u00a0b\u0119d\u0105ce tematem 17 artyku\u0142\u00f3w, zar\u00f3wno okre\u015blaj\u0105 to\u017csamo\u015b\u0107 polskiego\u00a0ezoteryzmu, jak i ujawniaj\u0105 jego odniesienia do wcze\u015bniejszych tradycji\u00a0i postaw duchowych, a tak\u017ce umieszczaj\u0105 go w kontek\u015bcie takich dziedzin\u00a0kultury polskiej, jak literatura, sztuki plastyczne czy kultura popularna.<\/p>\n<p>Ksi\u0105\u017cka otrzyma\u0142a III nagrod\u0119 w Konkursie Wydawnictwa UG 2019 w kategorii Najlepsza ksi\u0105\u017cka naukowa.<\/p>\n","protected":false},"featured_media":15437,"template":"","meta":{"_acf_changed":false},"journal":[],"rodzaj":[7074,7076],"seria":[7322],"product_brand":[],"product_cat":[6925],"product_tag":[7599,8003],"class_list":{"0":"post-46560","1":"product","2":"type-product","3":"status-publish","4":"has-post-thumbnail","6":"rodzaj-ksiazki","7":"rodzaj-serie-wydawnicze","8":"seria-swiatlo-i-ciemnosc","9":"product_cat-literaturoznawstwo","10":"product_tag-mariusz-dobkowskimariusz-dobkowski","11":"product_tag-tadeusz-cegielskitadeusz-cegielski","13":"first","14":"outofstock","15":"taxable","16":"shipping-taxable","17":"purchasable","18":"product-type-simple"},"acf":[],"_links":{"self":[{"href":"https:\/\/wydawnictwo.ug.edu.pl\/en\/wp-json\/wp\/v2\/product\/46560","targetHints":{"allow":["GET"]}}],"collection":[{"href":"https:\/\/wydawnictwo.ug.edu.pl\/en\/wp-json\/wp\/v2\/product"}],"about":[{"href":"https:\/\/wydawnictwo.ug.edu.pl\/en\/wp-json\/wp\/v2\/types\/product"}],"wp:featuredmedia":[{"embeddable":true,"href":"https:\/\/wydawnictwo.ug.edu.pl\/en\/wp-json\/wp\/v2\/media\/15437"}],"wp:attachment":[{"href":"https:\/\/wydawnictwo.ug.edu.pl\/en\/wp-json\/wp\/v2\/media?parent=46560"}],"wp:term":[{"taxonomy":"journal","embeddable":true,"href":"https:\/\/wydawnictwo.ug.edu.pl\/en\/wp-json\/wp\/v2\/journal?post=46560"},{"taxonomy":"rodzaj","embeddable":true,"href":"https:\/\/wydawnictwo.ug.edu.pl\/en\/wp-json\/wp\/v2\/rodzaj?post=46560"},{"taxonomy":"seria","embeddable":true,"href":"https:\/\/wydawnictwo.ug.edu.pl\/en\/wp-json\/wp\/v2\/seria?post=46560"},{"taxonomy":"product_brand","embeddable":true,"href":"https:\/\/wydawnictwo.ug.edu.pl\/en\/wp-json\/wp\/v2\/product_brand?post=46560"},{"taxonomy":"product_cat","embeddable":true,"href":"https:\/\/wydawnictwo.ug.edu.pl\/en\/wp-json\/wp\/v2\/product_cat?post=46560"},{"taxonomy":"product_tag","embeddable":true,"href":"https:\/\/wydawnictwo.ug.edu.pl\/en\/wp-json\/wp\/v2\/product_tag?post=46560"}],"curies":[{"name":"wp","href":"https:\/\/api.w.org\/{rel}","templated":true}]}}