{"id":46555,"date":"2019-11-30T10:00:00","date_gmt":"2019-11-30T10:00:00","guid":{"rendered":"https:\/\/wydawnictwo.ug.edu.pl\/ksiegarnia-online\/uncategorized\/eduwidma-rzeczy-i-miejsca-nawiedzone\/"},"modified":"2026-02-11T14:34:18","modified_gmt":"2026-02-11T14:34:18","slug":"eduwidma-rzeczy-i-miejsca-nawiedzone","status":"publish","type":"product","link":"https:\/\/wydawnictwo.ug.edu.pl\/en\/ksiegarnia-online\/pedagogika-i-psychologia\/eduwidma-rzeczy-i-miejsca-nawiedzone\/","title":{"rendered":"Eduwidma. Rzeczy i miejsca nawiedzone"},"content":{"rendered":"","protected":false},"excerpt":{"rendered":"<p>Ksi\u0105\u017cka zach\u0119ca do refleksji nad tematem obecno\u015bci i nieobeno\u015bci oraz powi\u0105zanymi z nim zagadnieniami: \u017cycia, nie-\u017cycia, ludzi, nie-ludzi, miejsc, nie-miejsc, rzeczy i przedmiot\u00f3w. Dla autor\u00f3w, zainspirowanych filozofi\u0105 Jacques\u2019a Derridy, kusz\u0105ce okaza\u0142o si\u0119 rozpatrywanie tych kwestii z perspektywy edukacyjnej.\u00a0 Z ksi\u0105\u017cki wy\u0142ania si\u0119 obraz pedagogiki spo\u0142ecznej uwzgl\u0119dniaj\u0105cej edukacyjne wymiary r\u00f3\u017cnorodnych postaci obecno\u015bci, istotnych dla podmiotowych formacji i reprezentacji to\u017csamo\u015bci, proces\u00f3w wychowania, uczenia si\u0119 i nauczania. Tytu\u0142owe kategorie \u2013 eduwidma, rzeczy i miejsca nawiedzone \u2013 zosta\u0142y nakre\u015blone\u00a0 w poszczeg\u00f3lnych rozdzia\u0142ach tak, by przybli\u017cy\u0107 r\u00f3\u017cne odmiany\u00a0 my\u015bli spo\u0142eczno-edukacyjnej, kt\u00f3ra nie ignoruje tego, co nie jest specyficznie ludzkie.<\/p>\n<p>Teksty zebrane w tomie, poza uwsp\u00f3lniaj\u0105cym je zainteresowaniem edukacyjno\u015bci\u0105 widm, nie maj\u0105 jednak sp\u00f3jnej logiki orientuj\u0105cej odczytanie ich wszystkich <em>en bloque<\/em> jako wypowiedzi antropocentrycznych lub nieantropocentrycznych. Nie ma w nich napi\u0119cia,\u00a0 kt\u00f3re mog\u0142oby kierowa\u0107 w jedn\u0105 czy drug\u0105 stron\u0119 i uczyni\u0107 autor\u00f3w arbitrami w sprawach, z kt\u00f3rych nierozstrzygalno\u015bci czyni\u0105 oni atut o\u00a0znaczeniu kluczowym dla edukacji. Lektura ksi\u0105\u017cki mo\u017ce prowadzi\u0107 do wniosku, \u017ce my\u015bl pedagogiczna zyskuje, gdy \u2013 utrzymuj\u0105c zainteresowanie cz\u0142owiekiem \u2013 nie jest oboj\u0119tna na widma, lecz\u00a0 zauwa\u017ca, \u017ce \u201ewidmuj\u0105\u201d nie tylko ludzie, a sw\u00f3j sens wi\u0105\u017ce z wra\u017cliwo\u015bci\u0105 na rzeczy i miejsca, tak\u017ce te nawiedzone.<\/p>\n","protected":false},"featured_media":15554,"template":"","meta":{"_acf_changed":false},"journal":[],"rodzaj":[],"seria":[],"product_brand":[],"product_cat":[7007],"product_tag":[7607],"class_list":{"0":"post-46555","1":"product","2":"type-product","3":"status-publish","4":"has-post-thumbnail","6":"product_cat-pedagogika-i-psychologia","7":"product_tag-maria-mendelmaria-mendel","9":"first","10":"outofstock","11":"taxable","12":"shipping-taxable","13":"purchasable","14":"product-type-simple"},"acf":[],"_links":{"self":[{"href":"https:\/\/wydawnictwo.ug.edu.pl\/en\/wp-json\/wp\/v2\/product\/46555","targetHints":{"allow":["GET"]}}],"collection":[{"href":"https:\/\/wydawnictwo.ug.edu.pl\/en\/wp-json\/wp\/v2\/product"}],"about":[{"href":"https:\/\/wydawnictwo.ug.edu.pl\/en\/wp-json\/wp\/v2\/types\/product"}],"wp:featuredmedia":[{"embeddable":true,"href":"https:\/\/wydawnictwo.ug.edu.pl\/en\/wp-json\/wp\/v2\/media\/15554"}],"wp:attachment":[{"href":"https:\/\/wydawnictwo.ug.edu.pl\/en\/wp-json\/wp\/v2\/media?parent=46555"}],"wp:term":[{"taxonomy":"journal","embeddable":true,"href":"https:\/\/wydawnictwo.ug.edu.pl\/en\/wp-json\/wp\/v2\/journal?post=46555"},{"taxonomy":"rodzaj","embeddable":true,"href":"https:\/\/wydawnictwo.ug.edu.pl\/en\/wp-json\/wp\/v2\/rodzaj?post=46555"},{"taxonomy":"seria","embeddable":true,"href":"https:\/\/wydawnictwo.ug.edu.pl\/en\/wp-json\/wp\/v2\/seria?post=46555"},{"taxonomy":"product_brand","embeddable":true,"href":"https:\/\/wydawnictwo.ug.edu.pl\/en\/wp-json\/wp\/v2\/product_brand?post=46555"},{"taxonomy":"product_cat","embeddable":true,"href":"https:\/\/wydawnictwo.ug.edu.pl\/en\/wp-json\/wp\/v2\/product_cat?post=46555"},{"taxonomy":"product_tag","embeddable":true,"href":"https:\/\/wydawnictwo.ug.edu.pl\/en\/wp-json\/wp\/v2\/product_tag?post=46555"}],"curies":[{"name":"wp","href":"https:\/\/api.w.org\/{rel}","templated":true}]}}