{"id":46548,"date":"2019-12-01T00:00:00","date_gmt":"2019-12-01T00:00:00","guid":{"rendered":""},"modified":"2026-02-11T14:30:30","modified_gmt":"2026-02-11T14:30:30","slug":"polska-sztuka-wspolczesna-w-oczach-dzieci-i-doroslych-potencjal-pedagogiczny-komunikacyjny-oraz-kulturowy-wybranych-obrazow-jacka-yerki-tomasza-setowskiego-rafala-olbinskiego-i-zdzislawa-beksinski","status":"publish","type":"product","link":"https:\/\/wydawnictwo.ug.edu.pl\/en\/ksiegarnia-online\/literaturoznawstwo\/polska-sztuka-wspolczesna-w-oczach-dzieci-i-doroslych-potencjal-pedagogiczny-komunikacyjny-oraz-kulturowy-wybranych-obrazow-jacka-yerki-tomasza-setowskiego-rafala-olbinskiego-i-zdzislawa-beksinski\/","title":{"rendered":"Polska sztuka wsp\u00f3\u0142czesna w oczach dzieci i doros\u0142ych. Potencja\u0142 pedagogiczny, komunikacyjny oraz kulturowy wybranych obraz\u00f3w Jacka Yerki, Tomasza S\u0119towskiego, Rafa\u0142a Olbi\u0144skiego i Zdzis\u0142awa Beksi\u0144skiego"},"content":{"rendered":"","protected":false},"excerpt":{"rendered":"<p>Ma\u0142gorzata Karczmarzyk podejmuje z\u0142o\u017cony problem uczestnictwa dzieci w kulturze\u00a0wysokiej. Temat trudny zar\u00f3wno ze wzgl\u0119du na specyfik\u0119 poznawcz\u0105 odbiorc\u00f3w (dzieci),\u00a0jak i nie\u0142atw\u0105 sytuacj\u0119 spo\u0142eczno-kulturow\u0105 wsp\u00f3\u0142czesnej sztuki wizualnej (przy ekspansji\u00a0sztuki masowej). Tytu\u0142 prezentowanej ksi\u0105\u017cki niesie konotacje nieoczywiste, wi\u0119c mo\u017ce\u00a0by\u0107 swego rodzaju prowokacj\u0105 poznawcz\u0105. Ksi\u0105\u017cka mo\u017ce sta\u0107 si\u0119 mocnym argumentem za\u00a0wyznaczaniem powa\u017cnych zada\u0144 poznawczych dzieciom ju\u017c od najwcze\u015bniejszych etap\u00f3w\u00a0edukacji. Pokazuje bowiem mo\u017cliwo\u015bci poznawcze dzieci \u2013 percepcji, umiej\u0119tno\u015bci kojarzenia,\u00a0wnioskowania, interpretacji symboli i metafor. To kompetencje poznawcze kluczowe\u00a0dla dalszej edukacji oraz dla funkcjonowania w kulturze i \u015bwiecie spo\u0142ecznym. Dzi\u0119ki\u00a0takim dzia\u0142aniom edukacyjnym, kt\u00f3re proponuje Autorka, edukacja mo\u017ce si\u0119 przyczyni\u0107\u00a0do prze\u0142amania dominacji kultury niskiej w przestrzeni spo\u0142ecznej.<\/p>\n<p>Z recenzji dr hab. Anny Wasilewskiej, prof. AMW<\/p>\n","protected":false},"featured_media":16761,"template":"","meta":{"_acf_changed":false},"journal":[],"rodzaj":[7074],"seria":[],"product_brand":[],"product_cat":[6936,6925,7007],"product_tag":[7995],"class_list":{"0":"post-46548","1":"product","2":"type-product","3":"status-publish","4":"has-post-thumbnail","6":"rodzaj-ksiazki","7":"product_cat-historia-sztuki-i-kulturoznawstwo","8":"product_cat-literaturoznawstwo","9":"product_cat-pedagogika-i-psychologia","10":"product_tag-malgorzata-karczmarzykmalgorzata-karczmarzyk","11":"pa_rok-wydania-2020-en","13":"first","14":"outofstock","15":"taxable","16":"shipping-taxable","17":"purchasable","18":"product-type-simple"},"acf":[],"_links":{"self":[{"href":"https:\/\/wydawnictwo.ug.edu.pl\/en\/wp-json\/wp\/v2\/product\/46548","targetHints":{"allow":["GET"]}}],"collection":[{"href":"https:\/\/wydawnictwo.ug.edu.pl\/en\/wp-json\/wp\/v2\/product"}],"about":[{"href":"https:\/\/wydawnictwo.ug.edu.pl\/en\/wp-json\/wp\/v2\/types\/product"}],"wp:featuredmedia":[{"embeddable":true,"href":"https:\/\/wydawnictwo.ug.edu.pl\/en\/wp-json\/wp\/v2\/media\/16761"}],"wp:attachment":[{"href":"https:\/\/wydawnictwo.ug.edu.pl\/en\/wp-json\/wp\/v2\/media?parent=46548"}],"wp:term":[{"taxonomy":"journal","embeddable":true,"href":"https:\/\/wydawnictwo.ug.edu.pl\/en\/wp-json\/wp\/v2\/journal?post=46548"},{"taxonomy":"rodzaj","embeddable":true,"href":"https:\/\/wydawnictwo.ug.edu.pl\/en\/wp-json\/wp\/v2\/rodzaj?post=46548"},{"taxonomy":"seria","embeddable":true,"href":"https:\/\/wydawnictwo.ug.edu.pl\/en\/wp-json\/wp\/v2\/seria?post=46548"},{"taxonomy":"product_brand","embeddable":true,"href":"https:\/\/wydawnictwo.ug.edu.pl\/en\/wp-json\/wp\/v2\/product_brand?post=46548"},{"taxonomy":"product_cat","embeddable":true,"href":"https:\/\/wydawnictwo.ug.edu.pl\/en\/wp-json\/wp\/v2\/product_cat?post=46548"},{"taxonomy":"product_tag","embeddable":true,"href":"https:\/\/wydawnictwo.ug.edu.pl\/en\/wp-json\/wp\/v2\/product_tag?post=46548"}],"curies":[{"name":"wp","href":"https:\/\/api.w.org\/{rel}","templated":true}]}}