{"id":46543,"date":"2019-12-01T00:00:00","date_gmt":"2019-12-01T00:00:00","guid":{"rendered":"https:\/\/wydawnictwo.ug.edu.pl\/ksiegarnia-online\/uncategorized\/koncepcje-zarzadzania-podmiotami-leczniczymi\/"},"modified":"2026-02-11T14:24:46","modified_gmt":"2026-02-11T14:24:46","slug":"koncepcje-zarzadzania-podmiotami-leczniczymi","status":"publish","type":"product","link":"https:\/\/wydawnictwo.ug.edu.pl\/en\/ksiegarnia-online\/zarzadzanie\/koncepcje-zarzadzania-podmiotami-leczniczymi\/","title":{"rendered":"Koncepcje zarz\u0105dzania podmiotami leczniczymi"},"content":{"rendered":"","protected":false},"excerpt":{"rendered":"<p>W publikacji zaprezentowane s\u0105 najnowsze trendy, koncepcje, modele i teorie, kt\u00f3re powstaj\u0105, aby rozwi\u0105zywa\u0107 problemy wyst\u0119puj\u0105ce w sektorze ochrony zdrowia. Prezentowana tematyka przyczyni si\u0119 do rozwoju metodologicznego zarz\u0105dzania podmiotami leczniczymi i wzbogaci wiedz\u0119 o funkcjonowaniu i doskonaleniu organizacji publicznych. Swym zakresem obejmuje uwarunkowania funkcjonowania podmiot\u00f3w leczniczych, koncepcje zorientowane na wyszczuplenie organizacji. Mocny nacisk po\u0142o\u017cono te\u017c na prezentacj\u0119 zagadnie\u0144 dotycz\u0105cych zarz\u0105dzania jako\u015bci\u0105 us\u0142ug medycznych oraz wiedz\u0119 jako podstawowy zas\u00f3b podmiot\u00f3w leczniczych.<\/p>\n<p><b>Ksi\u0105\u017cka finansowana w ramach Programu ProUG.<\/b><\/p>\n","protected":false},"featured_media":15279,"template":"","meta":{"_acf_changed":false},"journal":[],"rodzaj":[7074],"seria":[],"product_brand":[],"product_cat":[6942],"product_tag":[7672,7673],"class_list":{"0":"post-46543","1":"product","2":"type-product","3":"status-publish","4":"has-post-thumbnail","6":"rodzaj-ksiazki","7":"product_cat-zarzadzanie","8":"product_tag-jaroslaw-wasniewski","9":"product_tag-jedrzej-strumillo","11":"first","12":"instock","13":"taxable","14":"shipping-taxable","15":"purchasable","16":"product-type-external"},"acf":[],"_links":{"self":[{"href":"https:\/\/wydawnictwo.ug.edu.pl\/en\/wp-json\/wp\/v2\/product\/46543","targetHints":{"allow":["GET"]}}],"collection":[{"href":"https:\/\/wydawnictwo.ug.edu.pl\/en\/wp-json\/wp\/v2\/product"}],"about":[{"href":"https:\/\/wydawnictwo.ug.edu.pl\/en\/wp-json\/wp\/v2\/types\/product"}],"wp:featuredmedia":[{"embeddable":true,"href":"https:\/\/wydawnictwo.ug.edu.pl\/en\/wp-json\/wp\/v2\/media\/15279"}],"wp:attachment":[{"href":"https:\/\/wydawnictwo.ug.edu.pl\/en\/wp-json\/wp\/v2\/media?parent=46543"}],"wp:term":[{"taxonomy":"journal","embeddable":true,"href":"https:\/\/wydawnictwo.ug.edu.pl\/en\/wp-json\/wp\/v2\/journal?post=46543"},{"taxonomy":"rodzaj","embeddable":true,"href":"https:\/\/wydawnictwo.ug.edu.pl\/en\/wp-json\/wp\/v2\/rodzaj?post=46543"},{"taxonomy":"seria","embeddable":true,"href":"https:\/\/wydawnictwo.ug.edu.pl\/en\/wp-json\/wp\/v2\/seria?post=46543"},{"taxonomy":"product_brand","embeddable":true,"href":"https:\/\/wydawnictwo.ug.edu.pl\/en\/wp-json\/wp\/v2\/product_brand?post=46543"},{"taxonomy":"product_cat","embeddable":true,"href":"https:\/\/wydawnictwo.ug.edu.pl\/en\/wp-json\/wp\/v2\/product_cat?post=46543"},{"taxonomy":"product_tag","embeddable":true,"href":"https:\/\/wydawnictwo.ug.edu.pl\/en\/wp-json\/wp\/v2\/product_tag?post=46543"}],"curies":[{"name":"wp","href":"https:\/\/api.w.org\/{rel}","templated":true}]}}