{"id":46536,"date":"2019-12-01T00:00:00","date_gmt":"2019-12-01T00:00:00","guid":{"rendered":"https:\/\/wydawnictwo.ug.edu.pl\/ksiegarnia-online\/uncategorized\/inicjatywa-pasa-i-szlaku-polska-perspektywa\/"},"modified":"2026-04-16T07:59:45","modified_gmt":"2026-04-16T07:59:45","slug":"inicjatywa-pasa-i-szlaku-polska-perspektywa","status":"publish","type":"product","link":"https:\/\/wydawnictwo.ug.edu.pl\/en\/ksiegarnia-online\/ekonomia\/inicjatywa-pasa-i-szlaku-polska-perspektywa\/","title":{"rendered":"Inicjatywa Pasa i Szlaku. Polska perspektywa"},"content":{"rendered":"","protected":false},"excerpt":{"rendered":"<p>Kluczow\u0105 kwesti\u0105 dla powodzenia Inicjatywy Pasa i Szlaku jest jej akceptacja w\u015br\u00f3d spo\u0142ecze\u0144stw pa\u0144stw, kt\u00f3re maj\u0105 j\u0105 wsp\u00f3\u0142tworzy\u0107. Niniejsza publikacja stanowi odpowied\u017a na pytanie, czy Polacy s\u0105 gotowi na partnerstwo ze stron\u0105 chi\u0144sk\u0105. Przeprowadzone badania obrazuj\u0105, jaka jest wiedza na temat polskiej wsp\u00f3\u0142pracy z Chinami oraz nastawienie spo\u0142ecze\u0144stwa wobec chi\u0144skich przedsi\u0119wzi\u0119\u0107, inwestycji i towar\u00f3w. Ksi\u0105\u017cka przedstawia tak\u017ce teorie zwi\u0105zane z chi\u0144skimi inwestycjami zagranicznymi oraz koncepcj\u0119 wzrostu wsp\u00f3\u0142dzielonego. Ukazuje rozw\u00f3j projektu Nowego Jedwabnego Szlaku, a tak\u017ce inwestycji z nim zwi\u0105zanych na \u015bwiecie oraz w Polsce.<\/p>\n<p>Seria: Biblioteka Studi\u00f3w Azji Wschodniej<\/p>\n","protected":false},"featured_media":15492,"template":"","meta":{"_acf_changed":false},"journal":[],"rodzaj":[7074,7076],"seria":[7079],"product_brand":[],"product_cat":[6934],"product_tag":[7986,7428,7987],"class_list":{"0":"post-46536","1":"product","2":"type-product","3":"status-publish","4":"has-post-thumbnail","6":"rodzaj-ksiazki","7":"rodzaj-serie-wydawnicze","8":"seria-biblioteka-studiow-azji-wschodniej","9":"product_cat-ekonomia","10":"product_tag-ewa-oziewiczewa-oziewicz","11":"product_tag-tomasz-bielinskitomasz-bielinski","12":"product_tag-tomasz-michalowski","14":"first","15":"instock","16":"taxable","17":"shipping-taxable","18":"purchasable","19":"product-type-simple"},"acf":[],"_links":{"self":[{"href":"https:\/\/wydawnictwo.ug.edu.pl\/en\/wp-json\/wp\/v2\/product\/46536","targetHints":{"allow":["GET"]}}],"collection":[{"href":"https:\/\/wydawnictwo.ug.edu.pl\/en\/wp-json\/wp\/v2\/product"}],"about":[{"href":"https:\/\/wydawnictwo.ug.edu.pl\/en\/wp-json\/wp\/v2\/types\/product"}],"wp:featuredmedia":[{"embeddable":true,"href":"https:\/\/wydawnictwo.ug.edu.pl\/en\/wp-json\/wp\/v2\/media\/15492"}],"wp:attachment":[{"href":"https:\/\/wydawnictwo.ug.edu.pl\/en\/wp-json\/wp\/v2\/media?parent=46536"}],"wp:term":[{"taxonomy":"journal","embeddable":true,"href":"https:\/\/wydawnictwo.ug.edu.pl\/en\/wp-json\/wp\/v2\/journal?post=46536"},{"taxonomy":"rodzaj","embeddable":true,"href":"https:\/\/wydawnictwo.ug.edu.pl\/en\/wp-json\/wp\/v2\/rodzaj?post=46536"},{"taxonomy":"seria","embeddable":true,"href":"https:\/\/wydawnictwo.ug.edu.pl\/en\/wp-json\/wp\/v2\/seria?post=46536"},{"taxonomy":"product_brand","embeddable":true,"href":"https:\/\/wydawnictwo.ug.edu.pl\/en\/wp-json\/wp\/v2\/product_brand?post=46536"},{"taxonomy":"product_cat","embeddable":true,"href":"https:\/\/wydawnictwo.ug.edu.pl\/en\/wp-json\/wp\/v2\/product_cat?post=46536"},{"taxonomy":"product_tag","embeddable":true,"href":"https:\/\/wydawnictwo.ug.edu.pl\/en\/wp-json\/wp\/v2\/product_tag?post=46536"}],"curies":[{"name":"wp","href":"https:\/\/api.w.org\/{rel}","templated":true}]}}