{"id":46501,"date":"2021-08-31T11:42:05","date_gmt":"2021-08-31T11:42:05","guid":{"rendered":"https:\/\/wydawnictwo.ug.edu.pl\/ksiegarnia-online\/uncategorized\/fenomen-obrazu-milosierdzia-wcielonego\/"},"modified":"2026-02-11T14:12:08","modified_gmt":"2026-02-11T14:12:08","slug":"fenomen-obrazu-milosierdzia-wcielonego","status":"publish","type":"product","link":"https:\/\/wydawnictwo.ug.edu.pl\/en\/ksiegarnia-online\/religioznawstwo\/fenomen-obrazu-milosierdzia-wcielonego\/","title":{"rendered":"Fenomen obrazu Mi\u0142osierdzia Wcielonego"},"content":{"rendered":"","protected":false},"excerpt":{"rendered":"<p>Autor ukazuje warto\u015b\u0107 obrazu objawionego s. Faustynie oraz analizuje zawarty w nim przekaz. Nowatorskim podej\u015bciem do tematu jest postrzeganie do\u015bwiadcze\u0144 mistycznych zakonnicy w kategoriach wizualnych, a poznanie zawartych w nim znacze\u0144 staje si\u0119 czytelne przez odczytanie ich z perspektywy biblijnej i \u017cydowskiej. Przybli\u017caj\u0105c czytelnikowi przekaz polskiej mistyczki, autor uwzgl\u0119dnia zatem nie tylko wizualny charakter objawie\u0144, lecz r\u00f3wnie\u017c fakt, \u017ce znaczenia objawionych jej poj\u0119\u0107 nawi\u0105zuj\u0105 do liturgii \u017cydowskiej. Stosuj\u0105c powy\u017csz\u0105 optyk\u0119, autor umo\u017cliwia poznanie istoty objawie\u0144 zgodnie ze sposobem przekazanym s. Faustynie przez Pana Jezusa, kt\u00f3ry polega na oddzia\u0142ywaniu obrazu i s\u0142owa.<\/p>\n<p>Jeden z\u00a0 istotnych postulat\u00f3w pracy dotyczy skorygowania b\u0142\u0119dnych form kultu Mi\u0142osierdzia Bo\u017cego, rozwijanych w niekt\u00f3rych jego tradycjach w opozycji do s\u0142\u00f3w podyktowanych zakonnicy przez Pana Jezusa. Z\u00a0 lektury pracy wynika,\u00a0 \u017ce przyczyn\u0105 b\u0142\u0119d\u00f3w w rozwoju niekt\u00f3rych form tego kultu jest arbitralne odcinanie si\u0119 od jego \u017ar\u00f3de\u0142 oraz przyjmowanie przez dysponent\u00f3w kultu partykularnych cel\u00f3w nieobecnych ani w objawieniu biblijnym, ani w objawieniach mistyczki. Najwa\u017cniejszym przes\u0142aniem ksi\u0105\u017cki jest jednak przybli\u017cenie przekazu zawartego w objawionym obrazie, kt\u00f3ry za o. Michalenko, wicepostulatorem w procesie kanonizacyjnym s. Faustyny, autor okre\u015bla jako obraz Mi\u0142osierdzia Wcielonego. Autor ujawnia te\u017c nieznane walory jego funkcji ocalaj\u0105cej oraz cel objawienia obrazu przez Pana Jezusa, kt\u00f3rym jest przygotowanie ludzko\u015bci na paruzj\u0119.<\/p>\n","protected":false},"featured_media":15338,"template":"","meta":{"_acf_changed":false},"journal":[],"rodzaj":[],"seria":[],"product_brand":[],"product_cat":[7011],"product_tag":[],"class_list":{"0":"post-46501","1":"product","2":"type-product","3":"status-publish","4":"has-post-thumbnail","6":"product_cat-religioznawstwo","8":"first","9":"outofstock","10":"taxable","11":"shipping-taxable","12":"purchasable","13":"product-type-simple"},"acf":[],"_links":{"self":[{"href":"https:\/\/wydawnictwo.ug.edu.pl\/en\/wp-json\/wp\/v2\/product\/46501","targetHints":{"allow":["GET"]}}],"collection":[{"href":"https:\/\/wydawnictwo.ug.edu.pl\/en\/wp-json\/wp\/v2\/product"}],"about":[{"href":"https:\/\/wydawnictwo.ug.edu.pl\/en\/wp-json\/wp\/v2\/types\/product"}],"wp:featuredmedia":[{"embeddable":true,"href":"https:\/\/wydawnictwo.ug.edu.pl\/en\/wp-json\/wp\/v2\/media\/15338"}],"wp:attachment":[{"href":"https:\/\/wydawnictwo.ug.edu.pl\/en\/wp-json\/wp\/v2\/media?parent=46501"}],"wp:term":[{"taxonomy":"journal","embeddable":true,"href":"https:\/\/wydawnictwo.ug.edu.pl\/en\/wp-json\/wp\/v2\/journal?post=46501"},{"taxonomy":"rodzaj","embeddable":true,"href":"https:\/\/wydawnictwo.ug.edu.pl\/en\/wp-json\/wp\/v2\/rodzaj?post=46501"},{"taxonomy":"seria","embeddable":true,"href":"https:\/\/wydawnictwo.ug.edu.pl\/en\/wp-json\/wp\/v2\/seria?post=46501"},{"taxonomy":"product_brand","embeddable":true,"href":"https:\/\/wydawnictwo.ug.edu.pl\/en\/wp-json\/wp\/v2\/product_brand?post=46501"},{"taxonomy":"product_cat","embeddable":true,"href":"https:\/\/wydawnictwo.ug.edu.pl\/en\/wp-json\/wp\/v2\/product_cat?post=46501"},{"taxonomy":"product_tag","embeddable":true,"href":"https:\/\/wydawnictwo.ug.edu.pl\/en\/wp-json\/wp\/v2\/product_tag?post=46501"}],"curies":[{"name":"wp","href":"https:\/\/api.w.org\/{rel}","templated":true}]}}