{"id":46483,"date":"2019-11-30T00:00:00","date_gmt":"2019-11-30T00:00:00","guid":{"rendered":"https:\/\/wydawnictwo.ug.edu.pl\/ksiegarnia-online\/uncategorized\/instrumenty-ochrony-praw-rodziny-i-ochrony-praw-dziecka\/"},"modified":"2026-02-11T14:34:04","modified_gmt":"2026-02-11T14:34:04","slug":"instrumenty-ochrony-praw-rodziny-i-ochrony-praw-dziecka","status":"publish","type":"product","link":"https:\/\/wydawnictwo.ug.edu.pl\/en\/ksiegarnia-online\/prawo-i-administracja\/instrumenty-ochrony-praw-rodziny-i-ochrony-praw-dziecka\/","title":{"rendered":"Instrumenty ochrony praw rodziny i ochrony praw dziecka"},"content":{"rendered":"","protected":false},"excerpt":{"rendered":"<p>Wsp\u00f3\u0142praca: Piotr Gajewski, Agata Zys<\/p>\n<p>Monografia stanowi zbi\u00f3r artyku\u0142\u00f3w zwi\u0105zanych z szeroko poj\u0119t\u0105 problematyk\u0105 ochrony praw dziecka oraz ochrony praw rodziny. Poszczeg\u00f3lne prace odnosz\u0105 si\u0119 zar\u00f3wno do ustrojowych ram ochrony dzieci i rodziny, prawa rodzinnego, jak i karnych i administracyjnych aspekt\u00f3w ochrony. W przekonaniu Redaktor\u00f3w publikacja pomaga uporz\u0105dkowa\u0107 wiedz\u0119 oraz wymian\u0119 do\u015bwiadcze\u0144 zwi\u0105zanych z ochron\u0105 praw dzieci i ochron\u0105 praw rodziny przez analiz\u0119 obecnych regulacji prawnych, wypowiedzi doktryny prawniczej oraz analiz\u0119 bie\u017c\u0105cego orzecznictwa. Ksi\u0105\u017cka zawiera artyku\u0142y do\u015bwiadczonych ekspert\u00f3w, jak r\u00f3wnie\u017c m\u0142odych naukowc\u00f3w, gdy\u017c celem publikacji by\u0142o stworzenie jak najszerszej platformy wymiany pogl\u0105d\u00f3w.<\/p>\n","protected":false},"featured_media":15292,"template":"","meta":{"_acf_changed":false},"journal":[],"rodzaj":[],"seria":[],"product_brand":[],"product_cat":[6932],"product_tag":[7934,7935,7936,7937],"class_list":{"0":"post-46483","1":"product","2":"type-product","3":"status-publish","4":"has-post-thumbnail","6":"product_cat-prawo-i-administracja","7":"product_tag-agata-zysagata-zys","8":"product_tag-anna-sylwestrzak","9":"product_tag-malgorzata-balwica-szczyrbamalgorzata-balwica-szczyrba","10":"product_tag-piotr-gajewskipiotr-gajewski","12":"first","13":"instock","14":"taxable","15":"shipping-taxable","16":"product-type-simple"},"acf":[],"_links":{"self":[{"href":"https:\/\/wydawnictwo.ug.edu.pl\/en\/wp-json\/wp\/v2\/product\/46483","targetHints":{"allow":["GET"]}}],"collection":[{"href":"https:\/\/wydawnictwo.ug.edu.pl\/en\/wp-json\/wp\/v2\/product"}],"about":[{"href":"https:\/\/wydawnictwo.ug.edu.pl\/en\/wp-json\/wp\/v2\/types\/product"}],"wp:featuredmedia":[{"embeddable":true,"href":"https:\/\/wydawnictwo.ug.edu.pl\/en\/wp-json\/wp\/v2\/media\/15292"}],"wp:attachment":[{"href":"https:\/\/wydawnictwo.ug.edu.pl\/en\/wp-json\/wp\/v2\/media?parent=46483"}],"wp:term":[{"taxonomy":"journal","embeddable":true,"href":"https:\/\/wydawnictwo.ug.edu.pl\/en\/wp-json\/wp\/v2\/journal?post=46483"},{"taxonomy":"rodzaj","embeddable":true,"href":"https:\/\/wydawnictwo.ug.edu.pl\/en\/wp-json\/wp\/v2\/rodzaj?post=46483"},{"taxonomy":"seria","embeddable":true,"href":"https:\/\/wydawnictwo.ug.edu.pl\/en\/wp-json\/wp\/v2\/seria?post=46483"},{"taxonomy":"product_brand","embeddable":true,"href":"https:\/\/wydawnictwo.ug.edu.pl\/en\/wp-json\/wp\/v2\/product_brand?post=46483"},{"taxonomy":"product_cat","embeddable":true,"href":"https:\/\/wydawnictwo.ug.edu.pl\/en\/wp-json\/wp\/v2\/product_cat?post=46483"},{"taxonomy":"product_tag","embeddable":true,"href":"https:\/\/wydawnictwo.ug.edu.pl\/en\/wp-json\/wp\/v2\/product_tag?post=46483"}],"curies":[{"name":"wp","href":"https:\/\/api.w.org\/{rel}","templated":true}]}}