{"id":46478,"date":"2019-11-30T00:00:00","date_gmt":"2019-11-30T00:00:00","guid":{"rendered":"https:\/\/wydawnictwo.ug.edu.pl\/ksiegarnia-online\/uncategorized\/okiem-mlodych-badaczy-o-duchowosci-i-religijnosci-inaczej\/"},"modified":"2026-02-11T14:39:51","modified_gmt":"2026-02-11T14:39:51","slug":"okiem-mlodych-badaczy-o-duchowosci-i-religijnosci-inaczej","status":"publish","type":"product","link":"https:\/\/wydawnictwo.ug.edu.pl\/en\/ksiegarnia-online\/pedagogika-i-psychologia\/okiem-mlodych-badaczy-o-duchowosci-i-religijnosci-inaczej\/","title":{"rendered":"Okiem m\u0142odych badaczy. O duchowo\u015bci i religijno\u015bci inaczej"},"content":{"rendered":"","protected":false},"excerpt":{"rendered":"<p>Czym jest duchowo\u015b\u0107 oczami m\u0142odego badacza? Co nam daje? Po co anga\u017cujemy si\u0119 w duchowe dzia\u0142ania? Odpowied\u017a nie jest prosta, ale przynajmniej warto jej poszukiwa\u0107, bo jeste\u015bmy istotami duchowymi, kt\u00f3re buduj\u0105 wewn\u0119trzny \u015bwiat na podstawie jego do\u015bwiadczania, interakcji z nim, w tym\u00a0 relacji interpersonalnych, w\u0142asnych przemy\u015ble\u0144 czy uczu\u0107. Do tego potrzebna jest to\u017csamo\u015b\u0107, kt\u00f3ra konstytuuje nasze niepowtarzalne ja, moralno\u015b\u0107 \u2013 by zna\u0107 regu\u0142y post\u0119powania s\u0142u\u017c\u0105ce rozwojowi i nie krzywdz\u0105ce innych, nasze cia\u0142o \u2013 daj\u0105ce szans\u0119 przemieszczania si\u0119 i ciekawej interakcji odczu\u0107 \u015bwiata fizycznego. W tym wszystkim poszukujemy sensu \u017cycia i szansy na samorozw\u00f3j. Duchowa sfera, prawdopodobnie dzi\u0119ki duchowej inteligencji, umo\u017cliwia nam sterowanie tymi procesami. Czy mamy zatem jeszcze szans\u0119 odkry\u0107 co\u015b nowego? Tak. Propozycje dotycz\u0105 nowej duchowo\u015bci, kwantowej teorii \u015bwiadomo\u015bci, duchowo\u015bci ekologicznej czy religii przysz\u0142o\u015bci ukazuj\u0105cej psychologiczne oblicze walki o ratowanie klimatu na Ziemi. Warto si\u0119 zetkn\u0105\u0107 z tymi zagadnieniami, by oceni\u0107, jaka przysz\u0142o\u015b\u0107 psychologiczna nas czeka.<\/p>\n","protected":false},"featured_media":16117,"template":"","meta":{"_acf_changed":false},"journal":[],"rodzaj":[],"seria":[],"product_brand":[],"product_cat":[7007],"product_tag":[7928],"class_list":{"0":"post-46478","1":"product","2":"type-product","3":"status-publish","4":"has-post-thumbnail","6":"product_cat-pedagogika-i-psychologia","7":"product_tag-katarzyna-skrzypinska","8":"pa_rok-wydania-2020-en","10":"first","11":"outofstock","12":"taxable","13":"shipping-taxable","14":"purchasable","15":"product-type-simple"},"acf":[],"_links":{"self":[{"href":"https:\/\/wydawnictwo.ug.edu.pl\/en\/wp-json\/wp\/v2\/product\/46478","targetHints":{"allow":["GET"]}}],"collection":[{"href":"https:\/\/wydawnictwo.ug.edu.pl\/en\/wp-json\/wp\/v2\/product"}],"about":[{"href":"https:\/\/wydawnictwo.ug.edu.pl\/en\/wp-json\/wp\/v2\/types\/product"}],"wp:featuredmedia":[{"embeddable":true,"href":"https:\/\/wydawnictwo.ug.edu.pl\/en\/wp-json\/wp\/v2\/media\/16117"}],"wp:attachment":[{"href":"https:\/\/wydawnictwo.ug.edu.pl\/en\/wp-json\/wp\/v2\/media?parent=46478"}],"wp:term":[{"taxonomy":"journal","embeddable":true,"href":"https:\/\/wydawnictwo.ug.edu.pl\/en\/wp-json\/wp\/v2\/journal?post=46478"},{"taxonomy":"rodzaj","embeddable":true,"href":"https:\/\/wydawnictwo.ug.edu.pl\/en\/wp-json\/wp\/v2\/rodzaj?post=46478"},{"taxonomy":"seria","embeddable":true,"href":"https:\/\/wydawnictwo.ug.edu.pl\/en\/wp-json\/wp\/v2\/seria?post=46478"},{"taxonomy":"product_brand","embeddable":true,"href":"https:\/\/wydawnictwo.ug.edu.pl\/en\/wp-json\/wp\/v2\/product_brand?post=46478"},{"taxonomy":"product_cat","embeddable":true,"href":"https:\/\/wydawnictwo.ug.edu.pl\/en\/wp-json\/wp\/v2\/product_cat?post=46478"},{"taxonomy":"product_tag","embeddable":true,"href":"https:\/\/wydawnictwo.ug.edu.pl\/en\/wp-json\/wp\/v2\/product_tag?post=46478"}],"curies":[{"name":"wp","href":"https:\/\/api.w.org\/{rel}","templated":true}]}}