{"id":46434,"date":"2019-12-01T00:00:00","date_gmt":"2019-12-01T00:00:00","guid":{"rendered":"https:\/\/wydawnictwo.ug.edu.pl\/ksiegarnia-online\/uncategorized\/wspolpraca-regionalna-panstw-autorytarnych-studium-przypadku-arabskich-panstw-bliskiego-wschodu\/"},"modified":"2026-02-11T14:24:25","modified_gmt":"2026-02-11T14:24:25","slug":"wspolpraca-regionalna-panstw-autorytarnych-studium-przypadku-arabskich-panstw-bliskiego-wschodu","status":"publish","type":"product","link":"https:\/\/wydawnictwo.ug.edu.pl\/en\/ksiegarnia-online\/politologia\/wspolpraca-regionalna-panstw-autorytarnych-studium-przypadku-arabskich-panstw-bliskiego-wschodu\/","title":{"rendered":"Wsp\u00f3\u0142praca regionalna pa\u0144stw autorytarnych. Studium przypadku arabskich pa\u0144stw Bliskiego Wschodu"},"content":{"rendered":"","protected":false},"excerpt":{"rendered":"<p>Niniejsza ksi\u0105\u017cka ukazuje wysi\u0142ki integracyjne podejmowane przez pa\u0144stwa autorytarne, dowodz\u0105c, \u017ce kluczowym czynnikiem, kt\u00f3ry determinuje pora\u017cki na polu integracji, jest typ systemu politycznego (system autorytarny). Pa\u0144stwa autorytarne stawiaj\u0105 organizacjom regionalnym inne cele ni\u017c pa\u0144stwa demokratyczne, a s\u0105 to przede wszystkim: utrzymanie w\u0142adzy, jej umocnienie i konsolidacja, zabezpieczenie w\u0142adzy przed opozycj\u0105 czy procesami demokratycznymi, a nawet wykorzystanie tych proces\u00f3w do w\u0142asnych cel\u00f3w.<\/p>\n<p>Ksi\u0105\u017cka ta prze\u0142amuje tabu w pisaniu w Polsce o regionalizmie na Bliskim Wschodzie, przekonuj\u0105c, \u017ce tamtejsze organizacje regionalne nie dbaj\u0105 o popraw\u0119 standardu \u017cycia ich obywateli, a przynajmniej nie jest to dla nich cel najwa\u017cniejszy.<\/p>\n<p>Celem ksi\u0105\u017cki jest uporz\u0105dkowanie wiedzy na temat inicjatyw regionalnych podejmowanych przez pa\u0144stwa autorytarne na Bliskim Wschodzie i ukazanie ich znaczenia dla w\u0142adzy tych\u017ce pa\u0144stw.<\/p>\n","protected":false},"featured_media":15920,"template":"","meta":{"_acf_changed":false},"journal":[],"rodzaj":[],"seria":[],"product_brand":[],"product_cat":[7047],"product_tag":[7892],"class_list":{"0":"post-46434","1":"product","2":"type-product","3":"status-publish","4":"has-post-thumbnail","6":"product_cat-politologia","7":"product_tag-wojciech-grabowskiwojciech-grabowski","8":"pa_rok-wydania-2020-en","10":"first","11":"instock","12":"taxable","13":"shipping-taxable","14":"purchasable","15":"product-type-simple"},"acf":[],"_links":{"self":[{"href":"https:\/\/wydawnictwo.ug.edu.pl\/en\/wp-json\/wp\/v2\/product\/46434","targetHints":{"allow":["GET"]}}],"collection":[{"href":"https:\/\/wydawnictwo.ug.edu.pl\/en\/wp-json\/wp\/v2\/product"}],"about":[{"href":"https:\/\/wydawnictwo.ug.edu.pl\/en\/wp-json\/wp\/v2\/types\/product"}],"wp:featuredmedia":[{"embeddable":true,"href":"https:\/\/wydawnictwo.ug.edu.pl\/en\/wp-json\/wp\/v2\/media\/15920"}],"wp:attachment":[{"href":"https:\/\/wydawnictwo.ug.edu.pl\/en\/wp-json\/wp\/v2\/media?parent=46434"}],"wp:term":[{"taxonomy":"journal","embeddable":true,"href":"https:\/\/wydawnictwo.ug.edu.pl\/en\/wp-json\/wp\/v2\/journal?post=46434"},{"taxonomy":"rodzaj","embeddable":true,"href":"https:\/\/wydawnictwo.ug.edu.pl\/en\/wp-json\/wp\/v2\/rodzaj?post=46434"},{"taxonomy":"seria","embeddable":true,"href":"https:\/\/wydawnictwo.ug.edu.pl\/en\/wp-json\/wp\/v2\/seria?post=46434"},{"taxonomy":"product_brand","embeddable":true,"href":"https:\/\/wydawnictwo.ug.edu.pl\/en\/wp-json\/wp\/v2\/product_brand?post=46434"},{"taxonomy":"product_cat","embeddable":true,"href":"https:\/\/wydawnictwo.ug.edu.pl\/en\/wp-json\/wp\/v2\/product_cat?post=46434"},{"taxonomy":"product_tag","embeddable":true,"href":"https:\/\/wydawnictwo.ug.edu.pl\/en\/wp-json\/wp\/v2\/product_tag?post=46434"}],"curies":[{"name":"wp","href":"https:\/\/api.w.org\/{rel}","templated":true}]}}