{"id":46431,"date":"2019-12-01T00:00:00","date_gmt":"2019-12-01T00:00:00","guid":{"rendered":"https:\/\/wydawnictwo.ug.edu.pl\/ksiegarnia-online\/uncategorized\/zroznicowanie-i-stany-nierownowagi-w-gospodarce-globalnej\/"},"modified":"2026-02-11T14:24:38","modified_gmt":"2026-02-11T14:24:38","slug":"zroznicowanie-i-stany-nierownowagi-w-gospodarce-globalnej","status":"publish","type":"product","link":"https:\/\/wydawnictwo.ug.edu.pl\/en\/ksiegarnia-online\/ekonomia\/zroznicowanie-i-stany-nierownowagi-w-gospodarce-globalnej\/","title":{"rendered":"Zr\u00f3\u017cnicowanie i stany nier\u00f3wnowagi w gospodarce globalnej"},"content":{"rendered":"","protected":false},"excerpt":{"rendered":"<p>W ksi\u0105\u017cce przedstawiono najwa\u017cniejsze problemy gospodarcze, spo\u0142eczne i \u015brodowiskowe, jakie dotkn\u0119\u0142y r\u00f3\u017cne grupy kraj\u00f3w w czasie trwaj\u0105cej od kilku dekad globalizacji. Zaprezentowano tak\u017ce r\u00f3\u017cnice wyst\u0119puj\u0105ce mi\u0119dzy krajami rozwini\u0119tymi, wschodz\u0105cymi i rozwijaj\u0105cymi si\u0119, zwracaj\u0105c szczeg\u00f3ln\u0105 uwag\u0119 na utrzymuj\u0105ce si\u0119 rozbie\u017cno\u015bci mimo wyra\u017anego przyspieszenia rozwoju du\u017cej grupy kraj\u00f3w Azji Wschodniej i niekt\u00f3rych Ameryki \u0141aci\u0144skiej. W\u015br\u00f3d tych wschodz\u0105cych pozostaje grupa, kt\u00f3rym grozi pu\u0142apka \u015bredniego dochodu, czyli stagnacja na osi\u0105gni\u0119tym ju\u017c poziomie ze wzgl\u0119du na brak nowych \u017ar\u00f3de\u0142 rozwojowych. Problemem dla \u015bwiata pozostaje nadal grupa pa\u0144stw rozwijaj\u0105cych si\u0119 \u2013 tych o niskich dochodach i znacz\u0105cym poziomie ub\u00f3stwa, jak pa\u0144stwa Afryki Subsaharyjskiej i Azji Po\u0142udniowej. We wszystkich grupach kraj\u00f3w utrzymuj\u0105 si\u0119 stany nier\u00f3wnowagi makroekonomicznej i spo\u0142ecznej: zad\u0142u\u017cenie publiczne, nier\u00f3wnowagi na rachunkach bie\u017c\u0105cych bilans\u00f3w p\u0142atniczych oraz nier\u00f3wno\u015bci dochodowe. W ramach gospodarki globalnej rosn\u0105 powi\u0105zania produkcyjne i handlowe mi\u0119dzy krajami o r\u00f3\u017cnym poziomie rozwoju zwi\u0105zane z powstawaniem globalnych \u0142a\u0144cuch\u00f3w warto\u015bci w ramach centralnych o\u015brodk\u00f3w aktywno\u015bci, takich jak Azja Wschodnia, Europa czy Ameryka P\u00f3\u0142nocna. W\u015br\u00f3d nich szczeg\u00f3lne miejsce zajmuj\u0105 Chiny \u2013 najwi\u0119ksza i najszybciej rozwijaj\u0105ca si\u0119 gospodarka \u015bwiata; ro\u015bnie te\u017c znaczenie pa\u0144stw stowarzyszonych w ugrupowaniu ASEAN-5 oraz kraj\u00f3w Europy \u015arodkowej i Wschodniej. Problemem cywilizacyjnym dla \u015bwiata jest niszczenie \u015brodowiska naturalnego i zachodz\u0105ce zmiany klimatyczne, wymagaj\u0105ce silniejszej mi\u0119dzynarodowej wsp\u00f3\u0142pracy i solidarno\u015bci.<\/p>\n<p>Wszystkie om\u00f3wione w ksi\u0105\u017cce zagadnienia zosta\u0142y przez autor\u00f3w bogato zilustrowane przyk\u0142adami oraz danymi statystycznymi. Publikacja mo\u017ce by\u0107 wykorzystana jako podr\u0119cznik akademicki do nauczania przedmiot\u00f3w zwi\u0105zanych z gospodark\u0105 mi\u0119dzynarodow\u0105. Jest te\u017c propozycj\u0105 dla przedstawicieli praktyki gospodarczej zajmuj\u0105cych si\u0119 problemami mi\u0119dzynarodowymi.<\/p>\n<p><em>Od Autor\u00f3w<\/em><\/p>\n","protected":false},"featured_media":15573,"template":"","meta":{"_acf_changed":false},"journal":[],"rodzaj":[],"seria":[],"product_brand":[],"product_cat":[6934],"product_tag":[7889,7890,7891],"class_list":{"0":"post-46431","1":"product","2":"type-product","3":"status-publish","4":"has-post-thumbnail","6":"product_cat-ekonomia","7":"product_tag-anna-zielinska-glebocka","8":"product_tag-jakub-kwiatkowski","9":"product_tag-tomasz-tomaszewski","11":"first","12":"instock","13":"taxable","14":"shipping-taxable","15":"product-type-simple"},"acf":[],"_links":{"self":[{"href":"https:\/\/wydawnictwo.ug.edu.pl\/en\/wp-json\/wp\/v2\/product\/46431","targetHints":{"allow":["GET"]}}],"collection":[{"href":"https:\/\/wydawnictwo.ug.edu.pl\/en\/wp-json\/wp\/v2\/product"}],"about":[{"href":"https:\/\/wydawnictwo.ug.edu.pl\/en\/wp-json\/wp\/v2\/types\/product"}],"wp:featuredmedia":[{"embeddable":true,"href":"https:\/\/wydawnictwo.ug.edu.pl\/en\/wp-json\/wp\/v2\/media\/15573"}],"wp:attachment":[{"href":"https:\/\/wydawnictwo.ug.edu.pl\/en\/wp-json\/wp\/v2\/media?parent=46431"}],"wp:term":[{"taxonomy":"journal","embeddable":true,"href":"https:\/\/wydawnictwo.ug.edu.pl\/en\/wp-json\/wp\/v2\/journal?post=46431"},{"taxonomy":"rodzaj","embeddable":true,"href":"https:\/\/wydawnictwo.ug.edu.pl\/en\/wp-json\/wp\/v2\/rodzaj?post=46431"},{"taxonomy":"seria","embeddable":true,"href":"https:\/\/wydawnictwo.ug.edu.pl\/en\/wp-json\/wp\/v2\/seria?post=46431"},{"taxonomy":"product_brand","embeddable":true,"href":"https:\/\/wydawnictwo.ug.edu.pl\/en\/wp-json\/wp\/v2\/product_brand?post=46431"},{"taxonomy":"product_cat","embeddable":true,"href":"https:\/\/wydawnictwo.ug.edu.pl\/en\/wp-json\/wp\/v2\/product_cat?post=46431"},{"taxonomy":"product_tag","embeddable":true,"href":"https:\/\/wydawnictwo.ug.edu.pl\/en\/wp-json\/wp\/v2\/product_tag?post=46431"}],"curies":[{"name":"wp","href":"https:\/\/api.w.org\/{rel}","templated":true}]}}