{"id":46420,"date":"2021-07-22T12:35:24","date_gmt":"2021-07-22T12:35:24","guid":{"rendered":"https:\/\/wydawnictwo.ug.edu.pl\/ksiegarnia-online\/uncategorized\/sojusz-narodu-polskiego-z-morzem-swieto-morza-w-gdyni-1932-1939\/"},"modified":"2026-02-11T14:20:26","modified_gmt":"2026-02-11T14:20:26","slug":"sojusz-narodu-polskiego-z-morzem-swieto-morza-w-gdyni-1932-1939","status":"publish","type":"product","link":"https:\/\/wydawnictwo.ug.edu.pl\/en\/ksiegarnia-online\/historia\/sojusz-narodu-polskiego-z-morzem-swieto-morza-w-gdyni-1932-1939\/","title":{"rendered":"Sojusz narodu polskiego z morzem. \u015awi\u0119to Morza w Gdyni 1932\u20131939"},"content":{"rendered":"<p>\u015awi\u0119to Morza organizowane w Gdyni w latach 1932\u20131939 z niepowtarzalnym rozmachem i bogactwem form spowodowa\u0142o, \u017ce wi\u0119\u017a spo\u0142ecze\u0144stwa polskiego z morzem nabra\u0142a charakteru uczuciowego i religijnego. Wincenty Bartosiak w 1942 r.<\/p>\n","protected":false},"excerpt":{"rendered":"<p>\u015awi\u0119to Morza organizowane w Gdyni w latach 1932\u20131939 z niepowtarzalnym rozmachem i bogactwem form spowodowa\u0142o, \u017ce wi\u0119\u017a spo\u0142ecze\u0144stwa polskiego z morzem nabra\u0142a charakteru uczuciowego i religijnego. Wincenty Bartosiak w 1942 r. na \u0142amach \u201ePolski na Morzach\u201d napisa\u0142, \u017ce \u201eGdynia sta\u0142a si\u0119 \u015bwi\u0119to\u015bci\u0105 narodow\u0105\u201d jak Cz\u0119stochowa. Z okazji \u015awi\u0119ta Morza przyje\u017cd\u017ca\u0142y do Gdyni pielgrzymki z ca\u0142ej Polski. P\u0119d Polak\u00f3w ku morzu mia\u0142 w sobie co\u015b osobliwego, co upodabnia\u0142o go do obrz\u0119du. Ludzie z nabo\u017ce\u0144stwem wchodzili do morza, \u017cegnali si\u0119 morsk\u0105 wod\u0105, zabierali butelki z morsk\u0105 wod\u0105 dla tych, kt\u00f3rzy pozostali w domu. Gdynia w czasie \u015awi\u0119ta Morza przedstawia\u0142a niezwyk\u0142y obraz \u2013 pielgrzymi obozowali na ulicach, skwerach, trawnikach, spali pod go\u0142ym niebem. Tak nar\u00f3d polski wraca\u0142 nad morze. \u015awi\u0119to Morza, zapocz\u0105tkowane jako \u015bwi\u0119to lokalne, sta\u0142o si\u0119 w\u0142a\u015bciwie \u015bwi\u0119tem narodowym, w czasie kt\u00f3rego ca\u0142a ludno\u015b\u0107 Polski, a\u017c po jej najdalsze kresy, manifestowa\u0142a na rzecz morza, wiedziona instynktem, \u017ce jest to zwi\u0105zane z d\u0105\u017ceniem do Polski mocarstwowej, a port w Gdyni oraz oparta na nim flota zapewni\u0105 Polsce dobrobyt i znaczenie na \u015bwiecie.<\/p>\n","protected":false},"featured_media":15142,"template":"","meta":{"_acf_changed":false},"journal":[],"rodzaj":[7074],"seria":[],"product_brand":[],"product_cat":[6958],"product_tag":[7409],"class_list":{"0":"post-46420","1":"product","2":"type-product","3":"status-publish","4":"has-post-thumbnail","6":"rodzaj-ksiazki","7":"product_cat-historia","8":"product_tag-jaroslaw-drozdjaroslaw-drozd","10":"first","11":"instock","12":"taxable","13":"shipping-taxable","14":"purchasable","15":"product-type-simple"},"acf":[],"_links":{"self":[{"href":"https:\/\/wydawnictwo.ug.edu.pl\/en\/wp-json\/wp\/v2\/product\/46420","targetHints":{"allow":["GET"]}}],"collection":[{"href":"https:\/\/wydawnictwo.ug.edu.pl\/en\/wp-json\/wp\/v2\/product"}],"about":[{"href":"https:\/\/wydawnictwo.ug.edu.pl\/en\/wp-json\/wp\/v2\/types\/product"}],"wp:featuredmedia":[{"embeddable":true,"href":"https:\/\/wydawnictwo.ug.edu.pl\/en\/wp-json\/wp\/v2\/media\/15142"}],"wp:attachment":[{"href":"https:\/\/wydawnictwo.ug.edu.pl\/en\/wp-json\/wp\/v2\/media?parent=46420"}],"wp:term":[{"taxonomy":"journal","embeddable":true,"href":"https:\/\/wydawnictwo.ug.edu.pl\/en\/wp-json\/wp\/v2\/journal?post=46420"},{"taxonomy":"rodzaj","embeddable":true,"href":"https:\/\/wydawnictwo.ug.edu.pl\/en\/wp-json\/wp\/v2\/rodzaj?post=46420"},{"taxonomy":"seria","embeddable":true,"href":"https:\/\/wydawnictwo.ug.edu.pl\/en\/wp-json\/wp\/v2\/seria?post=46420"},{"taxonomy":"product_brand","embeddable":true,"href":"https:\/\/wydawnictwo.ug.edu.pl\/en\/wp-json\/wp\/v2\/product_brand?post=46420"},{"taxonomy":"product_cat","embeddable":true,"href":"https:\/\/wydawnictwo.ug.edu.pl\/en\/wp-json\/wp\/v2\/product_cat?post=46420"},{"taxonomy":"product_tag","embeddable":true,"href":"https:\/\/wydawnictwo.ug.edu.pl\/en\/wp-json\/wp\/v2\/product_tag?post=46420"}],"curies":[{"name":"wp","href":"https:\/\/api.w.org\/{rel}","templated":true}]}}