{"id":46396,"date":"2021-09-06T07:27:07","date_gmt":"2021-09-06T07:27:07","guid":{"rendered":"https:\/\/wydawnictwo.ug.edu.pl\/ksiegarnia-online\/uncategorized\/sina-smierc-z-azji-epidemie-cholery-w-polnocno-zachodnich-guberniach-cesarstwa-rosyjskiego\/"},"modified":"2026-02-11T14:12:14","modified_gmt":"2026-02-11T14:12:14","slug":"sina-smierc-z-azji-epidemie-cholery-w-polnocno-zachodnich-guberniach-cesarstwa-rosyjskiego","status":"publish","type":"product","link":"https:\/\/wydawnictwo.ug.edu.pl\/en\/ksiegarnia-online\/historia\/sina-smierc-z-azji-epidemie-cholery-w-polnocno-zachodnich-guberniach-cesarstwa-rosyjskiego\/","title":{"rendered":"Sina \u015bmier\u0107 z Azji. Epidemie cholery w p\u00f3\u0142nocno-zachodnich guberniach Cesarstwa Rosyjskiego w XIX wieku"},"content":{"rendered":"","protected":false},"excerpt":{"rendered":"<p>Tematyka epidemii cholery by\u0142a ju\u017c wielokrotnie podejmowana tak przez lekarzy, jak i historyk\u00f3w medycyny. Mimo to nadal kryje w sobie wiele w\u0105tk\u00f3w i zagadnie\u0144, kt\u00f3re czekaj\u0105 na pog\u0142\u0119bione opracowanie. Niniejsza monogra\ufb01a pod wieloma wzgl\u0119dami wype\u0142nia to zadanie. Skoncentrowano si\u0119 w niej na terenach sze\u015bciu litewskich i bia\u0142oruskich guberni, przez kt\u00f3re w ci\u0105gu XIX wieku przesz\u0142y cztery pandemie cholery, zbieraj\u0105c tu pot\u0119\u017cne \u017cniwo w postaci setek tysi\u0119cy ludzkich istnie\u0144. Przedstawienie statystycznej strony dzia\u0142ania tej zara\u017aliwej choroby jest jednym z walor\u00f3w ksi\u0105\u017cki. Autorka czyni nowe ustalenia w tym zakresie, koryguje dotychczasowe, pokazuje trudno\u015bci, z jakimi boryka\u0142a si\u0119 podczas zbierania danych. Prezentuje, w jaki spos\u00f3b w czasie epidemii tworzono system opieki nad zdrowiem publicznym, z jakich element\u00f3w si\u0119 on sk\u0142ada\u0142, jak funkcjonowa\u0142, jakie by\u0142y jego niedostatki. Przedstawiono tu r\u00f3wnie\u017c ma\u0142o w sumie znane kwestie dzia\u0142ania kordon\u00f3w sanitarno-wojskowych oraz kwarantann. Dzia\u0142ania podejmowane przez rosyjskie w\u0142adze w tej materii por\u00f3wnano z tymi, jakie przeprowadzano w tym czasie w innych krajach europejskich, a tak\u017ce na wsp\u00f3lnej, mi\u0119dzynarodowej arenie. Walorem publikacji, opr\u00f3cz szerokiego t\u0142a i licznych opisanych zagadnie\u0144, jest te\u017c jej strona gra\ufb01czna \u2013 zamieszczone mapy, zdj\u0119cia, plany, karykatury i aneksy. Praca nad ksi\u0105\u017ck\u0105 trwa\u0142a kilka lat i jak napisa\u0142 w swojej recenzji prof. dr hab. Adam Szarszewski z Gda\u0144skiego Uniwersytetu Medycznego:<\/p>\n<p><em>Jest to cenna i dobrze udokumentowana \u017ar\u00f3d\u0142owo monografia, wpisuj\u0105ca si\u0119 w nurt bada\u0144 interdyscyplinarnych szeroko rozumianego zdrowia publicznego nad zjawiskami choroby w jej wymiarze populacyjnym. Autorka przedstawia zar\u00f3wno rozw\u00f3j koncepcji pochodzenia cholery, przebieg poszczeg\u00f3lnych pandemii, statystyk\u0119 zachorowa\u0144 i zgon\u00f3w, jak i podejmowane dzia\u0142ania przeciwepidemiczne, wynikaj\u0105ce z rozmaitych pogl\u0105d\u00f3w etiologicznych choroby na przyk\u0142adzie p\u00f3\u0142nocno-zachodnich guberni Cesarstwa Rosyjskiego w XIX wieku. Koncepcja rozprawy jest sp\u00f3jna i zosta\u0142a konsekwentnie zrealizowana. Stanowi przyk\u0142ad klasycznej monografii historycznej, ujmuj\u0105cej badane zagadnienie ca\u0142o\u015bciowo, w oparciu o dane szczeg\u00f3\u0142owe.<\/em><\/p>\n<p>Rozmowa o ksi\u0105\u017cce z autork\u0105 w audycji <a href=\"https:\/\/audycje.tokfm.pl\/podcast\/109914,Sina-smierc-z-Azji\">OFF Czarek<\/a> w radio TOK FM.<\/p>\n<p><a href=\"https:\/\/www.youtube.com\/watch?v=conzk8d90ds\">Relacja<\/a> ze spotkania promuj\u0105cego ksi\u0105\u017ck\u0119 w Bibliotece Uniwersytetu Gda\u0144skiego.<\/p>\n<p><a href=\"https:\/\/radiogdansk.pl\/audycje-rg\/strefa-historii\/item\/135074-dlaczego-slowo-cholera-stalo-sie-przeklenstwem-rozmowa-z-dr-iwona-janicka\">Audycja<\/a> w Radiu Gda\u0144sk.<\/p>\n","protected":false},"featured_media":15579,"template":"","meta":{"_acf_changed":false},"journal":[],"rodzaj":[],"seria":[],"product_brand":[],"product_cat":[229],"product_tag":[610],"class_list":{"0":"post-46396","1":"product","2":"type-product","3":"status-publish","4":"has-post-thumbnail","6":"product_cat-historia","7":"product_tag-iwona-janicka","9":"first","10":"instock","11":"taxable","12":"shipping-taxable","13":"purchasable","14":"product-type-simple"},"acf":[],"_links":{"self":[{"href":"https:\/\/wydawnictwo.ug.edu.pl\/en\/wp-json\/wp\/v2\/product\/46396","targetHints":{"allow":["GET"]}}],"collection":[{"href":"https:\/\/wydawnictwo.ug.edu.pl\/en\/wp-json\/wp\/v2\/product"}],"about":[{"href":"https:\/\/wydawnictwo.ug.edu.pl\/en\/wp-json\/wp\/v2\/types\/product"}],"wp:featuredmedia":[{"embeddable":true,"href":"https:\/\/wydawnictwo.ug.edu.pl\/en\/wp-json\/wp\/v2\/media\/15579"}],"wp:attachment":[{"href":"https:\/\/wydawnictwo.ug.edu.pl\/en\/wp-json\/wp\/v2\/media?parent=46396"}],"wp:term":[{"taxonomy":"journal","embeddable":true,"href":"https:\/\/wydawnictwo.ug.edu.pl\/en\/wp-json\/wp\/v2\/journal?post=46396"},{"taxonomy":"rodzaj","embeddable":true,"href":"https:\/\/wydawnictwo.ug.edu.pl\/en\/wp-json\/wp\/v2\/rodzaj?post=46396"},{"taxonomy":"seria","embeddable":true,"href":"https:\/\/wydawnictwo.ug.edu.pl\/en\/wp-json\/wp\/v2\/seria?post=46396"},{"taxonomy":"product_brand","embeddable":true,"href":"https:\/\/wydawnictwo.ug.edu.pl\/en\/wp-json\/wp\/v2\/product_brand?post=46396"},{"taxonomy":"product_cat","embeddable":true,"href":"https:\/\/wydawnictwo.ug.edu.pl\/en\/wp-json\/wp\/v2\/product_cat?post=46396"},{"taxonomy":"product_tag","embeddable":true,"href":"https:\/\/wydawnictwo.ug.edu.pl\/en\/wp-json\/wp\/v2\/product_tag?post=46396"}],"curies":[{"name":"wp","href":"https:\/\/api.w.org\/{rel}","templated":true}]}}