{"id":46386,"date":"2021-09-10T12:32:22","date_gmt":"2021-09-10T12:32:22","guid":{"rendered":"https:\/\/wydawnictwo.ug.edu.pl\/ksiegarnia-online\/uncategorized\/sztuki-w-sluzbie-terroru-o-rewolucji-w-kulturze-francuskiej-w-latach-1792-1794\/"},"modified":"2026-02-11T14:12:35","modified_gmt":"2026-02-11T14:12:35","slug":"sztuki-w-sluzbie-terroru-o-rewolucji-w-kulturze-francuskiej-w-latach-1792-1794","status":"publish","type":"product","link":"https:\/\/wydawnictwo.ug.edu.pl\/en\/ksiegarnia-online\/literaturoznawstwo\/sztuki-w-sluzbie-terroru-o-rewolucji-w-kulturze-francuskiej-w-latach-1792-1794\/","title":{"rendered":"Sztuki w s\u0142u\u017cbie terroru. O rewolucji w kulturze francuskiej w latach 1792\u20131794"},"content":{"rendered":"","protected":false},"excerpt":{"rendered":"<p>Przestrze\u0144 rewolucyjnych uroczysto\u015bci musia\u0142a wype\u0142ni\u0107 muzyka. Okazuje si\u0119 bowiem, \u017ce wiekuista cisza niesko\u0144czonych przestrzeni przera\u017ca\u0142a nie tylko Pascala i jego epok\u0119, siej\u0105c powszechn\u0105 groz\u0119! To w\u0142a\u015bnie muzyka zosta\u0142a wprz\u0119gni\u0119ta w s\u0142u\u017cb\u0119 rewolucji francuskiej bardziej ni\u017c inne sztuki. I to w\u0142a\u015bnie ona uleg\u0142a po roku 1789 najwi\u0119kszym strukturalnym i ideologicznym przeobra\u017ceniom. Na piedestale muzycznych gatunk\u00f3w rewolucja umie\u015bci\u0142a hymn \u2013 pie\u015b\u0144 m\u0119sk\u0105 i siln\u0105, szlachetn\u0105 i dostojn\u0105, niezwykle prost\u0105 w swej formie, od\u015bpiewywan\u0105 podczas rewolucyjnych \u015bwi\u0105t najpierw przez solist\u0119, potem przez wiernie powtarzaj\u0105cy jego solowe partie ch\u00f3r i wreszcie przez gorliwie wt\u00f3ruj\u0105cy im t\u0142um zwyk\u0142ych obywateli patriot\u00f3w. Tak oto hymn, najbardziej skuteczny \u015brodek muzycznej propagandy, tworzy\u0142 iluzj\u0119 totalnej, niepodzielnie z\u0142\u0105czonej narodowej wsp\u00f3lnoty. I tym samym dowodzi\u0142, \u017ce jednostka, niczym wybitny solista w ch\u00f3rze, by\u0142a jedynie ukonkretnion\u0105 realizacj\u0105 wszechogarniaj\u0105cej woli powszechnej \u2013 podobnie jak deputowany do Zgromadzenia Narodowego czy te\u017c Konwentu Narodowego, cz\u0142owiek pozornie odr\u0119bny, lecz przemawiaj\u0105cy g\u0142osem ca\u0142ego narodu. Hymn przywraca\u0142 poezji jej najbardziej pierwotne, antyczne funkcje i jako taki doskonale nadawa\u0142 si\u0119 do uroczystego opiewania niesko\u0144czonej liczby rewolucyjnych topos\u00f3w, pocz\u0105wszy od abstrakcji w rodzaju wolno\u015bci, r\u00f3wno\u015bci i braterstwa, poprzez Istot\u0119 Najwy\u017csz\u0105 czy te\u017c Rozum, sko\u0144czywszy za\u015b na obrazach z \u017cycia codziennego obywateli, takich jak ma\u0142\u017ce\u0144stwo czy mi\u0142o\u015b\u0107 rodzicielska.<\/p>\n<p>Z Rozdzia\u0142u I. <em>O Rousseau, jego Li\u015bcie do d\u2019Alemberta o widowiskach i rewolucyjnym \u015bwi\u0119towaniu<\/em><\/p>\n","protected":false},"featured_media":16010,"template":"","meta":{"_acf_changed":false},"journal":[],"rodzaj":[7074],"seria":[],"product_brand":[],"product_cat":[6925],"product_tag":[],"class_list":{"0":"post-46386","1":"product","2":"type-product","3":"status-publish","4":"has-post-thumbnail","6":"rodzaj-ksiazki","7":"product_cat-literaturoznawstwo","8":"pa_rok-wydania-2021-en","10":"first","11":"outofstock","12":"taxable","13":"shipping-taxable","14":"purchasable","15":"product-type-simple"},"acf":[],"_links":{"self":[{"href":"https:\/\/wydawnictwo.ug.edu.pl\/en\/wp-json\/wp\/v2\/product\/46386","targetHints":{"allow":["GET"]}}],"collection":[{"href":"https:\/\/wydawnictwo.ug.edu.pl\/en\/wp-json\/wp\/v2\/product"}],"about":[{"href":"https:\/\/wydawnictwo.ug.edu.pl\/en\/wp-json\/wp\/v2\/types\/product"}],"wp:featuredmedia":[{"embeddable":true,"href":"https:\/\/wydawnictwo.ug.edu.pl\/en\/wp-json\/wp\/v2\/media\/16010"}],"wp:attachment":[{"href":"https:\/\/wydawnictwo.ug.edu.pl\/en\/wp-json\/wp\/v2\/media?parent=46386"}],"wp:term":[{"taxonomy":"journal","embeddable":true,"href":"https:\/\/wydawnictwo.ug.edu.pl\/en\/wp-json\/wp\/v2\/journal?post=46386"},{"taxonomy":"rodzaj","embeddable":true,"href":"https:\/\/wydawnictwo.ug.edu.pl\/en\/wp-json\/wp\/v2\/rodzaj?post=46386"},{"taxonomy":"seria","embeddable":true,"href":"https:\/\/wydawnictwo.ug.edu.pl\/en\/wp-json\/wp\/v2\/seria?post=46386"},{"taxonomy":"product_brand","embeddable":true,"href":"https:\/\/wydawnictwo.ug.edu.pl\/en\/wp-json\/wp\/v2\/product_brand?post=46386"},{"taxonomy":"product_cat","embeddable":true,"href":"https:\/\/wydawnictwo.ug.edu.pl\/en\/wp-json\/wp\/v2\/product_cat?post=46386"},{"taxonomy":"product_tag","embeddable":true,"href":"https:\/\/wydawnictwo.ug.edu.pl\/en\/wp-json\/wp\/v2\/product_tag?post=46386"}],"curies":[{"name":"wp","href":"https:\/\/api.w.org\/{rel}","templated":true}]}}