{"id":46322,"date":"2021-12-06T12:01:53","date_gmt":"2021-12-06T12:01:53","guid":{"rendered":"https:\/\/wydawnictwo.ug.edu.pl\/ksiegarnia-online\/uncategorized\/procesy-konwergencji-gospodarek-krajow-baltyckich-i-beneluksu-w-swietle-danych-statystycznych\/"},"modified":"2026-02-11T14:05:16","modified_gmt":"2026-02-11T14:05:16","slug":"procesy-konwergencji-gospodarek-krajow-baltyckich-i-beneluksu-w-swietle-danych-statystycznych","status":"publish","type":"product","link":"https:\/\/wydawnictwo.ug.edu.pl\/en\/ksiegarnia-online\/ekonomia\/procesy-konwergencji-gospodarek-krajow-baltyckich-i-beneluksu-w-swietle-danych-statystycznych\/","title":{"rendered":"Procesy konwergencji gospodarek kraj\u00f3w ba\u0142tyckich i Beneluksu w \u015bwietle danych statystycznych"},"content":{"rendered":"","protected":false},"excerpt":{"rendered":"<p>Celem tej pracy jest zbadanie na podstawie wybranych wska\u017anik\u00f3w gospodarczych, na ile okres funkcjonowania w strukturach Unii Europejskiej, a potem Unii Gospodarczej i Walutowej zosta\u0142 wykorzystany przez kraje ba\u0142tyckie do wprowadzenia ich gospodarek na tory rozwoju gospodarczego, umo\u017cliwiaj\u0105cego stopniowe niwelowanie r\u00f3\u017cnic w stosunku do kraj\u00f3w Beneluksu. Nie jest oczywi\u015bcie mo\u017cliwe osi\u0105gni\u0119cie przez kraje ba\u0142tyckie w tak kr\u00f3tkim okresie poziomu rozwoju gospodarczego reprezentowanego przez kraje Beneluksu, ale mo\u017cliwe jest, zw\u0142aszcza w niekt\u00f3rych obszarach gospodarki, powolne i mozolne zbli\u017canie si\u0119 do tego poziomu, o czym m\u00f3wi teoria konwergencji. Zak\u0142ada ona, \u017ce mo\u017cliwe jest doganianie kraj\u00f3w wysoko rozwini\u0119tych przez kraje rozwijaj\u0105ce si\u0119 wskutek umiej\u0119tnego wykorzystania posiadanych atut\u00f3w, wp\u0142ywaj\u0105cych na intensyfikacj\u0119 dynamiki wzrostu gospodarczego. Do tych atut\u00f3w mo\u017cna zaliczy\u0107 lepsze efekty wykorzystania nap\u0142ywaj\u0105cego kapita\u0142u w kraju, kt\u00f3ry cierpi na jego niedob\u00f3r, ni\u017c w kraju z jego nadmiarem i stosunkowo \u0142atwe uruchomienie rezerw rozwojowych w wyniku nap\u0142ywu nowych technologii, niekoniecznie najnowocze\u015bniejszych, oraz modernizacji przestarza\u0142ego parku maszynowego.<\/p>\n","protected":false},"featured_media":17139,"template":"","meta":{"_acf_changed":false},"journal":[],"rodzaj":[],"seria":[],"product_brand":[],"product_cat":[6934],"product_tag":[],"class_list":{"0":"post-46322","1":"product","2":"type-product","3":"status-publish","4":"has-post-thumbnail","6":"product_cat-ekonomia","8":"first","9":"outofstock","10":"taxable","11":"shipping-taxable","12":"purchasable","13":"product-type-simple"},"acf":[],"_links":{"self":[{"href":"https:\/\/wydawnictwo.ug.edu.pl\/en\/wp-json\/wp\/v2\/product\/46322","targetHints":{"allow":["GET"]}}],"collection":[{"href":"https:\/\/wydawnictwo.ug.edu.pl\/en\/wp-json\/wp\/v2\/product"}],"about":[{"href":"https:\/\/wydawnictwo.ug.edu.pl\/en\/wp-json\/wp\/v2\/types\/product"}],"wp:featuredmedia":[{"embeddable":true,"href":"https:\/\/wydawnictwo.ug.edu.pl\/en\/wp-json\/wp\/v2\/media\/17139"}],"wp:attachment":[{"href":"https:\/\/wydawnictwo.ug.edu.pl\/en\/wp-json\/wp\/v2\/media?parent=46322"}],"wp:term":[{"taxonomy":"journal","embeddable":true,"href":"https:\/\/wydawnictwo.ug.edu.pl\/en\/wp-json\/wp\/v2\/journal?post=46322"},{"taxonomy":"rodzaj","embeddable":true,"href":"https:\/\/wydawnictwo.ug.edu.pl\/en\/wp-json\/wp\/v2\/rodzaj?post=46322"},{"taxonomy":"seria","embeddable":true,"href":"https:\/\/wydawnictwo.ug.edu.pl\/en\/wp-json\/wp\/v2\/seria?post=46322"},{"taxonomy":"product_brand","embeddable":true,"href":"https:\/\/wydawnictwo.ug.edu.pl\/en\/wp-json\/wp\/v2\/product_brand?post=46322"},{"taxonomy":"product_cat","embeddable":true,"href":"https:\/\/wydawnictwo.ug.edu.pl\/en\/wp-json\/wp\/v2\/product_cat?post=46322"},{"taxonomy":"product_tag","embeddable":true,"href":"https:\/\/wydawnictwo.ug.edu.pl\/en\/wp-json\/wp\/v2\/product_tag?post=46322"}],"curies":[{"name":"wp","href":"https:\/\/api.w.org\/{rel}","templated":true}]}}