{"id":46313,"date":"2021-12-10T07:47:28","date_gmt":"2021-12-10T07:47:28","guid":{"rendered":"https:\/\/wydawnictwo.ug.edu.pl\/ksiegarnia-online\/uncategorized\/nazwiska-pomorzan-pochodzenie-i-zmiany-tom-iv-czesc-ii-k-z\/"},"modified":"2026-02-11T14:05:32","modified_gmt":"2026-02-11T14:05:32","slug":"nazwiska-pomorzan-pochodzenie-i-zmiany-tom-iv-czesc-ii-k-z","status":"publish","type":"product","link":"https:\/\/wydawnictwo.ug.edu.pl\/en\/ksiegarnia-online\/jezykoznawstwo\/nazwiska-pomorzan-pochodzenie-i-zmiany-tom-iv-czesc-ii-k-z\/","title":{"rendered":"Nazwiska Pomorzan. Pochodzenie i zmiany. Tom IV. Cz\u0119\u015b\u0107 II (K\u2013Z)"},"content":{"rendered":"","protected":false},"excerpt":{"rendered":"<p><strong><a href=\"https:\/\/wydawnictwo.ug.edu.pl\/wp-content\/uploads\/2023\/08\/Nazwiska-Pomorzan-Tom-4-cz-2-eb.pdf\" target=\"_blank\" rel=\"noopener\">Ksi\u0105\u017cka dost\u0119pna r\u00f3wnie\u017c w wersji elektronicznej<\/a><\/strong><\/p>\n<p>Po\u00a0ukazaniu si\u0119 NP III otrzymywa\u0142em dalej pytania o\u00a0pochodzenie wielu nazwisk (kto pyta\u0142, podaj\u0119 w\u00a0tek\u015bcie), odpowiada\u0142em albo\u00a0prywatnie osobom zapytuj\u0105cym, albo\u00a0w\u00a0GK b\u0105d\u017a w\u00a0periodykach naukowych. Z\u00a0w\u0142asnej tak\u017ce inicjatywy zastanawia\u0142em si\u0119 nad\u00a0spotykanymi w\u00a0TV, prasie czy\u00a0na\u00a0wizyt\u00f3wkach s\u0142u\u017cbowych nazwiskami. Nadto do\u00a0czerwca 2011 r. pracowa\u0142em ci\u0105gle w\u00a0Wy\u017cszej Szkole Zawodowej w\u00a0Ciechanowie, na\u00a0jej zamiejscowym Wydziale Humanistycznym w\u00a0M\u0142awie, gdzie prowadzi\u0142em wyk\u0142ad monograficzny z\u00a0onomastyki i\u00a0seminarium licencjackie, na\u00a0kt\u00f3rym\u00a0s\u0142uchacze spisywali nazwiska z\u00a0nagrobk\u00f3w cmentarnych w\u0142asnych parafii i\u00a0opracowywali je w\u00a0postaci prac licencjackich.<\/p>\n<p>Te w\u0142a\u015bnie przemy\u015blenia, podbudowane literatur\u0105 naukow\u0105 i\u00a0zapisami historycznymi przedstawiam w\u00a0t. IV i\u00a0na\u00a0pewno ostatnim. Znalaz\u0142o si\u0119 w\u00a0nim du\u017co nazwisk pochodzenia niemieckiego, ale\u00a0noszonych przez\u00a0obywateli polskich, bo notowane w\u00a0SNW. Tak\u00a0powsta\u0142 NP IV, kt\u00f3ry\u00a0przedk\u0142adam zainteresowanym Czytelnikom i\u00a0nosicielom tych nazwisk. Du\u017co w\u00a0tym materiale nazwisk pochodzenia niemieckiego, jak to\u00a0ju\u017c powiedziano, jednak zawsze s\u0105 one dokumentowane historycznie lub wsp\u00f3\u0142cze\u015bnie na\u00a0Pomorzu Gda\u0144skim. Nazwisk z\u00a0tylko\u00a0historyczn\u0105 dokumentacj\u0105 z\u00a0zasady nie\u00a0zamieszcza\u0142em.<\/p>\n<p style=\"text-align: right;\"><em>Ze\u00a0wst\u0119pu autora<\/em><\/p>\n<p>&nbsp;<\/p>\n","protected":false},"featured_media":17113,"template":"","meta":{"_acf_changed":false},"journal":[],"rodzaj":[7074,7075],"seria":[],"product_brand":[],"product_cat":[6958,6924],"product_tag":[8112,7431],"class_list":{"0":"post-46313","1":"product","2":"type-product","3":"status-publish","4":"has-post-thumbnail","6":"rodzaj-ksiazki","7":"rodzaj-e-book","8":"product_cat-historia","9":"product_cat-jezykoznawstwo","10":"product_tag-edward-brezaedward-breza","11":"product_tag-zenon-licazenon-lica","12":"pa_rok-wydania-2021-en","14":"first","15":"instock","16":"taxable","17":"shipping-taxable","18":"purchasable","19":"product-type-simple"},"acf":[],"_links":{"self":[{"href":"https:\/\/wydawnictwo.ug.edu.pl\/en\/wp-json\/wp\/v2\/product\/46313","targetHints":{"allow":["GET"]}}],"collection":[{"href":"https:\/\/wydawnictwo.ug.edu.pl\/en\/wp-json\/wp\/v2\/product"}],"about":[{"href":"https:\/\/wydawnictwo.ug.edu.pl\/en\/wp-json\/wp\/v2\/types\/product"}],"wp:featuredmedia":[{"embeddable":true,"href":"https:\/\/wydawnictwo.ug.edu.pl\/en\/wp-json\/wp\/v2\/media\/17113"}],"wp:attachment":[{"href":"https:\/\/wydawnictwo.ug.edu.pl\/en\/wp-json\/wp\/v2\/media?parent=46313"}],"wp:term":[{"taxonomy":"journal","embeddable":true,"href":"https:\/\/wydawnictwo.ug.edu.pl\/en\/wp-json\/wp\/v2\/journal?post=46313"},{"taxonomy":"rodzaj","embeddable":true,"href":"https:\/\/wydawnictwo.ug.edu.pl\/en\/wp-json\/wp\/v2\/rodzaj?post=46313"},{"taxonomy":"seria","embeddable":true,"href":"https:\/\/wydawnictwo.ug.edu.pl\/en\/wp-json\/wp\/v2\/seria?post=46313"},{"taxonomy":"product_brand","embeddable":true,"href":"https:\/\/wydawnictwo.ug.edu.pl\/en\/wp-json\/wp\/v2\/product_brand?post=46313"},{"taxonomy":"product_cat","embeddable":true,"href":"https:\/\/wydawnictwo.ug.edu.pl\/en\/wp-json\/wp\/v2\/product_cat?post=46313"},{"taxonomy":"product_tag","embeddable":true,"href":"https:\/\/wydawnictwo.ug.edu.pl\/en\/wp-json\/wp\/v2\/product_tag?post=46313"}],"curies":[{"name":"wp","href":"https:\/\/api.w.org\/{rel}","templated":true}]}}