{"id":46266,"date":"2022-02-21T11:43:29","date_gmt":"2022-02-21T11:43:29","guid":{"rendered":"https:\/\/wydawnictwo.ug.edu.pl\/ksiegarnia-online\/uncategorized\/frazeologia-z-perspektywy-jezykoznawcy-i-tlumacza\/"},"modified":"2026-02-11T13:35:52","modified_gmt":"2026-02-11T13:35:52","slug":"frazeologia-z-perspektywy-jezykoznawcy-i-tlumacza","status":"publish","type":"product","link":"https:\/\/wydawnictwo.ug.edu.pl\/en\/ksiegarnia-online\/jezykoznawstwo\/frazeologia-z-perspektywy-jezykoznawcy-i-tlumacza\/","title":{"rendered":"Frazeologia z perspektywy j\u0119zykoznawcy i t\u0142umacza"},"content":{"rendered":"","protected":false},"excerpt":{"rendered":"<p>Niniejszy (si\u00f3dmy) tom monograficzny z serii S\u0142owo z perspektywy j\u0119zykoznawcy i t\u0142umacza jest pok\u0142osiem konferencji \u201eFrazeologia z perspektywy \u00a0j\u0119zykoznawcy i t\u0142umacza\u201d, zorganizowanej w dniach 20\u201321 pa\u017adziernika 2016 roku przez Katedr\u0119 J\u0119zykoznawstwa i Translatoryki Instytutu Rusycystyki i \u00a0Studi\u00f3w Wschodnich oraz Oddzia\u0142 Gda\u0144ski Towarzystwa Mi\u0142o\u015bnik\u00f3w J\u0119zyka Polskiego pod patronatem Sekcji Frazeologicznej Komitetu J\u0119zykoznawstwa Polskiej Akademii Nauk. Sk\u0142adaj\u0105ce si\u0119 na\u0144 opracowania koncentruj\u0105 si\u0119 wi\u0119c na zagadnieniach szeroko rozumianej frazeologii. Frazeologizmy stanowi\u0105 bowiem szczeg\u00f3lnego rodzaju nieci\u0105g\u0142e jednostki j\u0119zyka o\u00a0skonwencjonalizowanych relacjach mi\u0119dzy form\u0105 a znaczeniem, a ich natura,\u00a0rola w komunikacji i funkcje budz\u0105 nieodmiennie o\u017cywione spory. Fakt ten uzasadnia r\u00f3wnie\u017c r\u00f3\u017cnorodno\u015b\u0107 podejmowanych problem\u00f3w szczeg\u00f3\u0142owych, co w zasadniczym kszta\u0142cie zosta\u0142o zachowane w prezentowanej publikacji.<\/p>\n","protected":false},"featured_media":17887,"template":"","meta":{"_acf_changed":false},"journal":[],"rodzaj":[7074,7075,7076],"seria":[7770],"product_brand":[],"product_cat":[6924,6926],"product_tag":[7674,8288,7665],"class_list":{"0":"post-46266","1":"product","2":"type-product","3":"status-publish","4":"has-post-thumbnail","6":"rodzaj-ksiazki","7":"rodzaj-e-book","8":"rodzaj-serie-wydawnicze","9":"seria-slowo-z-perspektywy-jezykoznawcy-i-tlumacza","10":"product_cat-jezykoznawstwo","11":"product_cat-przekladoznawstwo","12":"product_tag-alicja-pstyga","13":"product_tag-magdalena-buchowska","14":"product_tag-tatiana-kananowicztatiana-kananowicz","15":"pa_rok-wydania-2018-en","17":"first","18":"instock","19":"taxable","20":"shipping-taxable","21":"product-type-external"},"acf":[],"_links":{"self":[{"href":"https:\/\/wydawnictwo.ug.edu.pl\/en\/wp-json\/wp\/v2\/product\/46266","targetHints":{"allow":["GET"]}}],"collection":[{"href":"https:\/\/wydawnictwo.ug.edu.pl\/en\/wp-json\/wp\/v2\/product"}],"about":[{"href":"https:\/\/wydawnictwo.ug.edu.pl\/en\/wp-json\/wp\/v2\/types\/product"}],"wp:featuredmedia":[{"embeddable":true,"href":"https:\/\/wydawnictwo.ug.edu.pl\/en\/wp-json\/wp\/v2\/media\/17887"}],"wp:attachment":[{"href":"https:\/\/wydawnictwo.ug.edu.pl\/en\/wp-json\/wp\/v2\/media?parent=46266"}],"wp:term":[{"taxonomy":"journal","embeddable":true,"href":"https:\/\/wydawnictwo.ug.edu.pl\/en\/wp-json\/wp\/v2\/journal?post=46266"},{"taxonomy":"rodzaj","embeddable":true,"href":"https:\/\/wydawnictwo.ug.edu.pl\/en\/wp-json\/wp\/v2\/rodzaj?post=46266"},{"taxonomy":"seria","embeddable":true,"href":"https:\/\/wydawnictwo.ug.edu.pl\/en\/wp-json\/wp\/v2\/seria?post=46266"},{"taxonomy":"product_brand","embeddable":true,"href":"https:\/\/wydawnictwo.ug.edu.pl\/en\/wp-json\/wp\/v2\/product_brand?post=46266"},{"taxonomy":"product_cat","embeddable":true,"href":"https:\/\/wydawnictwo.ug.edu.pl\/en\/wp-json\/wp\/v2\/product_cat?post=46266"},{"taxonomy":"product_tag","embeddable":true,"href":"https:\/\/wydawnictwo.ug.edu.pl\/en\/wp-json\/wp\/v2\/product_tag?post=46266"}],"curies":[{"name":"wp","href":"https:\/\/api.w.org\/{rel}","templated":true}]}}