{"id":46229,"date":"2022-12-06T07:40:47","date_gmt":"2022-12-06T07:40:47","guid":{"rendered":"https:\/\/wydawnictwo.ug.edu.pl\/ksiegarnia-online\/uncategorized\/swiety-mikolaj-z-myr-licyjskich-w-swietle-greckich-i-lacinskich-zrodel-starozytnych-i-sredniowiecznych\/"},"modified":"2026-02-11T13:20:17","modified_gmt":"2026-02-11T13:20:17","slug":"swiety-mikolaj-z-myr-licyjskich-w-swietle-greckich-i-lacinskich-zrodel-starozytnych-i-sredniowiecznych","status":"publish","type":"product","link":"https:\/\/wydawnictwo.ug.edu.pl\/en\/ksiegarnia-online\/literaturoznawstwo\/swiety-mikolaj-z-myr-licyjskich-w-swietle-greckich-i-lacinskich-zrodel-starozytnych-i-sredniowiecznych\/","title":{"rendered":"\u015awi\u0119ty Miko\u0142aj z Myr Licyjskich w \u015bwietle greckich i \u0142aci\u0144skich \u017ar\u00f3de\u0142 staro\u017cytnych i \u015bredniowiecznych"},"content":{"rendered":"","protected":false},"excerpt":{"rendered":"<p>\u201eNazywamy ci\u0119 filarem i podpor\u0105 Ko\u015bcio\u0142a, lampo wype\u0142niona oliw\u0105 o\u015bwiecaj\u0105cego \u015bwiat, \u017cyciodajnego S\u0142owa. Twa dzielno\u015b\u0107 zapewni\u0142a ci liczne przydomki, a nic, co szlachetne, nie by\u0142o ci obce. Z\u0142o\u017cy\u0142e\u015b w swej duszy wszystkie godne czci cnoty, niczym w skarbcu z\u0142oto i kosztowne kamienie, a twoja s\u0142awa dotar\u0142a wsz\u0119dzie, gdzie docieraj\u0105 promienie s\u0142o\u0144ca. Albowiem nie tak rozja\u015bnia z\u0142otym l\u015bnieniem nieprzeniknion\u0105 ciemno\u015b\u0107 nocy postawiona na wysokim \u015bwieczniku \u015bwieca, jak ty o\u015bwiecasz nas, prowadz\u0105c ku \u015bwiat\u0142u nieznaj\u0105cemu zachodu oraz roztaczaj\u0105c z podniebnej stra\u017cnicy p\u0142omienn\u0105 jasno\u015b\u0107 bezb\u0142\u0119dnego duchowego poznania\u201d.<\/p>\n<p>Te s\u0142owa Andrzej z Krety kieruje do Miko\u0142aja z Myr Licyjskich \u2013 jednego z najbardziej czczonych w chrze\u015bcija\u0144stwie \u015bwi\u0119tych, kochanego przez tych, kt\u00f3rzy wci\u0105\u017c w niego wierz\u0105, oraz tych, kt\u00f3rzy z tej wiary wyro\u015bli, wyczekiwanego przez wszystkich grzecznych i nie bardzo grzecznych, przyzywanego ka\u017cdego dnia, w ka\u017cdej potrzebie, w ka\u017cdym zak\u0105tku \u015bwiata. Kim by\u0142 i dlaczego wci\u0105\u017c warto zwraca\u0107 si\u0119 do niego po rad\u0119, pocieszenie, pomoc, niech opowiedz\u0105 nam autorzy greckich i \u0142aci\u0144skich tekst\u00f3w hagiograficznych, po raz pierwszy prezentowanych polskiemu Czytelnikowi.<\/p>\n","protected":false},"featured_media":22458,"template":"","meta":{"_acf_changed":false},"journal":[],"rodzaj":[7074],"seria":[],"product_brand":[],"product_cat":[6925],"product_tag":[7740],"class_list":{"0":"post-46229","1":"product","2":"type-product","3":"status-publish","4":"has-post-thumbnail","6":"rodzaj-ksiazki","7":"product_cat-literaturoznawstwo","8":"product_tag-tatiana-krynicka","9":"pa_rok-wydania-2022-en","11":"first","12":"outofstock","13":"taxable","14":"shipping-taxable","15":"purchasable","16":"product-type-simple"},"acf":[],"_links":{"self":[{"href":"https:\/\/wydawnictwo.ug.edu.pl\/en\/wp-json\/wp\/v2\/product\/46229","targetHints":{"allow":["GET"]}}],"collection":[{"href":"https:\/\/wydawnictwo.ug.edu.pl\/en\/wp-json\/wp\/v2\/product"}],"about":[{"href":"https:\/\/wydawnictwo.ug.edu.pl\/en\/wp-json\/wp\/v2\/types\/product"}],"wp:featuredmedia":[{"embeddable":true,"href":"https:\/\/wydawnictwo.ug.edu.pl\/en\/wp-json\/wp\/v2\/media\/22458"}],"wp:attachment":[{"href":"https:\/\/wydawnictwo.ug.edu.pl\/en\/wp-json\/wp\/v2\/media?parent=46229"}],"wp:term":[{"taxonomy":"journal","embeddable":true,"href":"https:\/\/wydawnictwo.ug.edu.pl\/en\/wp-json\/wp\/v2\/journal?post=46229"},{"taxonomy":"rodzaj","embeddable":true,"href":"https:\/\/wydawnictwo.ug.edu.pl\/en\/wp-json\/wp\/v2\/rodzaj?post=46229"},{"taxonomy":"seria","embeddable":true,"href":"https:\/\/wydawnictwo.ug.edu.pl\/en\/wp-json\/wp\/v2\/seria?post=46229"},{"taxonomy":"product_brand","embeddable":true,"href":"https:\/\/wydawnictwo.ug.edu.pl\/en\/wp-json\/wp\/v2\/product_brand?post=46229"},{"taxonomy":"product_cat","embeddable":true,"href":"https:\/\/wydawnictwo.ug.edu.pl\/en\/wp-json\/wp\/v2\/product_cat?post=46229"},{"taxonomy":"product_tag","embeddable":true,"href":"https:\/\/wydawnictwo.ug.edu.pl\/en\/wp-json\/wp\/v2\/product_tag?post=46229"}],"curies":[{"name":"wp","href":"https:\/\/api.w.org\/{rel}","templated":true}]}}