{"id":46160,"date":"2022-05-20T09:36:47","date_gmt":"2022-05-20T09:36:47","guid":{"rendered":"https:\/\/wydawnictwo.ug.edu.pl\/ksiegarnia-online\/uncategorized\/stan-polskiego-dziennikarstwa-zagranicznego\/"},"modified":"2026-02-11T13:33:23","modified_gmt":"2026-02-11T13:33:23","slug":"stan-polskiego-dziennikarstwa-zagranicznego","status":"publish","type":"product","link":"https:\/\/wydawnictwo.ug.edu.pl\/en\/ksiegarnia-online\/medioznawstwo\/stan-polskiego-dziennikarstwa-zagranicznego\/","title":{"rendered":"Stan polskiego dziennikarstwa zagranicznego"},"content":{"rendered":"","protected":false},"excerpt":{"rendered":"<p style=\"text-align: left;\">Ka\u017cdy tekst dziennikarski tworzy pewien obraz danego wycinka rzeczywisto\u015bci, mniej lub bardziej zniekszta\u0142cony. Z jednej strony jest on odbiciem pogl\u0105d\u00f3w spo\u0142ecze\u0144stwa czy jego cz\u0119\u015bci, a z drugiej strony sam na te pogl\u0105dy oddzia\u0142uje. Badanie og\u00f3lnych obraz\u00f3w medialnych \u015bwiata, kt\u00f3re wy\u0142aniaj\u0105 si\u0119 z mozaiki poszczeg\u00f3lnych tekst\u00f3w, mo\u017ce da\u0107 wgl\u0105d w to, jak ludzie buduj\u0105 spo\u0142eczne konstrukty. [&#8230;] Niniejsza praca przybli\u017ca koncepty medialnych obraz\u00f3w \u015bwiata, dyplomacji i dziennikarstwa globalnego na konkretnym przyk\u0142adzie, pokazuj\u0105c, jak bardzo wszystkie te kwestie s\u0105 ze sob\u0105 zwi\u0105zane. Ma na celu zbadanie medialnego obrazu kryzysu wenezuelskiego, sprawdzenie, jak profesjonalizacja dziennikarstwa wp\u0142ywa na tworzenie tych obraz\u00f3w, jakie s\u0105 dominuj\u0105ce perspektywy dziennikarskie i czy dobierane s\u0105 one intencjonalnie.<\/p>\n<p style=\"text-align: right;\"><em>Fragment wst\u0119pu<\/em><\/p>\n<p>Og\u00f3lnopolski Konkurs Medi@stery zosta\u0142 zainicjowany w celu promowania najwybitniejszych prac absolwent\u00f3w magisterskich studi\u00f3w dziennikarskich. Organizatorem przedsi\u0119wzi\u0119cia jest Dziennikarstwo i Komunikacja Spo\u0142eczna na Uniwersytecie Gda\u0144skim, kt\u00f3re ka\u017cdego roku wy\u0142ania najlepszych student\u00f3w zajmuj\u0105cych si\u0119 szeroko rozumian\u0105 wiedz\u0105 z zakresu komunikacji spo\u0142ecznej i medi\u00f3w. Pomys\u0142odawczyniami i inicjatorkami konkursu s\u0105 prof. UG, dr hab. Ma\u0142gorzata \u0141osiewicz oraz prof. UG, dr hab. Anna Ry\u0142ko-Kurpiewska, kt\u00f3re sprawuj\u0105 merytoryczn\u0105 i metodologiczn\u0105 piecz\u0119 nad funkcjonuj\u0105c\u0105 na gda\u0144skim dziennikarstwie specjalizacj\u0105 Reklama i PR.<\/p>\n","protected":false},"featured_media":19281,"template":"","meta":{"_acf_changed":false},"journal":[],"rodzaj":[7074,7076],"seria":[7082],"product_brand":[],"product_cat":[6941],"product_tag":[7678],"class_list":{"0":"post-46160","1":"product","2":"type-product","3":"status-publish","4":"has-post-thumbnail","6":"rodzaj-ksiazki","7":"rodzaj-serie-wydawnicze","8":"seria-medistery","9":"product_cat-medioznawstwo","10":"product_tag-agnieszka-weronika-wszolek","12":"first","13":"instock","14":"taxable","15":"shipping-taxable","16":"purchasable","17":"product-type-simple"},"acf":[],"_links":{"self":[{"href":"https:\/\/wydawnictwo.ug.edu.pl\/en\/wp-json\/wp\/v2\/product\/46160","targetHints":{"allow":["GET"]}}],"collection":[{"href":"https:\/\/wydawnictwo.ug.edu.pl\/en\/wp-json\/wp\/v2\/product"}],"about":[{"href":"https:\/\/wydawnictwo.ug.edu.pl\/en\/wp-json\/wp\/v2\/types\/product"}],"wp:featuredmedia":[{"embeddable":true,"href":"https:\/\/wydawnictwo.ug.edu.pl\/en\/wp-json\/wp\/v2\/media\/19281"}],"wp:attachment":[{"href":"https:\/\/wydawnictwo.ug.edu.pl\/en\/wp-json\/wp\/v2\/media?parent=46160"}],"wp:term":[{"taxonomy":"journal","embeddable":true,"href":"https:\/\/wydawnictwo.ug.edu.pl\/en\/wp-json\/wp\/v2\/journal?post=46160"},{"taxonomy":"rodzaj","embeddable":true,"href":"https:\/\/wydawnictwo.ug.edu.pl\/en\/wp-json\/wp\/v2\/rodzaj?post=46160"},{"taxonomy":"seria","embeddable":true,"href":"https:\/\/wydawnictwo.ug.edu.pl\/en\/wp-json\/wp\/v2\/seria?post=46160"},{"taxonomy":"product_brand","embeddable":true,"href":"https:\/\/wydawnictwo.ug.edu.pl\/en\/wp-json\/wp\/v2\/product_brand?post=46160"},{"taxonomy":"product_cat","embeddable":true,"href":"https:\/\/wydawnictwo.ug.edu.pl\/en\/wp-json\/wp\/v2\/product_cat?post=46160"},{"taxonomy":"product_tag","embeddable":true,"href":"https:\/\/wydawnictwo.ug.edu.pl\/en\/wp-json\/wp\/v2\/product_tag?post=46160"}],"curies":[{"name":"wp","href":"https:\/\/api.w.org\/{rel}","templated":true}]}}