{"id":46121,"date":"2023-07-12T15:23:13","date_gmt":"2023-07-12T15:23:13","guid":{"rendered":"https:\/\/wydawnictwo.ug.edu.pl\/ksiegarnia-online\/uncategorized\/czas-jerzego-limona-ksiega-pamiatkowa-ku-czci-tworcy-gdanskiego-teatru-szekspirowskiego\/"},"modified":"2026-02-11T13:10:35","modified_gmt":"2026-02-11T13:10:35","slug":"czas-jerzego-limona-ksiega-pamiatkowa-ku-czci-tworcy-gdanskiego-teatru-szekspirowskiego","status":"publish","type":"product","link":"https:\/\/wydawnictwo.ug.edu.pl\/en\/ksiegarnia-online\/historia-sztuki-i-kulturoznawstwo\/czas-jerzego-limona-ksiega-pamiatkowa-ku-czci-tworcy-gdanskiego-teatru-szekspirowskiego\/","title":{"rendered":"Czas Jerzego Limona. Ksi\u0119ga pami\u0105tkowa ku czci tw\u00f3rcy Gda\u0144skiego Teatru Szekspirowskiego"},"content":{"rendered":"","protected":false},"excerpt":{"rendered":"<p>Jednym z ulubionych Szekspirowskich koncept\u00f3w prof. Jerzego Limona by\u0142y \u201esylaby czasu\u201d (Makbet, V.5), zbie\u017cne z jego przekonaniem, \u017ce nadanie przesz\u0142o\u015bci formy za pomoc\u0105 j\u0119zyka, czy to naturalnego, czy j\u0119zyka sztuki, wprowadza rzeczy minione do innego obszaru bytowania, czyni\u0105c je elementem naszego do\u015bwiadczenia wsp\u00f3\u0142czesno\u015bci. Podobne intencje przy\u015bwiecaj\u0105 te\u017c publikacji niniejszego tomu, kt\u00f3ry za\u015bwiadcza o tym, \u017ce czas Limona trwa nadal, cho\u0107 w innym wymiarze \u2013 wymiarze pami\u0119ci, lektury, inspiracji, dialogu, polemiki.<\/p>\n<p>Tytu\u0142owy \u201eczas Jerzego Limona\u201d odpowiada temu, co najbardziej poci\u0105ga\u0142o tw\u00f3rc\u0119 Gda\u0144skiego Teatru Szekspirowskiego w teatrze oraz sztuce, ale te\u017c wskazuje na epok\u0119, w kt\u00f3rej \u017cy\u0142 i pracowa\u0142 \u2013 a kt\u00f3rej rytm wyznacza\u0142y kolejne etapy budowy jego teatru, edycje Festiwalu Szekspirowskiego czy rozliczne przedsi\u0119wzi\u0119cia artystyczne i nauko-we, jakich by\u0142 inicjatorem b\u0105d\u017a wsp\u00f3\u0142autorem. \u201eCzas Jerzego Limona\u201d to tak\u017ce czas rozwoju nauki, kt\u00f3ry odcisn\u0105\u0142 si\u0119 w jego badaniach, i czas jego indywidualnych poszukiwa\u0144 badawczych oraz literackich.<\/p>\n<p style=\"text-align: right;\"><em>Ze wst\u0119pu<\/em><\/p>\n<p>Publikacja sfinansowana przez Partnera wydania \u2013 Bank Pekao S.A.<\/p>\n<p><img decoding=\"async\" class=\"alignnone wp-image-25672\" src=\"https:\/\/wydawnictwo.ug.edu.pl\/wp-content\/uploads\/2023\/07\/2560px-Bank_Pekao_SA_Logo_2017.svg-1024x150.png\" alt=\"\" width=\"184\" height=\"27\" srcset=\"https:\/\/wydawnictwo.ug.edu.pl\/wp-content\/uploads\/2023\/07\/2560px-Bank_Pekao_SA_Logo_2017.svg-1024x150.png 1024w, https:\/\/wydawnictwo.ug.edu.pl\/wp-content\/uploads\/2023\/07\/2560px-Bank_Pekao_SA_Logo_2017.svg-600x88.png 600w, https:\/\/wydawnictwo.ug.edu.pl\/wp-content\/uploads\/2023\/07\/2560px-Bank_Pekao_SA_Logo_2017.svg-300x44.png 300w, https:\/\/wydawnictwo.ug.edu.pl\/wp-content\/uploads\/2023\/07\/2560px-Bank_Pekao_SA_Logo_2017.svg-768x113.png 768w, https:\/\/wydawnictwo.ug.edu.pl\/wp-content\/uploads\/2023\/07\/2560px-Bank_Pekao_SA_Logo_2017.svg-1536x226.png 1536w, https:\/\/wydawnictwo.ug.edu.pl\/wp-content\/uploads\/2023\/07\/2560px-Bank_Pekao_SA_Logo_2017.svg-2048x301.png 2048w, https:\/\/wydawnictwo.ug.edu.pl\/wp-content\/uploads\/2023\/07\/2560px-Bank_Pekao_SA_Logo_2017.svg-640x94.png 640w, https:\/\/wydawnictwo.ug.edu.pl\/wp-content\/uploads\/2023\/07\/2560px-Bank_Pekao_SA_Logo_2017.svg-400x59.png 400w\" sizes=\"(max-width: 184px) 100vw, 184px\" \/><\/p>\n<p><a href=\"http:\/\/www.dziennikteatralny.pl\/artykuly\/gdy-przeszlosc-staje-sie-terazniejszoscia.html?fbclid=IwAR2BfCfT_js95yZr9I5Vruys7gd4Op_rODQOYrPr3dGNc0DGePRf9MSE3rg\">Recenzja<\/a>\u00a0Ilony S\u0142ojewskiej w \u201eDzienniku Teatralnym\u201d.<\/p>\n","protected":false},"featured_media":25092,"template":"","meta":{"_acf_changed":false},"journal":[],"rodzaj":[7074],"seria":[],"product_brand":[],"product_cat":[6936],"product_tag":[7555,7651],"class_list":{"0":"post-46121","1":"product","2":"type-product","3":"status-publish","4":"has-post-thumbnail","6":"rodzaj-ksiazki","7":"product_cat-historia-sztuki-i-kulturoznawstwo","8":"product_tag-agnieszka-zukowska","9":"product_tag-jacek-kopcinski","11":"first","12":"instock","13":"taxable","14":"shipping-taxable","15":"purchasable","16":"product-type-simple"},"acf":[],"_links":{"self":[{"href":"https:\/\/wydawnictwo.ug.edu.pl\/en\/wp-json\/wp\/v2\/product\/46121","targetHints":{"allow":["GET"]}}],"collection":[{"href":"https:\/\/wydawnictwo.ug.edu.pl\/en\/wp-json\/wp\/v2\/product"}],"about":[{"href":"https:\/\/wydawnictwo.ug.edu.pl\/en\/wp-json\/wp\/v2\/types\/product"}],"wp:featuredmedia":[{"embeddable":true,"href":"https:\/\/wydawnictwo.ug.edu.pl\/en\/wp-json\/wp\/v2\/media\/25092"}],"wp:attachment":[{"href":"https:\/\/wydawnictwo.ug.edu.pl\/en\/wp-json\/wp\/v2\/media?parent=46121"}],"wp:term":[{"taxonomy":"journal","embeddable":true,"href":"https:\/\/wydawnictwo.ug.edu.pl\/en\/wp-json\/wp\/v2\/journal?post=46121"},{"taxonomy":"rodzaj","embeddable":true,"href":"https:\/\/wydawnictwo.ug.edu.pl\/en\/wp-json\/wp\/v2\/rodzaj?post=46121"},{"taxonomy":"seria","embeddable":true,"href":"https:\/\/wydawnictwo.ug.edu.pl\/en\/wp-json\/wp\/v2\/seria?post=46121"},{"taxonomy":"product_brand","embeddable":true,"href":"https:\/\/wydawnictwo.ug.edu.pl\/en\/wp-json\/wp\/v2\/product_brand?post=46121"},{"taxonomy":"product_cat","embeddable":true,"href":"https:\/\/wydawnictwo.ug.edu.pl\/en\/wp-json\/wp\/v2\/product_cat?post=46121"},{"taxonomy":"product_tag","embeddable":true,"href":"https:\/\/wydawnictwo.ug.edu.pl\/en\/wp-json\/wp\/v2\/product_tag?post=46121"}],"curies":[{"name":"wp","href":"https:\/\/api.w.org\/{rel}","templated":true}]}}