{"id":46049,"date":"2024-10-10T12:32:22","date_gmt":"2024-10-10T12:32:22","guid":{"rendered":"https:\/\/wydawnictwo.ug.edu.pl\/ksiegarnia-online\/uncategorized\/ojciec-i-syn-zrozumiec-obrazy-objawione\/"},"modified":"2026-02-11T12:37:43","modified_gmt":"2026-02-11T12:37:43","slug":"ojciec-i-syn-zrozumiec-obrazy-objawione","status":"publish","type":"product","link":"https:\/\/wydawnictwo.ug.edu.pl\/en\/ksiegarnia-online\/literaturoznawstwo\/ojciec-i-syn-zrozumiec-obrazy-objawione\/","title":{"rendered":"Ojciec i Syn. Zrozumie\u0107 obrazy objawione"},"content":{"rendered":"","protected":false},"excerpt":{"rendered":"<p>W ksi\u0105\u017cce ukazano zaskakuj\u0105ce zbie\u017cno\u015bci wyst\u0119puj\u0105ce w objawieniach s. Faustyny Kowalskiej oraz m. Eugenii E. Ravasio, kt\u00f3re wydarzy\u0142y si\u0119 w latach 30. XX stulecia. Oba objawienia mia\u0142y charakter synchroniczny i stanowi\u0142y kontynuacj\u0119 biblijnego modelu poznawania tajemnic wiary na drodze percepcji wzrokowej. Przedmiotem bada\u0144 autora by\u0142y wzory obraz\u00f3w ukazane w bliskim odst\u0119pie czasu dw\u00f3m zakonnicom przez Jezusa Chrystusa i Boga Ojca. Autor dowodzi, \u017ce namalowane wed\u0142ug tych wzor\u00f3w obrazy s\u0105 bezprecedensowe w skali historii wizualno\u015bci, a o ich wyj\u0105tkowo\u015bci maj\u0105 \u015bwiadczy\u0107 m.in. unikatowe funkcje przypisane do obraz\u00f3w przez samych Objawicieli. Z analiz autora wynika, \u017ce domagaj\u0105 si\u0119 Oni, aby oba obrazy pe\u0142ni\u0142y w liturgii wa\u017cne zadania. Maj\u0105 m.in. przygotowa\u0107 \u015bwiat na paruzj\u0119 (obraz z objawie\u0144 s. Faustyny) oraz skorygowa\u0107 b\u0142\u0119dne przedstawienia Boga Ojca ukazywanego jako starca (obraz z objawie\u0144 m. Eugenii). Ksi\u0105\u017cka wzywa do tego, aby w liturgii i praktyce duszpasterskiej bazowa\u0107 na gruncie w\u0142a\u015bciwych teologii obrazu.<\/p>\n<p>\u201ePraca ma charakter tw\u00f3rczy, Autor podejmuje dot\u0105d ca\u0142kowicie nieprzebadane w\u0105tki tematyczne w studiach nad sfer\u0105 do\u015bwiadcze\u0144 mistycznych. [\u2026] Scharakteryzowanie przez Autora aberracji niekt\u00f3rych \u015brodowisk ko\u015bcielnych zwi\u0105zanych z recepcj\u0105 do\u015bwiadcze\u0144 mistycznych obu zakonnic przygotowuje grunt do analizy znaczeniowej obraz\u00f3w, b\u0119d\u0105cych owocem tych do\u015bwiadcze\u0144. Interpretacja znaczeniowa dokonana przez Autora ma wyra\u017ane walory dydaktyczne, poniewa\u017c u\u0142atwia czytelnikowi nieprzygotowanemu do odbioru obrazu orientacj\u0119 w obszarze wizualno\u015bci i szerzej rozumianych zjawisk opartych na widzeniu i naoczno\u015bci, na kt\u00f3re sk\u0142adaj\u0105 si\u0119 tak\u017ce scharakteryzowane w monografii mistyczne doznania wizualne zakonnic\u201d.<\/p>\n<p style=\"text-align: right;\"><em>Z recenzji prof. dr. hab. Andrzeja P. Batora<\/em><\/p>\n","protected":false},"featured_media":30393,"template":"","meta":{"_acf_changed":false},"journal":[],"rodzaj":[7074],"seria":[],"product_brand":[],"product_cat":[6925,7011],"product_tag":[7406],"class_list":{"0":"post-46049","1":"product","2":"type-product","3":"status-publish","4":"has-post-thumbnail","6":"rodzaj-ksiazki","7":"product_cat-literaturoznawstwo","8":"product_cat-religioznawstwo","9":"product_tag-treppa","11":"first","12":"instock","13":"taxable","14":"shipping-taxable","15":"purchasable","16":"product-type-simple"},"acf":[],"_links":{"self":[{"href":"https:\/\/wydawnictwo.ug.edu.pl\/en\/wp-json\/wp\/v2\/product\/46049","targetHints":{"allow":["GET"]}}],"collection":[{"href":"https:\/\/wydawnictwo.ug.edu.pl\/en\/wp-json\/wp\/v2\/product"}],"about":[{"href":"https:\/\/wydawnictwo.ug.edu.pl\/en\/wp-json\/wp\/v2\/types\/product"}],"wp:featuredmedia":[{"embeddable":true,"href":"https:\/\/wydawnictwo.ug.edu.pl\/en\/wp-json\/wp\/v2\/media\/30393"}],"wp:attachment":[{"href":"https:\/\/wydawnictwo.ug.edu.pl\/en\/wp-json\/wp\/v2\/media?parent=46049"}],"wp:term":[{"taxonomy":"journal","embeddable":true,"href":"https:\/\/wydawnictwo.ug.edu.pl\/en\/wp-json\/wp\/v2\/journal?post=46049"},{"taxonomy":"rodzaj","embeddable":true,"href":"https:\/\/wydawnictwo.ug.edu.pl\/en\/wp-json\/wp\/v2\/rodzaj?post=46049"},{"taxonomy":"seria","embeddable":true,"href":"https:\/\/wydawnictwo.ug.edu.pl\/en\/wp-json\/wp\/v2\/seria?post=46049"},{"taxonomy":"product_brand","embeddable":true,"href":"https:\/\/wydawnictwo.ug.edu.pl\/en\/wp-json\/wp\/v2\/product_brand?post=46049"},{"taxonomy":"product_cat","embeddable":true,"href":"https:\/\/wydawnictwo.ug.edu.pl\/en\/wp-json\/wp\/v2\/product_cat?post=46049"},{"taxonomy":"product_tag","embeddable":true,"href":"https:\/\/wydawnictwo.ug.edu.pl\/en\/wp-json\/wp\/v2\/product_tag?post=46049"}],"curies":[{"name":"wp","href":"https:\/\/api.w.org\/{rel}","templated":true}]}}