{"id":46047,"date":"2024-10-14T08:49:12","date_gmt":"2024-10-14T08:49:12","guid":{"rendered":"https:\/\/wydawnictwo.ug.edu.pl\/ksiegarnia-online\/uncategorized\/ad-quem-ksiega-jubileuszowa-z-okazji-70-urodzin-profesora-jerzego-zajadlo\/"},"modified":"2026-02-11T12:37:37","modified_gmt":"2026-02-11T12:37:37","slug":"ad-quem-ksiega-jubileuszowa-z-okazji-70-urodzin-profesora-jerzego-zajadlo","status":"publish","type":"product","link":"https:\/\/wydawnictwo.ug.edu.pl\/en\/ksiegarnia-online\/prawo-i-administracja\/ad-quem-ksiega-jubileuszowa-z-okazji-70-urodzin-profesora-jerzego-zajadlo\/","title":{"rendered":"Ad quem. Ksi\u0119ga jubileuszowa z okazji 70. urodzin Profesora Jerzego Zajad\u0142o"},"content":{"rendered":"","protected":false},"excerpt":{"rendered":"<p>\u201eWielk\u0105 zalet\u0105 Ksi\u0119gi jest jej homogeniczno\u015b\u0107, w zasadzie jednorodno\u015b\u0107 tematyczna i metodologiczna, mimo \u017ce tytu\u0142 takowej nie zapowiada, cho\u0107 odnosi si\u0119 wra\u017cenie, \u017ce osoby zapraszane do Ksi\u0119gi otrzymywa\u0142y pewne wskaz\u00f3wki lub co najmniej sugestie. To wra\u017cenie wywo\u0142uje bardzo skrupulatne i szczeg\u00f3\u0142owe nawi\u0105zywanie, a nawet kontynuowanie zapatrywa\u0144 Jubilata. Wi\u0119kszo\u015b\u0107 autor\u00f3w wprost, cz\u0119sto ju\u017c w tytule, nawi\u0105zuje do pogl\u0105d\u00f3w Profesora Jerzego Zajad\u0142y. Nurty tematyczne Ksi\u0119gi s\u0105 do pewnego stopnia odbiciem niekt\u00f3rych w\u0105tk\u00f3w dorobku teoretycznego znakomitego Jubilata\u201d.<\/p>\n<p style=\"text-align: right;\"><em>Z recenzji prof. dr. hab. Stanis\u0142awa Waltosia<\/em><\/p>\n<p>Czytelnik otrzymuje w Ksi\u0119dze Jubileuszowej bardzo bogaty zestaw opracowa\u0144, tematycznie silnie ze sob\u0105 powi\u0105zanych, odwo\u0142uj\u0105cych si\u0119 zasadniczo do dorobku naukowego prof. dra hab. Jerzego Zajad\u0142y. Takie rozwi\u0105zanie ma kilka zalet. Po pierwsze, nadaje recenzowanej pracy sp\u00f3jny merytorycznie charakter. Po drugie, pozyskiwanie tw\u00f3rczo\u015bci naukowej prof. Jerzego Zajad\u0142y, obecne w wi\u0119kszo\u015bci opracowa\u0144, pozwoli\u0142o ukaza\u0107 koncepcje teoretyczne Jubilata w \u015bwietle r\u00f3\u017cnych spor\u00f3w i wyzwa\u0144 dla prawoznawstwa.<\/p>\n<p style=\"text-align: right;\"><em>Z recenzji prof. dr. hab. Przemys\u0142awa Kaczmarka<\/em><\/p>\n","protected":false},"featured_media":30453,"template":"","meta":{"_acf_changed":false},"journal":[],"rodzaj":[7074],"seria":[],"product_brand":[],"product_cat":[6932,6948],"product_tag":[7417,7413,7474],"class_list":{"0":"post-46047","1":"product","2":"type-product","3":"status-publish","4":"has-post-thumbnail","6":"rodzaj-ksiazki","7":"product_cat-prawo-i-administracja","8":"product_cat-varia","9":"product_tag-joanna-kamienjoanna-kamien","10":"product_tag-kamil-zeidlerkamil-zeidler","11":"product_tag-sebastian-sykuna","13":"first","14":"instock","15":"taxable","16":"shipping-taxable","17":"purchasable","18":"product-type-simple"},"acf":[],"_links":{"self":[{"href":"https:\/\/wydawnictwo.ug.edu.pl\/en\/wp-json\/wp\/v2\/product\/46047","targetHints":{"allow":["GET"]}}],"collection":[{"href":"https:\/\/wydawnictwo.ug.edu.pl\/en\/wp-json\/wp\/v2\/product"}],"about":[{"href":"https:\/\/wydawnictwo.ug.edu.pl\/en\/wp-json\/wp\/v2\/types\/product"}],"wp:featuredmedia":[{"embeddable":true,"href":"https:\/\/wydawnictwo.ug.edu.pl\/en\/wp-json\/wp\/v2\/media\/30453"}],"wp:attachment":[{"href":"https:\/\/wydawnictwo.ug.edu.pl\/en\/wp-json\/wp\/v2\/media?parent=46047"}],"wp:term":[{"taxonomy":"journal","embeddable":true,"href":"https:\/\/wydawnictwo.ug.edu.pl\/en\/wp-json\/wp\/v2\/journal?post=46047"},{"taxonomy":"rodzaj","embeddable":true,"href":"https:\/\/wydawnictwo.ug.edu.pl\/en\/wp-json\/wp\/v2\/rodzaj?post=46047"},{"taxonomy":"seria","embeddable":true,"href":"https:\/\/wydawnictwo.ug.edu.pl\/en\/wp-json\/wp\/v2\/seria?post=46047"},{"taxonomy":"product_brand","embeddable":true,"href":"https:\/\/wydawnictwo.ug.edu.pl\/en\/wp-json\/wp\/v2\/product_brand?post=46047"},{"taxonomy":"product_cat","embeddable":true,"href":"https:\/\/wydawnictwo.ug.edu.pl\/en\/wp-json\/wp\/v2\/product_cat?post=46047"},{"taxonomy":"product_tag","embeddable":true,"href":"https:\/\/wydawnictwo.ug.edu.pl\/en\/wp-json\/wp\/v2\/product_tag?post=46047"}],"curies":[{"name":"wp","href":"https:\/\/api.w.org\/{rel}","templated":true}]}}