{"id":45983,"date":"2024-11-14T13:59:35","date_gmt":"2024-11-14T13:59:35","guid":{"rendered":"https:\/\/wydawnictwo.ug.edu.pl\/ksiegarnia-online\/uncategorized\/malowanie-sprawiedliwosci-komentarz-do-waznego-epizodu-z-historii-estetyki-prawa\/"},"modified":"2026-02-23T11:48:49","modified_gmt":"2026-02-23T11:48:49","slug":"malowanie-sprawiedliwosci-komentarz-do-waznego-epizodu-z-historii-estetyki-prawa","status":"publish","type":"product","link":"https:\/\/wydawnictwo.ug.edu.pl\/en\/ksiegarnia-online\/prawo-i-administracja\/malowanie-sprawiedliwosci-komentarz-do-waznego-epizodu-z-historii-estetyki-prawa\/","title":{"rendered":"Malowanie sprawiedliwo\u015bci. Komentarz do wa\u017cnego epizodu z historii estetyki prawa"},"content":{"rendered":"","protected":false},"excerpt":{"rendered":"<p>Bardzo m\u0105drze. A je\u015bli ci twoi filozofowie s\u0142usznie maj\u0105 tak r\u00f3\u017cne opinie, ja te\u017c si\u0119 z tym zgadzam, w jaki spos\u00f3b namalowa\u0142by\u015b Sprawiedliwo\u015b\u0107 jednocze\u015bnie z jednym okiem i z wieloma? Jak jednor\u0119k\u0105 tylko, ale mierz\u0105c\u0105 i wa\u017c\u0105c\u0105 zarazem, a jednocze\u015bnie gro\u017c\u0105c\u0105 mieczem? Je\u015bli wi\u0119c nie s\u0105 ca\u0142kowicie szaleni, Sprawiedliwo\u015bci, na Boga, nie da si\u0119 namalowa\u0107.<\/p>\n<p style=\"text-align: right;\">Battista Fiera de Mantua, <em>Dialog o tym, jak si\u0119 powinno malowa\u0107 Sprawiedliwo\u015b\u0107<\/em> (fragm.)<\/p>\n<p>Jerzy Zajad\u0142o zwr\u00f3ci\u0142 uwag\u0119 na tyle\u017c interesuj\u0105c\u0105, co kszta\u0142c\u0105c\u0105 humoresk\u0119 stworzon\u0105 we W\u0142oszech w okresie renesansu. Chodzi o traktat<em> De iustitia pingenda <\/em>(O malowaniu Sprawiedliwo\u015bci), kt\u00f3rego autorem jest Battista Fiera. Przedstawiono na jego kartach fikcyjny dialog pomi\u0119dzy bo\u017ckiem zgry\u017aliwej satyry Momusem oraz artyst\u0105 malarzem Andre\u0105 Mantegn\u0105. Ten ostatni pragnie dowiedzie\u0107 si\u0119, jak namalowa\u0107 Sprawiedliwo\u015b\u0107. (\u2026) W polskiej literaturze przedmiotu \u017ar\u00f3d\u0142o, na kt\u00f3re zwr\u00f3ci\u0142 uwag\u0119 Jerzy Zajad\u0142o, nie zosta\u0142o dotychczas zauwa\u017cone. To zaskakuj\u0105ce, poniewa\u017c okazuje si\u0119 ono skarbnic\u0105 w\u0105tk\u00f3w, kt\u00f3re mog\u0105 podj\u0105\u0107 i wspaniale rozwin\u0105\u0107 prawnicy, historycy sztuki, filozofowie, filolodzy klasyczni itd. S\u0142usznie przeto narracja prof. Zajad\u0142y przybiera \u201erenesansowy\u201d charakter. Nie ko\u0144czy si\u0119 ona na traktacie Fiery, ale rozlewa si\u0119 na sztuk\u0119 okresu baroku, o\u015bwiecenia i dalej. W monografii czytamy m.in. o nowo\u017cytnej architekturze Gda\u0144ska, koncepcjach Gustava Klimta, o wizerunku Sprawiedliwo\u015bci sprzed S\u0105du Okr\u0119gowego we Wroc\u0142awiu, a nawet o warszawskim kabarecie \u201eNowy Momus\u201d. Ksi\u0105\u017cka daje wi\u0119c czytelnikowi o wiele wi\u0119cej, ni\u017c obiecuje tytu\u0142.<\/p>\n<p style=\"text-align: right;\"><em>Z recenzji prof. Macieja Jo\u0144cy<\/em><\/p>\n<p>Ksi\u0105\u017cka ukaza\u0142a si\u0119 w serii Studia z Estetyki Prawa.<\/p>\n","protected":false},"featured_media":30837,"template":"","meta":{"_acf_changed":false},"journal":[],"rodzaj":[7074,7076],"seria":[7083],"product_brand":[],"product_cat":[6932],"product_tag":[],"class_list":{"0":"post-45983","1":"product","2":"type-product","3":"status-publish","4":"has-post-thumbnail","6":"rodzaj-ksiazki","7":"rodzaj-serie-wydawnicze","8":"seria-studia-z-estetyki-prawa","9":"product_cat-prawo-i-administracja","11":"first","12":"instock","13":"taxable","14":"shipping-taxable","15":"purchasable","16":"product-type-simple"},"acf":[],"_links":{"self":[{"href":"https:\/\/wydawnictwo.ug.edu.pl\/en\/wp-json\/wp\/v2\/product\/45983","targetHints":{"allow":["GET"]}}],"collection":[{"href":"https:\/\/wydawnictwo.ug.edu.pl\/en\/wp-json\/wp\/v2\/product"}],"about":[{"href":"https:\/\/wydawnictwo.ug.edu.pl\/en\/wp-json\/wp\/v2\/types\/product"}],"wp:featuredmedia":[{"embeddable":true,"href":"https:\/\/wydawnictwo.ug.edu.pl\/en\/wp-json\/wp\/v2\/media\/30837"}],"wp:attachment":[{"href":"https:\/\/wydawnictwo.ug.edu.pl\/en\/wp-json\/wp\/v2\/media?parent=45983"}],"wp:term":[{"taxonomy":"journal","embeddable":true,"href":"https:\/\/wydawnictwo.ug.edu.pl\/en\/wp-json\/wp\/v2\/journal?post=45983"},{"taxonomy":"rodzaj","embeddable":true,"href":"https:\/\/wydawnictwo.ug.edu.pl\/en\/wp-json\/wp\/v2\/rodzaj?post=45983"},{"taxonomy":"seria","embeddable":true,"href":"https:\/\/wydawnictwo.ug.edu.pl\/en\/wp-json\/wp\/v2\/seria?post=45983"},{"taxonomy":"product_brand","embeddable":true,"href":"https:\/\/wydawnictwo.ug.edu.pl\/en\/wp-json\/wp\/v2\/product_brand?post=45983"},{"taxonomy":"product_cat","embeddable":true,"href":"https:\/\/wydawnictwo.ug.edu.pl\/en\/wp-json\/wp\/v2\/product_cat?post=45983"},{"taxonomy":"product_tag","embeddable":true,"href":"https:\/\/wydawnictwo.ug.edu.pl\/en\/wp-json\/wp\/v2\/product_tag?post=45983"}],"curies":[{"name":"wp","href":"https:\/\/api.w.org\/{rel}","templated":true}]}}