{"id":45964,"date":"2025-01-23T11:03:40","date_gmt":"2025-01-23T11:03:40","guid":{"rendered":"https:\/\/wydawnictwo.ug.edu.pl\/ksiegarnia-online\/uncategorized\/media-i-kultura-polityczna-szlachty-polskiej-xvi-wieku\/"},"modified":"2026-02-11T12:34:02","modified_gmt":"2026-02-11T12:34:02","slug":"media-i-kultura-polityczna-szlachty-polskiej-xvi-wieku","status":"publish","type":"product","link":"https:\/\/wydawnictwo.ug.edu.pl\/en\/ksiegarnia-online\/literaturoznawstwo\/media-i-kultura-polityczna-szlachty-polskiej-xvi-wieku\/","title":{"rendered":"Media i kultura polityczna szlachty polskiej XVI wieku"},"content":{"rendered":"","protected":false},"excerpt":{"rendered":"<p>Ksi\u0105\u017cka profesora Edmunda Kotarskiego jest bardzo dobrze napisan\u0105 monografi\u0105 na temat medi\u00f3w i kultury politycznej szlachty polskiej XVI wieku. Jest to ksi\u0105\u017cka nowatorska, gdy\u017c po raz pierwszy opisuj\u0105ca gatunki i sposoby przekazu tekst\u00f3w z perspektywy druku i powielania modeli pisarskich oraz komentuj\u0105ca ich odbi\u00f3r. Wprowadzone cytaty nie tylko ilustruj\u0105 tok wypowiedzi Autora ksi\u0105\u017cki, ale pozwalaj\u0105 czytelnikowi na w\u0142asne wnioski i odczucia. Poznaje on stan Rzeczypospolitej XVI wieku, jej \u201echoroby\u201d, z\u0142e obyczaje i odczuwan\u0105 niesprawiedliwo\u015b\u0107, ale r\u00f3wnie\u017c nadzieje os\u00f3b zaanga\u017cowanych w napraw\u0119 pa\u0144stwa i wiar\u0119 w m\u0105dro\u015b\u0107 w\u0142adcy. Otrzymuje barwn\u0105 i erudycyjn\u0105 opowie\u015b\u0107 o Polsce renesansowych przemian, dziejach naszego kraju i \u00f3wczesnych \u015brodkach komunikacji. Poznaje \u015bwiat dawnych medi\u00f3w \u2013 oralnych, skryptualnych i wizualnych, rozw\u00f3j techniki powielania, sztuki drukarskiej i procesu multiplikacji tekstu.<\/p>\n<p>Nale\u017cy podkre\u015bli\u0107 wielk\u0105 wiedz\u0119 Autora w zakresie historii, kultury szlacheckiej, tradycji retorycznej oraz renesansowego humanizmu. Edmund Kotarski, uznany badacz europejskiej kultury dawnej, da\u0142 si\u0119 po raz kolejny pozna\u0107 jako pisarz potrafi\u0105cy zainteresowa\u0107 czytelnika histori\u0105 Polski, przemianami medialnymi i kultur\u0105 polityczn\u0105 naszej kraju.<\/p>\n<p style=\"text-align: right;\"><em>Z recenzji prof. dr hab. Danuty K\u00fcnstler-Langner<\/em><\/p>\n<p>&nbsp;<\/p>\n","protected":false},"featured_media":31528,"template":"","meta":{"_acf_changed":false},"journal":[],"rodzaj":[7074],"seria":[],"product_brand":[],"product_cat":[6936,6958,6925],"product_tag":[7447],"class_list":{"0":"post-45964","1":"product","2":"type-product","3":"status-publish","4":"has-post-thumbnail","6":"rodzaj-ksiazki","7":"product_cat-historia-sztuki-i-kulturoznawstwo","8":"product_cat-historia","9":"product_cat-literaturoznawstwo","10":"product_tag-edmund-kotarskiedmund-kotarski","12":"first","13":"instock","14":"taxable","15":"shipping-taxable","16":"purchasable","17":"product-type-simple"},"acf":[],"_links":{"self":[{"href":"https:\/\/wydawnictwo.ug.edu.pl\/en\/wp-json\/wp\/v2\/product\/45964","targetHints":{"allow":["GET"]}}],"collection":[{"href":"https:\/\/wydawnictwo.ug.edu.pl\/en\/wp-json\/wp\/v2\/product"}],"about":[{"href":"https:\/\/wydawnictwo.ug.edu.pl\/en\/wp-json\/wp\/v2\/types\/product"}],"wp:featuredmedia":[{"embeddable":true,"href":"https:\/\/wydawnictwo.ug.edu.pl\/en\/wp-json\/wp\/v2\/media\/31528"}],"wp:attachment":[{"href":"https:\/\/wydawnictwo.ug.edu.pl\/en\/wp-json\/wp\/v2\/media?parent=45964"}],"wp:term":[{"taxonomy":"journal","embeddable":true,"href":"https:\/\/wydawnictwo.ug.edu.pl\/en\/wp-json\/wp\/v2\/journal?post=45964"},{"taxonomy":"rodzaj","embeddable":true,"href":"https:\/\/wydawnictwo.ug.edu.pl\/en\/wp-json\/wp\/v2\/rodzaj?post=45964"},{"taxonomy":"seria","embeddable":true,"href":"https:\/\/wydawnictwo.ug.edu.pl\/en\/wp-json\/wp\/v2\/seria?post=45964"},{"taxonomy":"product_brand","embeddable":true,"href":"https:\/\/wydawnictwo.ug.edu.pl\/en\/wp-json\/wp\/v2\/product_brand?post=45964"},{"taxonomy":"product_cat","embeddable":true,"href":"https:\/\/wydawnictwo.ug.edu.pl\/en\/wp-json\/wp\/v2\/product_cat?post=45964"},{"taxonomy":"product_tag","embeddable":true,"href":"https:\/\/wydawnictwo.ug.edu.pl\/en\/wp-json\/wp\/v2\/product_tag?post=45964"}],"curies":[{"name":"wp","href":"https:\/\/api.w.org\/{rel}","templated":true}]}}