{"id":45882,"date":"2025-09-18T12:06:50","date_gmt":"2025-09-18T12:06:50","guid":{"rendered":"https:\/\/wydawnictwo.ug.edu.pl\/ksiegarnia-online\/uncategorized\/krytyka-literacka-w-mediach-spolecznosciowych\/"},"modified":"2026-02-10T14:02:00","modified_gmt":"2026-02-10T14:02:00","slug":"krytyka-literacka-w-mediach-spolecznosciowych","status":"publish","type":"product","link":"https:\/\/wydawnictwo.ug.edu.pl\/en\/ksiegarnia-online\/historia-sztuki-i-kulturoznawstwo\/krytyka-literacka-w-mediach-spolecznosciowych\/","title":{"rendered":"Krytyka literacka w mediach spo\u0142eczno\u015bciowych"},"content":{"rendered":"","protected":false},"excerpt":{"rendered":"<p>Recenzja, jako forma literacka, ewoluuje nieprzerwanie od czas\u00f3w staro\u017cytnych. Na przestrzeni wiek\u00f3w zmienia\u0142o si\u0119 podej\u015bcie do sztuki oraz jej tw\u00f3rc\u00f3w. Zmianie ulega\u0142 r\u00f3wnie\u017c spos\u00f3b prezentowania opinii na temat dzie\u0142 kultury. Pocz\u0105wszy od pochwa\u0142 w formie oralnej, poprzez rozprawy, artyku\u0142y w prasie, tradycyjne blogi, po publikowanie recenzji w mediach spo\u0142eczno\u015bciowych, takich jak Instagram, TikTok czy YouTube. Fakt, \u017ce ka\u017cdy powy\u017cej trzynastego roku \u017cycia mo\u017ce za\u0142o\u017cy\u0107 w\u0142asny profil i publikowa\u0107 swoje opinie na temat ksi\u0105\u017cek, spowodowa\u0142, \u017ce codziennie powstaj\u0105 dziesi\u0105tki nowych recenzji. (\u2026) Jednak nie tylko rosn\u0105ca liczba kont o ksi\u0105\u017ckowej tematyce i publikowanych na nich recenzji przyczyni\u0142y si\u0119 do napisania niniejszej pracy. Jej autorka od wielu lat na bie\u017c\u0105co \u015bledzi rynek ksi\u0105\u017cki, obserwuje najnowsze premiery oraz zapoznaje si\u0119 z recenzjami ksi\u0105\u017cek.<\/p>\n<p style=\"text-align: right;\"><em>fragment wst\u0119pu<\/em><\/p>\n<p>Seria \u201eMedi@astery\u201d<\/p>\n","protected":false},"featured_media":45253,"template":"","meta":{"_acf_changed":false},"journal":[],"rodzaj":[7074,7076],"seria":[7082],"product_brand":[],"product_cat":[6936,6941,6953],"product_tag":[7416],"class_list":{"0":"post-45882","1":"product","2":"type-product","3":"status-publish","4":"has-post-thumbnail","6":"rodzaj-ksiazki","7":"rodzaj-serie-wydawnicze","8":"seria-medistery","9":"product_cat-historia-sztuki-i-kulturoznawstwo","10":"product_cat-medioznawstwo","11":"product_cat-socjologia","12":"product_tag-agnieszka-kurpias","14":"first","15":"instock","16":"taxable","17":"shipping-taxable","18":"purchasable","19":"product-type-simple"},"acf":[],"_links":{"self":[{"href":"https:\/\/wydawnictwo.ug.edu.pl\/en\/wp-json\/wp\/v2\/product\/45882","targetHints":{"allow":["GET"]}}],"collection":[{"href":"https:\/\/wydawnictwo.ug.edu.pl\/en\/wp-json\/wp\/v2\/product"}],"about":[{"href":"https:\/\/wydawnictwo.ug.edu.pl\/en\/wp-json\/wp\/v2\/types\/product"}],"wp:featuredmedia":[{"embeddable":true,"href":"https:\/\/wydawnictwo.ug.edu.pl\/en\/wp-json\/wp\/v2\/media\/45253"}],"wp:attachment":[{"href":"https:\/\/wydawnictwo.ug.edu.pl\/en\/wp-json\/wp\/v2\/media?parent=45882"}],"wp:term":[{"taxonomy":"journal","embeddable":true,"href":"https:\/\/wydawnictwo.ug.edu.pl\/en\/wp-json\/wp\/v2\/journal?post=45882"},{"taxonomy":"rodzaj","embeddable":true,"href":"https:\/\/wydawnictwo.ug.edu.pl\/en\/wp-json\/wp\/v2\/rodzaj?post=45882"},{"taxonomy":"seria","embeddable":true,"href":"https:\/\/wydawnictwo.ug.edu.pl\/en\/wp-json\/wp\/v2\/seria?post=45882"},{"taxonomy":"product_brand","embeddable":true,"href":"https:\/\/wydawnictwo.ug.edu.pl\/en\/wp-json\/wp\/v2\/product_brand?post=45882"},{"taxonomy":"product_cat","embeddable":true,"href":"https:\/\/wydawnictwo.ug.edu.pl\/en\/wp-json\/wp\/v2\/product_cat?post=45882"},{"taxonomy":"product_tag","embeddable":true,"href":"https:\/\/wydawnictwo.ug.edu.pl\/en\/wp-json\/wp\/v2\/product_tag?post=45882"}],"curies":[{"name":"wp","href":"https:\/\/api.w.org\/{rel}","templated":true}]}}