{"id":45863,"date":"2025-11-21T11:59:45","date_gmt":"2025-11-21T11:59:45","guid":{"rendered":"https:\/\/wydawnictwo.ug.edu.pl\/ksiegarnia-online\/uncategorized\/evolucion-de-la-descripcion-lexicografica-de-algunos-adjetivos-de-relacion-temporal-en-los-diccionarios-academicos-espanoles\/"},"modified":"2026-02-10T14:01:18","modified_gmt":"2026-02-10T14:01:18","slug":"evolucion-de-la-descripcion-lexicografica-de-algunos-adjetivos-de-relacion-temporal-en-los-diccionarios-academicos-espanoles","status":"publish","type":"product","link":"https:\/\/wydawnictwo.ug.edu.pl\/en\/ksiegarnia-online\/jezykoznawstwo\/evolucion-de-la-descripcion-lexicografica-de-algunos-adjetivos-de-relacion-temporal-en-los-diccionarios-academicos-espanoles\/","title":{"rendered":"Evoluci\u00f3n de la descripci\u00f3n lexicogr\u00e1fica de algunos adjetivos de relaci\u00f3n temporal en los diccionarios acad\u00e9micos espa\u00f1oles"},"content":{"rendered":"","protected":false},"excerpt":{"rendered":"<div data-ogsc=\"rgb(0, 0, 0)\" data-olk-copy-source=\"MessageBody\">\n<div data-ogsc=\"rgb(0, 0, 0)\" data-olk-copy-source=\"MessageBody\">A v\u00edsperas de la conmemoraci\u00f3n del tercer centenario de la publicaci\u00f3n del primer tomo del\u00a0<i data-ogsc=\"\">Diccionario de autoridades<\/i>, la editorial pone a disposici\u00f3n del lector la presente monograf\u00eda. No se concibe como un elogio ni, siquiera, como una obra conmemorativa, sino como un estudio diacr\u00f3nico, sustentado en criterios ling\u00fc\u00edsticos, acerca de las transformaciones que experimenta la microestructura de los distintos diccionarios publicados por la Real Academia Espa\u00f1ola a lo largo de su tradici\u00f3n lexicogr\u00e1fica. El an\u00e1lisis se limita a cinco adjetivos que, al menos en una de sus acepciones, expresan una relaci\u00f3n temporal; con todo, el enfoque adoptado permite que las observaciones formuladas puedan servir de fundamento para la revisi\u00f3n de otros tipos de entradas. Se conf\u00eda en que las conclusiones alcanzadas contribuyan de manera eficaz a perfeccionar las futuras descripciones lexicogr\u00e1ficas tanto de los diccionarios acad\u00e9micos como de otras obras afines.<\/div>\n<div data-ogsc=\"rgb(0, 0, 0)\" data-olk-copy-source=\"MessageBody\"><\/div>\n<div data-ogsc=\"rgb(0, 0, 0)\">\u201cCabe destacar \u2013escribe en su informe editorial Magadalena Szefil\u0144ska-Baran (Universidad de \u0141\u00f3d\u017a)\u2013 que el trabajo constituye un estudio original y completo, que aporta una contribuci\u00f3n significativa a la investigaci\u00f3n sobre la evoluci\u00f3n de la lexicograf\u00eda del idioma espa\u00f1ol, con especial atenci\u00f3n a la microestructura lexicogr\u00e1fica y a las modificaciones de sus elementos fundamentales\u201d.<\/div>\n<\/div>\n","protected":false},"featured_media":45189,"template":"","meta":{"_acf_changed":false},"journal":[],"rodzaj":[7074],"seria":[],"product_brand":[],"product_cat":[6924,6926],"product_tag":[7392],"class_list":{"0":"post-45863","1":"product","2":"type-product","3":"status-publish","4":"has-post-thumbnail","6":"rodzaj-ksiazki","7":"product_cat-jezykoznawstwo","8":"product_cat-przekladoznawstwo","9":"product_tag-miroslaw-trybiszmiroslaw-trybisz","11":"first","12":"instock","13":"taxable","14":"shipping-taxable","15":"purchasable","16":"product-type-simple"},"acf":[],"_links":{"self":[{"href":"https:\/\/wydawnictwo.ug.edu.pl\/en\/wp-json\/wp\/v2\/product\/45863","targetHints":{"allow":["GET"]}}],"collection":[{"href":"https:\/\/wydawnictwo.ug.edu.pl\/en\/wp-json\/wp\/v2\/product"}],"about":[{"href":"https:\/\/wydawnictwo.ug.edu.pl\/en\/wp-json\/wp\/v2\/types\/product"}],"wp:featuredmedia":[{"embeddable":true,"href":"https:\/\/wydawnictwo.ug.edu.pl\/en\/wp-json\/wp\/v2\/media\/45189"}],"wp:attachment":[{"href":"https:\/\/wydawnictwo.ug.edu.pl\/en\/wp-json\/wp\/v2\/media?parent=45863"}],"wp:term":[{"taxonomy":"journal","embeddable":true,"href":"https:\/\/wydawnictwo.ug.edu.pl\/en\/wp-json\/wp\/v2\/journal?post=45863"},{"taxonomy":"rodzaj","embeddable":true,"href":"https:\/\/wydawnictwo.ug.edu.pl\/en\/wp-json\/wp\/v2\/rodzaj?post=45863"},{"taxonomy":"seria","embeddable":true,"href":"https:\/\/wydawnictwo.ug.edu.pl\/en\/wp-json\/wp\/v2\/seria?post=45863"},{"taxonomy":"product_brand","embeddable":true,"href":"https:\/\/wydawnictwo.ug.edu.pl\/en\/wp-json\/wp\/v2\/product_brand?post=45863"},{"taxonomy":"product_cat","embeddable":true,"href":"https:\/\/wydawnictwo.ug.edu.pl\/en\/wp-json\/wp\/v2\/product_cat?post=45863"},{"taxonomy":"product_tag","embeddable":true,"href":"https:\/\/wydawnictwo.ug.edu.pl\/en\/wp-json\/wp\/v2\/product_tag?post=45863"}],"curies":[{"name":"wp","href":"https:\/\/api.w.org\/{rel}","templated":true}]}}