{"id":45855,"date":"2025-12-04T13:06:54","date_gmt":"2025-12-04T13:06:54","guid":{"rendered":"https:\/\/wydawnictwo.ug.edu.pl\/ksiegarnia-online\/uncategorized\/jency-i-jeniectwo-w-strefie-poludniowych-wybrzezy-baltyku-pomorza-i-polabia-do-1230-roku\/"},"modified":"2026-02-19T09:16:00","modified_gmt":"2026-02-19T09:16:00","slug":"jency-i-jeniectwo-w-strefie-poludniowych-wybrzezy-baltyku-pomorza-i-polabia-do-1230-roku","status":"publish","type":"product","link":"https:\/\/wydawnictwo.ug.edu.pl\/en\/ksiegarnia-online\/historia\/jency-i-jeniectwo-w-strefie-poludniowych-wybrzezy-baltyku-pomorza-i-polabia-do-1230-roku\/","title":{"rendered":"Je\u0144cy i jeniectwo w strefie po\u0142udniowych wybrze\u017cy Ba\u0142tyku, Pomorza i Po\u0142abia do 1230 roku"},"content":{"rendered":"","protected":false},"excerpt":{"rendered":"<p>Jeniectwo wojenne od wielu lat stanowi przedmiot zainteresowania zar\u00f3wno zawodowych historyk\u00f3w, jak i pasjonat\u00f3w historii. Mo\u017cliwo\u015b\u0107 poznania los\u00f3w ludzi walcz\u0105cych z broni\u0105 w r\u0119ku na \u015bredniowiecznych polach bitew, kt\u00f3rzy w zamian za darowanie \u017cycia oddawali si\u0119 do niewoli przeciwnika, zale\u017cy od obszaru badawczego oraz dost\u0119pnych \u017ar\u00f3de\u0142 historycznych. W okresie p\u00f3\u017anego \u015bredniowiecza pojawi\u0142o si\u0119 stosunkowo du\u017co informacji pozwalaj\u0105cych pozna\u0107 los je\u0144ca wojennego, warunki jego przetrzymywania w niewoli i mo\u017cliwo\u015b\u0107 wykupu. O wiele skromniejsza jest wiedza o wspomnianych zagadnieniach obejmuj\u0105ca czasy wczesnego \u015bredniowiecza.<\/p>\n<p>W prezentowanej pracy autor zajmuje si\u0119 zagadnieniami zwi\u0105zanymi z jeniectwem do 1230 r. na dawnych ziemiach s\u0142owia\u0144skich, kt\u00f3re po saskich podbojach na Po\u0142abiu i w Meklemburgii dosta\u0142y si\u0119 pod panowanie niemieckich feuda\u0142\u00f3w. Autor analizuje r\u00f3wnie\u017c kwestie dotycz\u0105ce jeniectwa na Pomorzu rz\u0105dzonym przez s\u0142owia\u0144skich w\u0142adc\u00f3w. Du\u017cy wp\u0142yw na kszta\u0142t jeniectwa na omawianym terenie mia\u0142y walki prowadzone przed 1227 r. mi\u0119dzy S\u0142owianami i Niemcami a Dani\u0105 dysponuj\u0105c\u0105 najwi\u0119ksz\u0105 si\u0142\u0105 militarn\u0105 nad Ba\u0142tykiem.<\/p>\n","protected":false},"featured_media":45121,"template":"","meta":{"_acf_changed":false},"journal":[],"rodzaj":[7074],"seria":[],"product_brand":[],"product_cat":[6958],"product_tag":[7383],"class_list":{"0":"post-45855","1":"product","2":"type-product","3":"status-publish","4":"has-post-thumbnail","6":"rodzaj-ksiazki","7":"product_cat-historia","8":"product_tag-marek-smolinski","10":"first","11":"instock","12":"taxable","13":"shipping-taxable","14":"purchasable","15":"product-type-simple"},"acf":[],"_links":{"self":[{"href":"https:\/\/wydawnictwo.ug.edu.pl\/en\/wp-json\/wp\/v2\/product\/45855","targetHints":{"allow":["GET"]}}],"collection":[{"href":"https:\/\/wydawnictwo.ug.edu.pl\/en\/wp-json\/wp\/v2\/product"}],"about":[{"href":"https:\/\/wydawnictwo.ug.edu.pl\/en\/wp-json\/wp\/v2\/types\/product"}],"wp:featuredmedia":[{"embeddable":true,"href":"https:\/\/wydawnictwo.ug.edu.pl\/en\/wp-json\/wp\/v2\/media\/45121"}],"wp:attachment":[{"href":"https:\/\/wydawnictwo.ug.edu.pl\/en\/wp-json\/wp\/v2\/media?parent=45855"}],"wp:term":[{"taxonomy":"journal","embeddable":true,"href":"https:\/\/wydawnictwo.ug.edu.pl\/en\/wp-json\/wp\/v2\/journal?post=45855"},{"taxonomy":"rodzaj","embeddable":true,"href":"https:\/\/wydawnictwo.ug.edu.pl\/en\/wp-json\/wp\/v2\/rodzaj?post=45855"},{"taxonomy":"seria","embeddable":true,"href":"https:\/\/wydawnictwo.ug.edu.pl\/en\/wp-json\/wp\/v2\/seria?post=45855"},{"taxonomy":"product_brand","embeddable":true,"href":"https:\/\/wydawnictwo.ug.edu.pl\/en\/wp-json\/wp\/v2\/product_brand?post=45855"},{"taxonomy":"product_cat","embeddable":true,"href":"https:\/\/wydawnictwo.ug.edu.pl\/en\/wp-json\/wp\/v2\/product_cat?post=45855"},{"taxonomy":"product_tag","embeddable":true,"href":"https:\/\/wydawnictwo.ug.edu.pl\/en\/wp-json\/wp\/v2\/product_tag?post=45855"}],"curies":[{"name":"wp","href":"https:\/\/api.w.org\/{rel}","templated":true}]}}