{"id":49028,"date":"2025-04-16T16:45:55","date_gmt":"2025-04-16T16:45:55","guid":{"rendered":"https:\/\/wydawnictwo.ug.edu.pl\/events\/inauguracja-roku-akademickiego-2023-2024-na-uniwersytecie-gdanskim\/"},"modified":"2026-02-25T12:48:38","modified_gmt":"2026-02-25T12:48:38","slug":"inauguracja-roku-akademickiego-2023-2024-na-uniwersytecie-gdanskim","status":"publish","type":"events","link":"https:\/\/wydawnictwo.ug.edu.pl\/en\/events\/inauguracja-roku-akademickiego-2023-2024-na-uniwersytecie-gdanskim\/","title":{"rendered":"Inauguracja Roku Akademickiego 2023\/2024 na Uniwersytecie Gda\u0144skim"},"content":{"rendered":"<p>Rektor UG prof. dr hab. Piotr Stepnowski oraz Senat Uniwersytetu Gda\u0144skiego zapraszaj\u0105 na uroczyst\u0105 Inauguracj\u0119 Roku Akademickiego 2023\/2024 w Uniwersytecie Gda\u0144skim. Wydarzenie odb\u0119dzie si\u0119 w sali g\u0142\u00f3wnej na 1. pi\u0119trze Biblioteki UG (Kampus Oliwa) 3 pa\u017adziernika 2023 r. o godz. 10.00. Wyk\u0142ad inauguracyjny wyg\u0142osi dr hab. Micha\u0142 Rusinek, prof. UJ.<\/p>\n<p>Program dnia inauguracyjnego:<\/p>\n<ul>\n<li>godz. 10.00: Uroczysta inauguracja roku akademickiego w sali g\u0142\u00f3wnej na 1. pi\u0119trze Biblioteki UG<\/li>\n<li>godz. 11.00 (po uroczystej inauguracji): Wernisa\u017c wystawy Wis\u0142awa Szymborska: kola\u017c gda\u0144ski w Galerii na parterze Biblioteki UG<\/li>\n<li>godz. 17.30: Spotkanie autorskie z prof. Micha\u0142em Rusinkiem w sali g\u0142\u00f3wnej na 1. pi\u0119trze Biblioteki UG<\/li>\n<li>godz. 19.00: Spektakl Szymborska: kola\u017c \u2013 wydarzenie performatywne nagrodzone Grand Prix Studenckiej Wiosny Teatralnej (2023) \u2013 w sali g\u0142\u00f3wnej na 1. pi\u0119trze Biblioteki UG<\/li>\n<\/ul>\n","protected":false},"excerpt":{"rendered":"<p>Rektor UG prof. dr hab. Piotr Stepnowski oraz Senat Uniwersytetu Gda\u0144skiego zapraszaj\u0105 na uroczyst\u0105 Inauguracj\u0119 Roku Akademickiego 2023\/2024 w Uniwersytecie Gda\u0144skim. Wydarzenie odb\u0119dzie si\u0119 w sali g\u0142\u00f3wnej na 1. pi\u0119trze Biblioteki UG (Kampus Oliwa) 3 pa\u017adziernika 2023 r. o godz. 10.00. Wyk\u0142ad inauguracyjny wyg\u0142osi dr hab. Micha\u0142 Rusinek, prof. UJ. Program dnia inauguracyjnego: godz. 10.00: [&hellip;]<\/p>\n","protected":false},"featured_media":25605,"parent":0,"menu_order":0,"template":"","format":"standard","meta":{"_acf_changed":false},"event_cat":[],"class_list":["post-49028","events","type-events","status-publish","format-standard","has-post-thumbnail","hentry"],"acf":[],"_links":{"self":[{"href":"https:\/\/wydawnictwo.ug.edu.pl\/en\/wp-json\/wp\/v2\/events\/49028","targetHints":{"allow":["GET"]}}],"collection":[{"href":"https:\/\/wydawnictwo.ug.edu.pl\/en\/wp-json\/wp\/v2\/events"}],"about":[{"href":"https:\/\/wydawnictwo.ug.edu.pl\/en\/wp-json\/wp\/v2\/types\/events"}],"wp:featuredmedia":[{"embeddable":true,"href":"https:\/\/wydawnictwo.ug.edu.pl\/en\/wp-json\/wp\/v2\/media\/25605"}],"wp:attachment":[{"href":"https:\/\/wydawnictwo.ug.edu.pl\/en\/wp-json\/wp\/v2\/media?parent=49028"}],"wp:term":[{"taxonomy":"event_cat","embeddable":true,"href":"https:\/\/wydawnictwo.ug.edu.pl\/en\/wp-json\/wp\/v2\/event_cat?post=49028"}],"curies":[{"name":"wp","href":"https:\/\/api.w.org\/{rel}","templated":true}]}}