{"id":40867,"date":"2025-06-05T05:52:21","date_gmt":"2025-06-05T05:52:21","guid":{"rendered":"https:\/\/wydawnictwo.ug.edu.pl\/?post_type=events&#038;p=40867"},"modified":"2025-06-05T05:52:21","modified_gmt":"2025-06-05T05:52:21","slug":"spotkanie-z-prof-hanna-dymel-trzebiatowska-w-bibliotece-kokoszki-2","status":"publish","type":"events","link":"https:\/\/wydawnictwo.ug.edu.pl\/en\/events\/spotkanie-z-prof-hanna-dymel-trzebiatowska-w-bibliotece-kokoszki-2\/","title":{"rendered":"Spotkanie z prof. Hann\u0105 Dymel-Trzebiatowsk\u0105 w Bibliotece Kokoszki"},"content":{"rendered":"<p><strong>16 czerwca o godz. 17:00 w Bibliotece Kokoszki w Gda\u0144sku odb\u0119dzie si\u0119 spotkanie z dr hab. Hann\u0105 Dymel-Trzebiatowsk\u0105, prof. UG, literaturoznawczyni\u0105 z Instytutu Skandynawistyki i Fennistyki na Wydziale Filologicznym Uniwersytetu Gda\u0144skiego.<\/strong><\/p>\n<p>Badaczka od lat zg\u0142\u0119bia Dolin\u0119 Mumink\u00f3w, czego owocem s\u0105 dwie publikacje wydane przez Wydawnictwo Uniwersytetu Gda\u0144skiego:\u00a0<a href=\"https:\/\/wydawnictwo.ug.edu.pl\/produkt\/filozoficzne-i-translatoryczne-wedrowki-po-dolinie-muminkow\/\"><em>Filozoficzne i translatoryczne w\u0119dr\u00f3wki po Dolinie Mumink\u00f3w<\/em><\/a>\u00a0(2019) oraz\u00a0<a href=\"https:\/\/wydawnictwo.ug.edu.pl\/produkt\/przechadzki-po-dolinie-muminkow-perspektywa-filozoficzno-literacka\/\"><em>Przechadzki po Dolinie Mumink\u00f3w. Perspektywa filozoficzno-literacka<\/em><\/a>\u00a0(2024). W trakcie spotkania porozmawiamy oczywi\u015bcie o Muminkach!<\/p>\n","protected":false},"excerpt":{"rendered":"<p>16 czerwca o godz. 17:00 w Bibliotece Kokoszki w Gda\u0144sku odb\u0119dzie si\u0119 spotkanie z dr hab. Hann\u0105 Dymel-Trzebiatowsk\u0105, prof. UG, literaturoznawczyni\u0105 z Instytutu Skandynawistyki i Fennistyki na Wydziale Filologicznym Uniwersytetu Gda\u0144skiego. Badaczka od lat zg\u0142\u0119bia Dolin\u0119 Mumink\u00f3w, czego owocem s\u0105 dwie publikacje wydane przez Wydawnictwo Uniwersytetu Gda\u0144skiego:\u00a0Filozoficzne i translatoryczne w\u0119dr\u00f3wki po Dolinie Mumink\u00f3w\u00a0(2019) oraz\u00a0Przechadzki po [&hellip;]<\/p>\n","protected":false},"featured_media":40141,"parent":0,"menu_order":134,"template":"","format":"standard","meta":{"_acf_changed":false},"event_cat":[],"class_list":["post-40867","events","type-events","status-publish","format-standard","has-post-thumbnail","hentry"],"acf":[],"_links":{"self":[{"href":"https:\/\/wydawnictwo.ug.edu.pl\/en\/wp-json\/wp\/v2\/events\/40867","targetHints":{"allow":["GET"]}}],"collection":[{"href":"https:\/\/wydawnictwo.ug.edu.pl\/en\/wp-json\/wp\/v2\/events"}],"about":[{"href":"https:\/\/wydawnictwo.ug.edu.pl\/en\/wp-json\/wp\/v2\/types\/events"}],"wp:featuredmedia":[{"embeddable":true,"href":"https:\/\/wydawnictwo.ug.edu.pl\/en\/wp-json\/wp\/v2\/media\/40141"}],"wp:attachment":[{"href":"https:\/\/wydawnictwo.ug.edu.pl\/en\/wp-json\/wp\/v2\/media?parent=40867"}],"wp:term":[{"taxonomy":"event_cat","embeddable":true,"href":"https:\/\/wydawnictwo.ug.edu.pl\/en\/wp-json\/wp\/v2\/event_cat?post=40867"}],"curies":[{"name":"wp","href":"https:\/\/api.w.org\/{rel}","templated":true}]}}