{"id":39649,"date":"2025-05-12T15:07:19","date_gmt":"2025-05-12T15:07:19","guid":{"rendered":"https:\/\/wydawnictwo.ug.edu.pl\/?post_type=events&#038;p=39649"},"modified":"2025-05-21T08:17:59","modified_gmt":"2025-05-21T08:17:59","slug":"wug-na-konferencji-viva-dydaktyka-2025","status":"publish","type":"events","link":"https:\/\/wydawnictwo.ug.edu.pl\/en\/events\/wug-na-konferencji-viva-dydaktyka-2025\/","title":{"rendered":"Wydawnictwo UG na konferencji Viva Dydaktyka 2025"},"content":{"rendered":"<p data-start=\"220\" data-end=\"425\">W dniach 22\u201323 maja 2025 roku na Uniwersytecie Gda\u0144skim odb\u0119dzie si\u0119 V edycja <a href=\"http:\/\/cddit.ug.edu.pl\/viva\">Og\u00f3lnopolskiej Konferencji Dydaktyki Szko\u0142y Wy\u017cszej Viva Dydaktyka<\/a> pod has\u0142em \u201eDydaktyka bez granic?\u201d.<\/p>\n<p data-start=\"427\" data-end=\"662\">Organizatorzy \u2013 Centrum Doskonalenia Dydaktycznego i Tutoringu UG oraz Centrum Dydaktyczno-Konferencyjne UG \u2013 zaplanowali wydarzenie pe\u0142ne dyskusji, warsztat\u00f3w i inspiruj\u0105cych spotka\u0144 wok\u00f3\u0142 nowoczesnego nauczania akademickiego.<\/p>\n<p data-start=\"718\" data-end=\"1002\"><strong data-start=\"741\" data-end=\"772\">22 maja w godz. 14:30\u201316:30 <\/strong>zaprezentujemy publikacj\u0119: <em><a href=\"https:\/\/wydawnictwo.ug.edu.pl\/produkt\/dydaktyka-akademicka-w-opiniach-nauczycielek-i-nauczycieli-akademickich-uniwersytetu-gdanskiego\/\">Dydaktyka akademicka w opiniach nauczycielek i nauczycieli akademickich Uniwersytetu Gda\u0144skiego<\/a>\u00a0<\/em>autorstwa Jaros\u0142awa Jendzy i Beaty Karpi\u0144skiej-Musia\u0142. B\u0119dzie mo\u017cna zakupi\u0107 egzemplarz ksi\u0105\u017cki.<\/p>\n<p data-start=\"1004\" data-end=\"1214\">Ksi\u0105\u017cka przedstawia wyniki bada\u0144 przeprowadzonych w \u015brodowisku Uniwersytetu Gda\u0144skiego i stanowi fundament do budowania systemowego wsparcia dla nauczycieli akademickich w rozwoju ich kompetencji dydaktycznych. Czytelnicy znajd\u0105 w niej odpowiedzi na pytania:<\/p>\n<ul>\n<li data-start=\"1243\" data-end=\"1304\">Jakie wyzwania napotykaj\u0105 wyk\u0142adowcy w pracy ze studentami?<\/li>\n<li data-start=\"1243\" data-end=\"1304\">Co wp\u0142ywa na skuteczno\u015b\u0107 dydaktyczn\u0105?<\/li>\n<li data-start=\"1349\" data-end=\"1395\">Jakie kompetencje chc\u0105 rozwija\u0107 nauczyciele?<\/li>\n<li data-start=\"1398\" data-end=\"1443\">Jak zmienia si\u0119 rola dydaktyki na uczelniach?<\/li>\n<\/ul>\n","protected":false},"excerpt":{"rendered":"<p>W dniach 22\u201323 maja 2025 roku na Uniwersytecie Gda\u0144skim odb\u0119dzie si\u0119 V edycja Og\u00f3lnopolskiej Konferencji Dydaktyki Szko\u0142y Wy\u017cszej Viva Dydaktyka pod has\u0142em \u201eDydaktyka bez granic?\u201d. Organizatorzy \u2013 Centrum Doskonalenia Dydaktycznego i Tutoringu UG oraz Centrum Dydaktyczno-Konferencyjne UG \u2013 zaplanowali wydarzenie pe\u0142ne dyskusji, warsztat\u00f3w i inspiruj\u0105cych spotka\u0144 wok\u00f3\u0142 nowoczesnego nauczania akademickiego. 22 maja w godz. 14:30\u201316:30 [&hellip;]<\/p>\n","protected":false},"featured_media":31654,"parent":0,"menu_order":130,"template":"","format":"standard","meta":{"_acf_changed":false},"event_cat":[],"class_list":["post-39649","events","type-events","status-publish","format-standard","has-post-thumbnail","hentry"],"acf":[],"_links":{"self":[{"href":"https:\/\/wydawnictwo.ug.edu.pl\/en\/wp-json\/wp\/v2\/events\/39649","targetHints":{"allow":["GET"]}}],"collection":[{"href":"https:\/\/wydawnictwo.ug.edu.pl\/en\/wp-json\/wp\/v2\/events"}],"about":[{"href":"https:\/\/wydawnictwo.ug.edu.pl\/en\/wp-json\/wp\/v2\/types\/events"}],"wp:featuredmedia":[{"embeddable":true,"href":"https:\/\/wydawnictwo.ug.edu.pl\/en\/wp-json\/wp\/v2\/media\/31654"}],"wp:attachment":[{"href":"https:\/\/wydawnictwo.ug.edu.pl\/en\/wp-json\/wp\/v2\/media?parent=39649"}],"wp:term":[{"taxonomy":"event_cat","embeddable":true,"href":"https:\/\/wydawnictwo.ug.edu.pl\/en\/wp-json\/wp\/v2\/event_cat?post=39649"}],"curies":[{"name":"wp","href":"https:\/\/api.w.org\/{rel}","templated":true}]}}