{"id":39648,"date":"2025-05-12T14:30:47","date_gmt":"2025-05-12T14:30:47","guid":{"rendered":"https:\/\/wydawnictwo.ug.edu.pl\/?post_type=events&#038;p=39648"},"modified":"2025-05-21T10:14:48","modified_gmt":"2025-05-21T10:14:48","slug":"spotkanie-z-prof-maciejem-jonca-autorem-ksiazki-historia-prawa-w-przezroczach","status":"publish","type":"events","link":"https:\/\/wydawnictwo.ug.edu.pl\/en\/events\/spotkanie-z-prof-maciejem-jonca-autorem-ksiazki-historia-prawa-w-przezroczach\/","title":{"rendered":"Spotkanie z prof. Maciejem Jo\u0144c\u0105, autorem \u201eHistorii prawa w przezroczach\u201d"},"content":{"rendered":"<p data-start=\"289\" data-end=\"721\"><a href=\"https:\/\/wydawnictwo.ug.edu.pl\/produkt\/historia-prawa-w-przezroczach\/\"><em data-start=\"289\" data-end=\"320\">Historia prawa w przezroczach<\/em><\/a>\u00a0to zbi\u00f3r esej\u00f3w po\u015bwi\u0119conych kszta\u0142towaniu si\u0119 kultury prawnej Zachodu, uj\u0119ty w formie osobistej refleksji prof. Macieja Jo\u0144cy nad prawniczymi epizodami z przesz\u0142o\u015bci. Autor nie d\u0105\u017cy do stworzenia wyczerpuj\u0105cej syntezy dziej\u00f3w prawa, lecz oferuje czytelnikowi mozaik\u0119 emocjonalnie nacechowanych obraz\u00f3w \u2013 przezroczy \u2013 kt\u00f3re ukazuj\u0105 histori\u0119 prawa jako dynamiczny i inspiruj\u0105cy element naszej kultury.<\/p>\n<p data-start=\"723\" data-end=\"957\">Jak zauwa\u017ca prof. Marek Kury\u0142owicz: \u201eSpecyficzn\u0105 warto\u015bci\u0105 tego zbioru s\u0105 (\u2026) \u2013 obok wiadomo\u015bci i ciekawostek historycznych z kilku epok \u2013 wnikliwe spostrze\u017cenia i obserwacje, odnosz\u0105ce si\u0119 do historii ci\u0105gle \u017cywej we wsp\u00f3\u0142czesno\u015bci\u201d.<\/p>\n<p data-start=\"959\" data-end=\"1112\">To obowi\u0105zkowa pozycja dla tych, kt\u00f3rzy traktuj\u0105 histori\u0119 nie tylko jako zbi\u00f3r dat, ale jako \u017cyw\u0105 opowie\u015b\u0107 \u2013 z\u0142o\u017con\u0105 z miejsc, os\u00f3b, czyn\u00f3w i przypadk\u00f3w.<\/p>\n<p data-start=\"1114\" data-end=\"1558\"><strong data-start=\"1114\" data-end=\"1130\">Maciej Jo\u0144ca<\/strong>\u00a0\u2013 profesor nauk prawnych i historyk sztuki. Autor sze\u015bciu monografii oraz ponad stu innych publikacji podkre\u015blaj\u0105cych kulturotw\u00f3rcz\u0105 rol\u0119 prawa rzymskiego. Popularyzator wiedzy o prawie i kulturze klasycznej. Kierownik oraz wykonawca projekt\u00f3w finansowanych przez Narodowe Centrum Nauki. Wyniki swoich bada\u0144 prezentowa\u0142 m.in. w Edynburgu, Cambridge, Kolonii, Mediolanie i Wiedniu. Stypendysta DAAD oraz Fundacji Lanckoro\u0144skich.<\/p>\n<p data-start=\"1560\" data-end=\"1615\">Na miejscu b\u0119dzie mo\u017cliwo\u015b\u0107 zakupu egzemplarza ksi\u0105\u017cki.<\/p>\n<p data-start=\"1560\" data-end=\"1615\">Organizatorzy: Wydawnictwo Uniwersytetu Gda\u0144skiego, Wydzia\u0142 Prawa i Administracji Uniwersytetu Gda\u0144skiego, Katedra Teorii i Filozofii Pa\u0144stwa i Prawa WPiA UG, Ksi\u0119garnia Uniwersytecka, Kawiarnia Ksi\u0105\u017ck\u0105 i Kaw\u0105<\/p>\n","protected":false},"excerpt":{"rendered":"<p>Historia prawa w przezroczach\u00a0to zbi\u00f3r esej\u00f3w po\u015bwi\u0119conych kszta\u0142towaniu si\u0119 kultury prawnej Zachodu, uj\u0119ty w formie osobistej refleksji prof. Macieja Jo\u0144cy nad prawniczymi epizodami z przesz\u0142o\u015bci. Autor nie d\u0105\u017cy do stworzenia wyczerpuj\u0105cej syntezy dziej\u00f3w prawa, lecz oferuje czytelnikowi mozaik\u0119 emocjonalnie nacechowanych obraz\u00f3w \u2013 przezroczy \u2013 kt\u00f3re ukazuj\u0105 histori\u0119 prawa jako dynamiczny i inspiruj\u0105cy element naszej kultury. [&hellip;]<\/p>\n","protected":false},"featured_media":39611,"parent":0,"menu_order":129,"template":"","format":"standard","meta":{"_acf_changed":false},"event_cat":[],"class_list":["post-39648","events","type-events","status-publish","format-standard","has-post-thumbnail","hentry"],"acf":[],"_links":{"self":[{"href":"https:\/\/wydawnictwo.ug.edu.pl\/en\/wp-json\/wp\/v2\/events\/39648","targetHints":{"allow":["GET"]}}],"collection":[{"href":"https:\/\/wydawnictwo.ug.edu.pl\/en\/wp-json\/wp\/v2\/events"}],"about":[{"href":"https:\/\/wydawnictwo.ug.edu.pl\/en\/wp-json\/wp\/v2\/types\/events"}],"wp:featuredmedia":[{"embeddable":true,"href":"https:\/\/wydawnictwo.ug.edu.pl\/en\/wp-json\/wp\/v2\/media\/39611"}],"wp:attachment":[{"href":"https:\/\/wydawnictwo.ug.edu.pl\/en\/wp-json\/wp\/v2\/media?parent=39648"}],"wp:term":[{"taxonomy":"event_cat","embeddable":true,"href":"https:\/\/wydawnictwo.ug.edu.pl\/en\/wp-json\/wp\/v2\/event_cat?post=39648"}],"curies":[{"name":"wp","href":"https:\/\/api.w.org\/{rel}","templated":true}]}}