{"version":"1.0","provider_name":"Wydawnictwo Uniwersytetu Gda\u0144skiego","provider_url":"https:\/\/wydawnictwo.ug.edu.pl\/en\/","author_name":"whbz","author_url":"https:\/\/wydawnictwo.ug.edu.pl\/en\/author\/whbz\/","title":"Europa w obliczu aktualnych wyzwa\u0144 - Wydawnictwo Uniwersytetu Gda\u0144skiego","type":"rich","width":600,"height":338,"html":"<blockquote class=\"wp-embedded-content\" data-secret=\"GrgdA6ibFo\"><a href=\"https:\/\/wydawnictwo.ug.edu.pl\/en\/ksiegarnia-online\/ekonomia\/europa-w-obliczu-aktualnych-wyzwan\/\">Europa w obliczu aktualnych wyzwa\u0144<\/a><\/blockquote><iframe sandbox=\"allow-scripts\" security=\"restricted\" src=\"https:\/\/wydawnictwo.ug.edu.pl\/en\/ksiegarnia-online\/ekonomia\/europa-w-obliczu-aktualnych-wyzwan\/embed\/#?secret=GrgdA6ibFo\" width=\"600\" height=\"338\" title=\"&#8220;Europa w obliczu aktualnych wyzwa\u0144&#8221; &#8212; Wydawnictwo Uniwersytetu Gda\u0144skiego\" data-secret=\"GrgdA6ibFo\" frameborder=\"0\" marginwidth=\"0\" marginheight=\"0\" scrolling=\"no\" class=\"wp-embedded-content\"><\/iframe><script>\n\/*! This file is auto-generated *\/\n!function(d,l){\"use strict\";l.querySelector&&d.addEventListener&&\"undefined\"!=typeof URL&&(d.wp=d.wp||{},d.wp.receiveEmbedMessage||(d.wp.receiveEmbedMessage=function(e){var t=e.data;if((t||t.secret||t.message||t.value)&&!\/[^a-zA-Z0-9]\/.test(t.secret)){for(var s,r,n,a=l.querySelectorAll('iframe[data-secret=\"'+t.secret+'\"]'),o=l.querySelectorAll('blockquote[data-secret=\"'+t.secret+'\"]'),c=new RegExp(\"^https?:$\",\"i\"),i=0;i<o.length;i++)o[i].style.display=\"none\";for(i=0;i<a.length;i++)s=a[i],e.source===s.contentWindow&&(s.removeAttribute(\"style\"),\"height\"===t.message?(1e3<(r=parseInt(t.value,10))?r=1e3:~~r<200&&(r=200),s.height=r):\"link\"===t.message&&(r=new URL(s.getAttribute(\"src\")),n=new URL(t.value),c.test(n.protocol))&&n.host===r.host&&l.activeElement===s&&(d.top.location.href=t.value))}},d.addEventListener(\"message\",d.wp.receiveEmbedMessage,!1),l.addEventListener(\"DOMContentLoaded\",function(){for(var e,t,s=l.querySelectorAll(\"iframe.wp-embedded-content\"),r=0;r<s.length;r++)(t=(e=s[r]).getAttribute(\"data-secret\"))||(t=Math.random().toString(36).substring(2,12),e.src+=\"#?secret=\"+t,e.setAttribute(\"data-secret\",t)),e.contentWindow.postMessage({message:\"ready\",secret:t},\"*\")},!1)))}(window,document);\n\/\/# sourceURL=https:\/\/wydawnictwo.ug.edu.pl\/wp-includes\/js\/wp-embed.min.js\n<\/script>\n","thumbnail_url":"https:\/\/wydawnictwo.ug.edu.pl\/wp-content\/uploads\/2021\/07\/Stepniak-Europa-w-obliczu-3Dn.jpg","thumbnail_width":978,"thumbnail_height":936,"description":"Wed\u0142ug Szymona Pereza, niedawno zmar\u0142ego premiera Izraela, szczeg\u00f3lnie wa\u017cne by\u0142o stwierdzenie: \u201eBo pok\u00f3j jest mo\u017cliwy tylko wtedy, gdy jest zapewnione bezpiecze\u0144stwo\u201d. Dlatego potrzebna jest powa\u017cna debata o przysz\u0142o\u015bci Europy, ale Europy zintegrowanej. Europy, kt\u00f3ra w globalnej konkurencji b\u0119dzie \u2013 obok Stan\u00f3w Zjednoczonych i Chin \u2013 silnym partnerem.  Prezentowane w niniejszym tomie teksty s\u0105 pr\u00f3b\u0105 odpowiedzi na trudne pytania pojawiaj\u0105ce si\u0119 w debatach publicznych. Oddajemy Pa\u0144stwu publikacj\u0119, do kt\u00f3rej stworzenia zaprosili\u015bmy, obok naukowc\u00f3w, tzw. insider\u00f3w mi\u0119dzynarodowego \u017cycia politycznego, tj. Prezydenta Rzeczpospolitej Polskiej w latach 1995\u20132005 Aleksandra Kwa\u015bniewskiego, od zawsze propaguj\u0105cego ide\u0119 integracji europejskiej, oraz pos\u0142a Parlamentu Europejskiego (PE) \u2013 Jaros\u0142awa Wa\u0142\u0119s\u0119, kt\u00f3ry dzieli si\u0119 swoimi spostrze\u017ceniami z punktu widzenia polityka. W zbiorze znajd\u0105 Pa\u0144stwo dwana\u015bcie artyku\u0142\u00f3w dotycz\u0105cych r\u00f3\u017cnych sfer funkcjonowania UE: suwerenno\u015bci, kwestii jednolitego rynku, polityki obronno\u015bci, kryzysu migracyjnego czy polityki regionalnej."}